{"id":3099,"date":"2023-09-19T15:10:59","date_gmt":"2023-09-19T13:10:59","guid":{"rendered":"https:\/\/cisterscapes.eu\/partner-site-ebrach\/"},"modified":"2025-10-08T10:38:22","modified_gmt":"2025-10-08T08:38:22","slug":"partner-site-ebrach","status":"publish","type":"page","link":"https:\/\/cisterscapes.eu\/en\/partner-site-ebrach\/","title":{"rendered":"Partner site Ebrach"},"content":{"rendered":"<p><div class=\"fusion-fullwidth fullwidth-box fusion-builder-row-1 fusion-flex-container has-pattern-background has-mask-background hundred-percent-fullwidth non-hundred-percent-height-scrolling\" style=\"--awb-border-radius-top-left:0px;--awb-border-radius-top-right:0px;--awb-border-radius-bottom-right:0px;--awb-border-radius-bottom-left:0px;--awb-padding-top:0px;--awb-padding-right:0px;--awb-padding-bottom:0px;--awb-padding-left:0px;--awb-background-color:var(--awb-color1);--awb-flex-wrap:wrap;\" ><div class=\"fusion-builder-row fusion-row fusion-flex-align-items-stretch fusion-flex-content-wrap\" style=\"width:calc( 100% + 0px ) !important;max-width:calc( 100% + 0px ) !important;margin-left: calc(-0px \/ 2 );margin-right: calc(-0px \/ 2 );\"><div class=\"fusion-layout-column fusion_builder_column fusion-builder-column-0 fusion_builder_column_2_3 2_3 fusion-flex-column\" style=\"--awb-padding-top-medium:20vh;--awb-padding-bottom-medium:20vh;--awb-bg-position:center center;--awb-bg-size:cover;--awb-width-large:66.666666666667%;--awb-margin-top-large:0px;--awb-spacing-right-large:0px;--awb-margin-bottom-large:0px;--awb-spacing-left-large:0px;--awb-width-medium:100%;--awb-order-medium:0;--awb-spacing-right-medium:0px;--awb-spacing-left-medium:0px;--awb-width-small:100%;--awb-order-small:0;--awb-spacing-right-small:0px;--awb-spacing-left-small:0px;\" data-scroll-devices=\"small-visibility,medium-visibility,large-visibility\"><div class=\"fusion-column-wrapper lazyload fusion-column-has-shadow fusion-flex-justify-content-flex-start fusion-content-layout-column fusion-empty-column-bg-image fusion-column-has-bg-image\" data-bg-url=\"https:\/\/cisterscapes.eu\/wp-content\/uploads\/2023\/09\/Abteikirche-Quellennachweis-Walter-Hanslok-2000x1200-1.jpg\" data-bg=\"https:\/\/cisterscapes.eu\/wp-content\/uploads\/2023\/09\/Abteikirche-Quellennachweis-Walter-Hanslok-2000x1200-1.jpg\"><img decoding=\"async\" class=\"fusion-empty-dims-img-placeholder fusion-no-large-visibility\" aria-label=\"Abteikirche-Quellennachweis-Walter-Hanslok-2000&#215;1200\" src=\"data:image\/svg+xml,%3Csvg%20xmlns%3D%27http%3A%2F%2Fwww.w3.org%2F2000%2Fsvg%27%20width%3D%272000%27%20height%3D%271200%27%20viewBox%3D%270%200%202000%201200%27%3E%3Crect%20width%3D%272000%27%20height%3D%271200%27%20fill-opacity%3D%220%22%2F%3E%3C%2Fsvg%3E\"><\/div><\/div><div class=\"fusion-layout-column fusion_builder_column fusion-builder-column-1 fusion_builder_column_1_3 1_3 fusion-flex-column\" style=\"--awb-padding-top:100px;--awb-padding-right:6%;--awb-padding-bottom:100px;--awb-padding-left:6%;--awb-padding-top-medium:60px;--awb-padding-bottom-medium:60px;--awb-bg-blend:overlay;--awb-bg-size:cover;--awb-width-large:33.333333333333%;--awb-margin-top-large:0px;--awb-spacing-right-large:0px;--awb-margin-bottom-large:0px;--awb-spacing-left-large:0px;--awb-width-medium:100%;--awb-order-medium:1;--awb-spacing-right-medium:0px;--awb-spacing-left-medium:0px;--awb-width-small:100%;--awb-spacing-right-small:0px;--awb-spacing-left-small:0px;\"><div class=\"fusion-column-wrapper fusion-flex-justify-content-flex-start fusion-content-layout-column\"><div class=\"fusion-title title fusion-title-1 fusion-sep-none fusion-title-text fusion-title-size-two\"><h2 class=\"fusion-title-heading title-heading-left fusion-responsive-typography-calculated\" style=\"margin:0;--fontSize:40;line-height:1.3;\"><h1 class=\"entry-title\">EBRACH<\/h1><\/h2><\/div><div class=\"fusion-separator\" style=\"align-self: flex-start;margin-right:auto;margin-bottom:30px;width:100%;max-width:100px;\"><div class=\"fusion-separator-border sep-single sep-solid\" style=\"--awb-height:20px;--awb-amount:20px;--awb-sep-color:var(--awb-color8);border-color:var(--awb-color8);border-top-width:2px;\"><\/div><\/div><div class=\"fusion-text fusion-text-1\"><p><strong>Date of foundation: 1127<\/strong> (order number <strong>28<\/strong> according to Janauschek)<br \/>\n<strong>Date of dissolution: <\/strong>1803<br \/>\n<strong>Filiation \/ mother monastery: <\/strong>Morimond<br \/>\n<strong>Daughter monasteries: <\/strong>Rein Abbey, Heilsbronn Abbey, Langheim Abbey and three other monasteries<\/p>\n<\/div><div class=\"fusion-separator fusion-full-width-sep\" style=\"align-self: center;margin-left: auto;margin-right: auto;margin-top:7px;width:100%;\"><\/div><div class=\"fusion-text fusion-text-2\"><p>Ebrach Abbey, founded as Morimond&#8217;s daughter in the valley of the Middle Ebrach, is the oldest Cistercian monastery on the right bank of the Rhine and plays a key role in the order&#8217;s eastern movement. The monastery was one of the wealthiest monasteries in Franconia with the Prince-Bishopric of W\u00fcrzburg as its sovereign. Viticulture, forestry and fish farming characterized the monastic cultural landscape in the densely wooded area of the Steigerwald.<\/p>\n<\/div><div class=\"fusion-separator fusion-full-width-sep\" style=\"align-self: center;margin-left: auto;margin-right: auto;margin-top:7px;width:100%;\"><\/div><div class=\"fusion-audio fusion-audio-1\" style=\"--awb-progress-color:var(--awb-color1);--awb-border-color:var(--awb-color1);--awb-background-color:var(--awb-color3);--awb-max-width:100%;--awb-border-size:0;--awb-border-top-left-radius:0px;--awb-border-top-right-radius:0px;--awb-border-bottom-right-radius:0px;--awb-border-bottom-left-radius:0px;\"><audio class=\"wp-audio-shortcode\" id=\"audio-3099-1\" preload=\"none\" style=\"width: 100%;\" controls=\"controls\"><source type=\"audio\/mpeg\" src=\"https:\/\/cisterscapes.eu\/wp-content\/uploads\/2023\/08\/Audio_3_English.mp3?_=1\" \/><a href=\"https:\/\/cisterscapes.eu\/wp-content\/uploads\/2023\/08\/Audio_3_English.mp3\">https:\/\/cisterscapes.eu\/wp-content\/uploads\/2023\/08\/Audio_3_English.mp3<\/a><\/audio><\/div><div class=\"fusion-text fusion-text-3\"><p>Audio version<\/p>\n<\/div><div class=\"fusion-builder-row fusion-builder-row-inner fusion-row fusion-flex-align-items-stretch fusion-flex-content-wrap\" style=\"width:calc( 100% + 0px ) !important;max-width:calc( 100% + 0px ) !important;margin-left: calc(-0px \/ 2 );margin-right: calc(-0px \/ 2 );\"><div class=\"fusion-layout-column fusion_builder_column_inner fusion-builder-nested-column-0 fusion_builder_column_inner_1_2 1_2 fusion-flex-column\" style=\"--awb-bg-size:cover;--awb-width-large:50%;--awb-margin-top-large:0px;--awb-spacing-right-large:0px;--awb-margin-bottom-large:0px;--awb-spacing-left-large:0px;--awb-width-medium:100%;--awb-order-medium:0;--awb-spacing-right-medium:0px;--awb-spacing-left-medium:0px;--awb-width-small:100%;--awb-order-small:0;--awb-spacing-right-small:0px;--awb-spacing-left-small:0px;\" data-scroll-devices=\"small-visibility,medium-visibility,large-visibility\"><div class=\"fusion-column-wrapper fusion-column-has-shadow fusion-flex-justify-content-flex-start fusion-content-layout-column\"><div style=\"text-align:center;\"><a class=\"fusion-button button-flat button-xlarge button-default fusion-button-default button-1 fusion-button-span-yes fusion-button-default-type\" style=\"--button_margin-right:10px;width:calc(100% - 10px);\" target=\"_self\" href=\"https:\/\/cisterscapes.eu\/en\/downloads\/#klosterlandschaften\"><span class=\"fusion-button-text awb-button__text awb-button__text--default\">Inventory report<\/span><\/a><\/div><\/div><\/div><div class=\"fusion-layout-column fusion_builder_column_inner fusion-builder-nested-column-1 fusion_builder_column_inner_1_2 1_2 fusion-flex-column\" style=\"--awb-bg-size:cover;--awb-width-large:50%;--awb-margin-top-large:0px;--awb-spacing-right-large:0px;--awb-margin-bottom-large:0px;--awb-spacing-left-large:0px;--awb-width-medium:100%;--awb-order-medium:0;--awb-spacing-right-medium:0px;--awb-spacing-left-medium:0px;--awb-width-small:100%;--awb-order-small:0;--awb-spacing-right-small:0px;--awb-spacing-left-small:0px;\" data-scroll-devices=\"small-visibility,medium-visibility,large-visibility\"><div class=\"fusion-column-wrapper fusion-column-has-shadow fusion-flex-justify-content-flex-start fusion-content-layout-column\"><div style=\"text-align:center;\"><a class=\"fusion-button button-flat button-xlarge button-default fusion-button-default button-2 fusion-button-span-yes fusion-button-default-type\" style=\"--button_margin-right:10px;width:calc(100% - 10px);\" target=\"_blank\" rel=\"noopener noreferrer\" href=\"https:\/\/cisterscapes.arctron.de\/ebrach\/\"><span class=\"fusion-button-text awb-button__text awb-button__text--default\">3D model<\/span><\/a><\/div><\/div><\/div><\/div><div class=\"fusion-separator fusion-full-width-sep\" style=\"align-self: center;margin-left: auto;margin-right: auto;margin-top:30px;width:100%;\"><\/div><div class=\"fusion-text fusion-text-4\"><p>You will also find lots of answers and exciting questions in our Cistercian landscapes information center in the former orangery in the upper abbey garden in Ebrach. The best view of the monastery complex is included. <span class=\"Apple-converted-space\"> <\/span><\/p>\n<\/div><div class=\"fusion-separator fusion-full-width-sep\" style=\"align-self: center;margin-left: auto;margin-right: auto;margin-top:7px;width:100%;\"><\/div><div class=\"fusion-builder-row fusion-builder-row-inner fusion-row fusion-flex-align-items-stretch fusion-flex-content-wrap\" style=\"width:calc( 100% + 0px ) !important;max-width:calc( 100% + 0px ) !important;margin-left: calc(-0px \/ 2 );margin-right: calc(-0px \/ 2 );\"><div class=\"fusion-layout-column fusion_builder_column_inner fusion-builder-nested-column-2 fusion_builder_column_inner_1_1 1_1 fusion-flex-column\" style=\"--awb-bg-size:cover;--awb-width-large:100%;--awb-margin-top-large:0px;--awb-spacing-right-large:0px;--awb-margin-bottom-large:0px;--awb-spacing-left-large:0px;--awb-width-medium:100%;--awb-order-medium:0;--awb-spacing-right-medium:0px;--awb-spacing-left-medium:0px;--awb-width-small:100%;--awb-order-small:0;--awb-spacing-right-small:0px;--awb-spacing-left-small:0px;\" data-scroll-devices=\"small-visibility,medium-visibility,large-visibility\"><div class=\"fusion-column-wrapper fusion-column-has-shadow fusion-flex-justify-content-flex-start fusion-content-layout-column\"><div class=\"fusion-separator fusion-full-width-sep\" style=\"align-self: center;margin-left: auto;margin-right: auto;margin-top:15px;width:100%;\"><\/div><div style=\"text-align:center;\"><a class=\"fusion-button button-flat button-xlarge button-default fusion-button-default button-3 fusion-button-span-yes fusion-button-default-type\" style=\"--button_margin-right:10px;width:calc(100% - 10px);\" target=\"_self\" href=\"https:\/\/cisterscapes.eu\/en\/info-center\/\"><span class=\"fusion-button-text awb-button__text awb-button__text--default\">INFO CENTER<\/span><\/a><\/div><div class=\"fusion-separator fusion-full-width-sep\" style=\"align-self: center;margin-left: auto;margin-right: auto;margin-top:15px;width:100%;\"><\/div><\/div><\/div><div class=\"fusion-layout-column fusion_builder_column_inner fusion-builder-nested-column-3 fusion_builder_column_inner_1_2 1_2 fusion-flex-column\" style=\"--awb-bg-size:cover;--awb-width-large:50%;--awb-margin-top-large:0px;--awb-spacing-right-large:0px;--awb-margin-bottom-large:0px;--awb-spacing-left-large:0px;--awb-width-medium:100%;--awb-order-medium:0;--awb-spacing-right-medium:0px;--awb-spacing-left-medium:0px;--awb-width-small:100%;--awb-order-small:0;--awb-spacing-right-small:0px;--awb-spacing-left-small:0px;\" data-scroll-devices=\"small-visibility,medium-visibility,large-visibility\"><div class=\"fusion-column-wrapper fusion-column-has-shadow fusion-flex-justify-content-flex-start fusion-content-layout-column\"><div style=\"text-align:center;\"><a class=\"fusion-button button-flat button-xlarge button-default fusion-button-default button-4 fusion-button-span-yes fusion-button-default-type\" style=\"--button_margin-right:10px;width:calc(100% - 10px);\" target=\"_blank\" rel=\"noopener noreferrer\" href=\"https:\/\/cisterscapes.eu\/en\/ebrach-tickets\/\"><span class=\"fusion-button-text awb-button__text awb-button__text--default\">Guided tours in Ebrach<\/span><\/a><\/div><\/div><\/div><div class=\"fusion-layout-column fusion_builder_column_inner fusion-builder-nested-column-4 fusion_builder_column_inner_1_2 1_2 fusion-flex-column\" style=\"--awb-bg-size:cover;--awb-width-large:50%;--awb-margin-top-large:0px;--awb-spacing-right-large:0px;--awb-margin-bottom-large:0px;--awb-spacing-left-large:0px;--awb-width-medium:100%;--awb-order-medium:0;--awb-spacing-right-medium:0px;--awb-spacing-left-medium:0px;--awb-width-small:100%;--awb-order-small:0;--awb-spacing-right-small:0px;--awb-spacing-left-small:0px;\" data-scroll-devices=\"small-visibility,medium-visibility,large-visibility\"><div class=\"fusion-column-wrapper fusion-column-has-shadow fusion-flex-justify-content-flex-start fusion-content-layout-column\"><div style=\"text-align:center;\"><a class=\"fusion-button button-flat button-xlarge button-default fusion-button-default button-5 fusion-button-span-yes fusion-button-default-type\" style=\"--button_margin-right:10px;width:calc(100% - 10px);\" target=\"_blank\" rel=\"noopener noreferrer\" href=\"https:\/\/cisterscapes.eu\/en\/ebrach-tickets-2\/\"><span class=\"fusion-button-text awb-button__text awb-button__text--default\">Guided tours in Burgwindheim<\/span><\/a><\/div><\/div><\/div><\/div><\/div><\/div><\/div><\/div><div class=\"fusion-fullwidth fullwidth-box fusion-builder-row-2 fusion-flex-container has-pattern-background has-mask-background hundred-percent-fullwidth non-hundred-percent-height-scrolling\" style=\"--awb-border-radius-top-left:0px;--awb-border-radius-top-right:0px;--awb-border-radius-bottom-right:0px;--awb-border-radius-bottom-left:0px;--awb-padding-top:0px;--awb-padding-right:0px;--awb-padding-bottom:0px;--awb-padding-left:0px;--awb-margin-top:0px;--awb-margin-bottom:0px;--awb-background-color:var(--awb-color1);--awb-flex-wrap:wrap;\" ><div class=\"fusion-builder-row fusion-row fusion-flex-align-items-stretch fusion-flex-justify-content-center fusion-flex-content-wrap\" style=\"width:calc( 100% + 0px ) !important;max-width:calc( 100% + 0px ) !important;margin-left: calc(-0px \/ 2 );margin-right: calc(-0px \/ 2 );\"><div class=\"fusion-layout-column fusion_builder_column fusion-builder-column-2 fusion_builder_column_1_5 1_5 fusion-flex-column\" style=\"--awb-padding-top:50px;--awb-padding-right:30px;--awb-padding-bottom:30px;--awb-padding-left:30px;--awb-bg-color:var(--awb-color2);--awb-bg-color-hover:var(--awb-color2);--awb-bg-blend:overlay;--awb-bg-size:cover;--awb-width-large:20%;--awb-margin-top-large:0px;--awb-spacing-right-large:0px;--awb-margin-bottom-large:0px;--awb-spacing-left-large:0px;--awb-width-medium:100%;--awb-order-medium:0;--awb-spacing-right-medium:0px;--awb-spacing-left-medium:0px;--awb-width-small:100%;--awb-order-small:0;--awb-spacing-right-small:0px;--awb-spacing-left-small:0px;\" data-scroll-devices=\"small-visibility,medium-visibility,large-visibility\"><div class=\"fusion-column-wrapper fusion-column-has-shadow fusion-flex-justify-content-flex-start fusion-content-layout-column\"><div class=\"fusion-title title fusion-title-2 fusion-sep-none fusion-title-center fusion-title-text fusion-title-size-three\"><h3 class=\"fusion-title-heading title-heading-center fusion-responsive-typography-calculated\" style=\"margin:0;text-transform:none;--fontSize:32;line-height:1.4;\"><h2 class=\"elementor-heading-title elementor-size-default\" style=\"text-align: center;\">Places in the Ebrach monastery<br \/>\nlandscape<\/h2><\/h3><\/div><div class=\"fusion-separator\" style=\"align-self: center;margin-left: auto;margin-right: auto;margin-bottom:30px;width:100%;max-width:100px;\"><div class=\"fusion-separator-border sep-single sep-solid\" style=\"--awb-height:20px;--awb-amount:20px;--awb-sep-color:var(--awb-color8);border-color:var(--awb-color8);border-top-width:2px;\"><\/div><\/div><div class=\"fusion-separator fusion-full-width-sep\" style=\"align-self: center;margin-left: auto;margin-right: auto;margin-top:40px;width:100%;\"><\/div><\/div><\/div><div class=\"fusion-layout-column fusion_builder_column fusion-builder-column-3 fusion_builder_column_4_5 4_5 fusion-flex-column\" style=\"--awb-bg-size:cover;--awb-width-large:80%;--awb-margin-top-large:0px;--awb-spacing-right-large:0px;--awb-margin-bottom-large:0px;--awb-spacing-left-large:0px;--awb-width-medium:100%;--awb-order-medium:0;--awb-spacing-right-medium:0px;--awb-spacing-left-medium:0px;--awb-width-small:100%;--awb-order-small:0;--awb-spacing-right-small:0px;--awb-spacing-left-small:0px;\" data-scroll-devices=\"small-visibility,medium-visibility,large-visibility\"><div class=\"fusion-column-wrapper fusion-column-has-shadow fusion-flex-justify-content-flex-start fusion-content-layout-column\">\n\n<div class=\"open-user-map \">\n\n  \n  \n    \n  \n  <!-- Map Container -->\n  <div class=\"oum-map-container\">\n    \n<div class=\"box-wrap map-size-default \">\n  \n  <div class=\"map-wrap\">\n    <div class=\"oum-loading-overlay\">\n      <div class=\"oum-loading-spinner\"><\/div>\n    <\/div>\n    <div id=\"map-20210929\" class=\"leaflet-map map-style_Esri.WorldStreetMap\" data-oum-tile-provider-container=\"esri\"><\/div>\n    \n    \n    \n    \n          <div class=\"oum-map-filter-wrapper\">\n        \n                  <div class=\"oum-filter-controls active oum-hidden\">\n            <div class=\"oum-filter-toggle\"><\/div>\n            <div class=\"oum-filter-list\">\n              <div class=\"close-filter-list\">&#x2715;<\/div>\n              \n              <!-- Toggle All Checkbox -->\n                            \n              \n                \n                <label>\n                  <input style=\"accent-color: #0f066d\" type=\"checkbox\" name=\"type\" value=\"511\" checked>\n                  <img class=\"lazyload\" decoding=\"async\" alt=\"category icon\" src=\"data:image\/svg+xml,%3Csvg%20xmlns%3D%27http%3A%2F%2Fwww.w3.org%2F2000%2Fsvg%27%20width%3D%27180%27%20height%3D%27180%27%20viewBox%3D%270%200%20180%20180%27%3E%3Crect%20width%3D%27180%27%20height%3D%27180%27%20fill-opacity%3D%220%22%2F%3E%3C%2Fsvg%3E\" data-orig-src=\"https:\/\/cisterscapes.eu\/wp-content\/uploads\/2023\/06\/favicon_180.png\">\n                  <span>Daughter monastery<\/span>\n                <\/label>\n\n              \n                \n                <label>\n                  <input style=\"accent-color: #0f066d\" type=\"checkbox\" name=\"type\" value=\"525\" checked>\n                  <img class=\"lazyload\" decoding=\"async\" alt=\"category icon\" src=\"data:image\/svg+xml,%3Csvg%20xmlns%3D%27http%3A%2F%2Fwww.w3.org%2F2000%2Fsvg%27%20width%3D%27180%27%20height%3D%27180%27%20viewBox%3D%270%200%20180%20180%27%3E%3Crect%20width%3D%27180%27%20height%3D%27180%27%20fill-opacity%3D%220%22%2F%3E%3C%2Fsvg%3E\" data-orig-src=\"https:\/\/cisterscapes.eu\/wp-content\/uploads\/2023\/06\/favicon_180.png\">\n                  <span>Former monastery<\/span>\n                <\/label>\n\n              \n                \n                <label>\n                  <input style=\"accent-color: #0f066d\" type=\"checkbox\" name=\"type\" value=\"533\" checked>\n                  <img class=\"lazyload\" decoding=\"async\" alt=\"category icon\" src=\"data:image\/svg+xml,%3Csvg%20xmlns%3D%27http%3A%2F%2Fwww.w3.org%2F2000%2Fsvg%27%20width%3D%27180%27%20height%3D%27180%27%20viewBox%3D%270%200%20180%20180%27%3E%3Crect%20width%3D%27180%27%20height%3D%27180%27%20fill-opacity%3D%220%22%2F%3E%3C%2Fsvg%3E\" data-orig-src=\"https:\/\/cisterscapes.eu\/wp-content\/uploads\/2023\/06\/favicon_180.png\">\n                  <span>Klosterlandschaft Ebrach<\/span>\n                <\/label>\n\n              \n                \n                <label>\n                  <input style=\"accent-color: #0f066d\" type=\"checkbox\" name=\"type\" value=\"529\" checked>\n                  <img class=\"lazyload\" decoding=\"async\" alt=\"category icon\" src=\"data:image\/svg+xml,%3Csvg%20xmlns%3D%27http%3A%2F%2Fwww.w3.org%2F2000%2Fsvg%27%20width%3D%27180%27%20height%3D%27180%27%20viewBox%3D%270%200%20180%20180%27%3E%3Crect%20width%3D%27180%27%20height%3D%27180%27%20fill-opacity%3D%220%22%2F%3E%3C%2Fsvg%3E\" data-orig-src=\"https:\/\/cisterscapes.eu\/wp-content\/uploads\/2023\/06\/favicon_180.png\">\n                  <span>More<\/span>\n                <\/label>\n\n              \n                \n                <label>\n                  <input style=\"accent-color: #0f066d\" type=\"checkbox\" name=\"type\" value=\"518\" checked>\n                  <img class=\"lazyload\" decoding=\"async\" alt=\"category icon\" src=\"data:image\/svg+xml,%3Csvg%20xmlns%3D%27http%3A%2F%2Fwww.w3.org%2F2000%2Fsvg%27%20width%3D%27180%27%20height%3D%27180%27%20viewBox%3D%270%200%20180%20180%27%3E%3Crect%20width%3D%27180%27%20height%3D%27180%27%20fill-opacity%3D%220%22%2F%3E%3C%2Fsvg%3E\" data-orig-src=\"https:\/\/cisterscapes.eu\/wp-content\/uploads\/2023\/06\/favicon_180.png\">\n                  <span>Other<\/span>\n                <\/label>\n\n                          <\/div>\n          <\/div>\n              <\/div>\n    \n          \n        \n          <div class=\"oum-attribution\">made with <a href=\"https:\/\/www.open-user-map.com\/?ref=map\" title=\"Open User Map | Everybody can add locations\" target=\"_blank\">OUM PRO<\/a><\/div>\n\n        \n          \n    <script type=\"text\/javascript\" id=\"oum-init-map\" data-oum-tile-provider=\"esri\">\n\n      map_el = `map-20210929`;\n\n      if(document.getElementById(map_el)) {\n        \/* Transfer PHP array to JS json *\/\n        var oum_all_locations = [{\"title\":\"Deserted site \\u0022Obere and Untere Horbei\\u0022\",\"lat\":\"49.796872324069\",\"lng\":\"10.548969989897\",\"zoom\":\"13\",\"content\":\"\\u003Cdiv class=\\u0022oum_location_text\\u0022\\u003E\\u003Cdiv class=\\u0022oum_location_title\\u0022\\u003E\\u003Ch3 class=\\u0022oum_location_name\\u0022\\u003EDeserted site \\u0026quot;Obere and Untere Horbei\\u0026quot;\\u003C\/h3\\u003E\\u003Cdiv class=\\u0022oum_location_category_icons\\u0022\\u003E\\u003Cimg class=\\u0022oum_category_icon\\u0022 src=\\u0022https:\/\/cisterscapes.eu\/wp-content\/uploads\/2023\/06\/favicon_180.png\\u0022 alt=\\u0022Klosterlandschaft Ebrach\\u0022 title=\\u0022Klosterlandschaft Ebrach\\u0022\\u003E\\u003C\/div\\u003E\\u003C\/div\\u003E\\u003Cdiv class=\\u0022oum_location_description\\u0022\\u003EDie Arrondierung von Besitzt\u00fcmern f\u00e4llt in eine Zeit, in der eine Klimaverschlechterung einsetzte, die Pest w\u00fctete und zahlreiche Siedlungen aufgegeben wurden. Den W\u00fcstungsprozess f\u00fcr sich nutzend lie\u00df die Abtei Ebrach verlassene Siedlungen samt ihren Fluren zur Erh\u00f6hung der Einnahmen aufforsten. Dieses Schicksal ereilte auch Horb. Die W\u00fcstung war urspr\u00fcnglich eine Rodungssiedlung des 12. Jahrhunderts mit zehn Anwesen, die im 14. Jahrhundert verlassen wurde. Die Bewaldung der Horber Flur folgte; um 1700 war das Gebiet von Horb bereits ein geschlossener Wald. Bis heute sind Spuren der ehemaligen Siedlung anhand von historischen Wegeverl\u00e4ufen, Stufenrainen und Lesesteinw\u00e4llen im Wald ablesbar. \\u003C\/div\\u003E\\u003Cdiv class=\\u0022oum_location_text_bottom\\u0022\\u003E\\u003C\/div\\u003E\\u003C\/div\\u003E\\u003Cdiv class=\\u0022edit-location-button-placeholder\\u0022 data-post-id=\\u002210788\\u0022\\u003E\\u003C\/div\\u003E\\u003Cdiv style=\\u0022display: none\\u0022\\u003Ewuestung-obere-und-untere-horbei\\u003C\/div\\u003E\",\"icon\":\"https:\/\/cisterscapes.eu\/wp-content\/uploads\/2023\/06\/favicon_180.png\",\"types\":[\"533\"],\"post_id\":\"10788\",\"address\":\"\",\"text\":\"Die Arrondierung von Besitzt\u00fcmern f\u00e4llt in eine Zeit, in der eine Klimaverschlechterung einsetzte, die Pest w\u00fctete und zahlreiche Siedlungen aufgegeben wurden. Den W\u00fcstungsprozess f\u00fcr sich nutzend lie\u00df die Abtei Ebrach verlassene Siedlungen samt ihren Fluren zur Erh\u00f6hung der Einnahmen aufforsten. Dieses Schicksal ereilte auch Horb. Die W\u00fcstung war urspr\u00fcnglich eine Rodungssiedlung des 12. Jahrhunderts mit zehn Anwesen, die im 14. Jahrhundert verlassen wurde. Die Bewaldung der Horber Flur folgte; um 1700 war das Gebiet von Horb bereits ein geschlossener Wald. Bis heute sind Spuren der ehemaligen Siedlung anhand von historischen Wegeverl\u00e4ufen, Stufenrainen und Lesesteinw\u00e4llen im Wald ablesbar. \",\"image\":\"\",\"audio\":\"\",\"video\":\"\",\"custom_fields\":[],\"votes\":0,\"star_rating_avg\":0,\"star_rating_count\":0},{\"title\":\"Grangie Winkelhof\",\"lat\":\"49.815353221774\",\"lng\":\"10.543566362165\",\"zoom\":\"12\",\"content\":\"\\u003Cdiv class=\\u0022oum_location_text\\u0022\\u003E\\u003Cdiv class=\\u0022oum_location_title\\u0022\\u003E\\u003Ch3 class=\\u0022oum_location_name\\u0022\\u003EGrangie Winkelhof\\u003C\/h3\\u003E\\u003Cdiv class=\\u0022oum_location_category_icons\\u0022\\u003E\\u003Cimg class=\\u0022oum_category_icon\\u0022 src=\\u0022https:\/\/cisterscapes.eu\/wp-content\/uploads\/2023\/06\/favicon_180.png\\u0022 alt=\\u0022Klosterlandschaft Ebrach\\u0022 title=\\u0022Klosterlandschaft Ebrach\\u0022\\u003E\\u003C\/div\\u003E\\u003C\/div\\u003E\\u003Cdiv class=\\u0022oum_location_description\\u0022\\u003EDer Winkelhof liegt von einem Teich umgeben im Talgrund des Steinachbachs inmitten einer Rodungsinsel. Das giebelst\u00e4ndige Herrenhaus und die parallel angeordnete Scheune stammen aus dem 18. Jahrhundert.\\u003Cbr\\u003EWie der Waldschwinder Hof (Gde. Rauhenebrach) so entspricht der Winkelhof aufgrund seiner Ein\u00f6dlage am ehesten der Idealform einer Grangie. 1421 hatte das Kloster Ebrach das vormalige Waldschl\u00f6sschen Winkele von den Herren von Th\u00fcngfeld mit dem dazugeh\u00f6rigen Land und Rechten erstanden. Die zum Schloss geh\u00f6rende Siedlung lag im Diebsgrund und wurde in der Folge aufgel\u00f6st. Ackerbau und Viehzucht standen fortan im Vordergrund. Eine Sch\u00e4ferei war um 1600 zu Gunsten der Gro\u00dfviehhaltung aufgegeben worden. Mit dem Hof war auch eine Ziegelei verbunden.\\u003Cbr\\u003E\\u003Cbr\\u003E\\u003Ca href=\\u0022https:\/\/www.ebrach.de\/\\u0022 target=\\u0022_blank\\u0022\\u003Ehttps:\/\/www.ebrach.de\/\\u003C\/a\\u003E\\u003Cbr\\u003E\\u003Cbr\\u003EKontakt Markt Ebrach\\u003Cbr\\u003ETelefon: 09553 9220-0\\u2028\\u003Cbr\\u003EE-Mail: info@ebrach.de\\u003Cbr\\u003E\\u003Cbr\\u003E\u00d6ffnungszeiten\\u003Cbr\\u003EMo, Mi, Do, Fr: 8:00 \u2013 12:00 Uhr\\u003Cbr\\u003E\\u2028Montagnachmittag: 13:30 \u2013 16:30 Uhr\\u003Cbr\\u003E\\u2028Donnerstagnachmittag: 13:30 \u2013 18:00 Uhr\\u003C\/div\\u003E\\u003Cdiv class=\\u0022oum_location_text_bottom\\u0022\\u003E\\u003C\/div\\u003E\\u003C\/div\\u003E\\u003Cdiv class=\\u0022edit-location-button-placeholder\\u0022 data-post-id=\\u002210692\\u0022\\u003E\\u003C\/div\\u003E\\u003Cdiv style=\\u0022display: none\\u0022\\u003Egrangie-winkelhof\\u003C\/div\\u003E\",\"icon\":\"https:\/\/cisterscapes.eu\/wp-content\/uploads\/2023\/06\/favicon_180.png\",\"types\":[\"533\"],\"post_id\":\"10692\",\"address\":\"\",\"text\":\"Der Winkelhof liegt von einem Teich umgeben im Talgrund des Steinachbachs inmitten einer Rodungsinsel. Das giebelst\u00e4ndige Herrenhaus und die parallel angeordnete Scheune stammen aus dem 18. Jahrhundert.\\u003Cbr\\u003EWie der Waldschwinder Hof (Gde. Rauhenebrach) so entspricht der Winkelhof aufgrund seiner Ein\u00f6dlage am ehesten der Idealform einer Grangie. 1421 hatte das Kloster Ebrach das vormalige Waldschl\u00f6sschen Winkele von den Herren von Th\u00fcngfeld mit dem dazugeh\u00f6rigen Land und Rechten erstanden. Die zum Schloss geh\u00f6rende Siedlung lag im Diebsgrund und wurde in der Folge aufgel\u00f6st. Ackerbau und Viehzucht standen fortan im Vordergrund. Eine Sch\u00e4ferei war um 1600 zu Gunsten der Gro\u00dfviehhaltung aufgegeben worden. Mit dem Hof war auch eine Ziegelei verbunden.\\u003Cbr\\u003E\\u003Cbr\\u003E\\u003Ca href=\\u0022https:\/\/www.ebrach.de\/\\u0022 target=\\u0022_blank\\u0022\\u003Ehttps:\/\/www.ebrach.de\/\\u003C\/a\\u003E\\u003Cbr\\u003E\\u003Cbr\\u003EKontakt Markt Ebrach\\u003Cbr\\u003ETelefon: 09553 9220-0\\u2028\\u003Cbr\\u003EE-Mail: info@ebrach.de\\u003Cbr\\u003E\\u003Cbr\\u003E\u00d6ffnungszeiten\\u003Cbr\\u003EMo, Mi, Do, Fr: 8:00 \u2013 12:00 Uhr\\u003Cbr\\u003E\\u2028Montagnachmittag: 13:30 \u2013 16:30 Uhr\\u003Cbr\\u003E\\u2028Donnerstagnachmittag: 13:30 \u2013 18:00 Uhr\",\"image\":\"\",\"audio\":\"\",\"video\":\"\",\"custom_fields\":[],\"votes\":0,\"star_rating_avg\":0,\"star_rating_count\":0},{\"title\":\"Block corridor book\",\"lat\":\"49.868296820618\",\"lng\":\"10.531008541236\",\"zoom\":\"14\",\"content\":\"\\u003Cdiv class=\\u0022oum_location_text\\u0022\\u003E\\u003Cdiv class=\\u0022oum_location_title\\u0022\\u003E\\u003Ch3 class=\\u0022oum_location_name\\u0022\\u003EBlock corridor book\\u003C\/h3\\u003E\\u003Cdiv class=\\u0022oum_location_category_icons\\u0022\\u003E\\u003Cimg class=\\u0022oum_category_icon\\u0022 src=\\u0022https:\/\/cisterscapes.eu\/wp-content\/uploads\/2023\/06\/favicon_180.png\\u0022 alt=\\u0022Klosterlandschaft Ebrach\\u0022 title=\\u0022Klosterlandschaft Ebrach\\u0022\\u003E\\u003C\/div\\u003E\\u003C\/div\\u003E\\u003Cdiv class=\\u0022oum_location_description\\u0022\\u003EIm Gebiet der Gemeinden Ebrach und Burgwindheim l\u00e4sst sich noch heute die kl\u00f6sterliche Pr\u00e4gung am baulichen Gef\u00fcge und an der Flurstruktur ablesen. Sie sind das Ergebnis des praktizierten Anerbenrechtes. Besonders eindrucksvolle Beispiele sind die D\u00f6rfer Buch und Neudorf b. Ebrach, die bis heute von Blockgemengeflurkomplexen umgeben sind. Die Rodungsinsel Buch aus der Zeit des hochmittelalterlichen Landesausbaus erstreckt sich im Steigerwald rund 400 m \u00fcber dem Meeresspiegel und besitzt ertragsarme B\u00f6den. Der kleine Ort Buch ist bis heute landwirtschaftlich gepr\u00e4gt und wurde baulich nur unwesentlich erweitert.\\u003C\/div\\u003E\\u003Cdiv class=\\u0022oum_location_text_bottom\\u0022\\u003E\\u003C\/div\\u003E\\u003C\/div\\u003E\\u003Cdiv class=\\u0022edit-location-button-placeholder\\u0022 data-post-id=\\u002210685\\u0022\\u003E\\u003C\/div\\u003E\\u003Cdiv style=\\u0022display: none\\u0022\\u003Eblockgemengeflur-buch\\u003C\/div\\u003E\",\"icon\":\"https:\/\/cisterscapes.eu\/wp-content\/uploads\/2023\/06\/favicon_180.png\",\"types\":[\"533\"],\"post_id\":\"10685\",\"address\":\"\",\"text\":\"Im Gebiet der Gemeinden Ebrach und Burgwindheim l\u00e4sst sich noch heute die kl\u00f6sterliche Pr\u00e4gung am baulichen Gef\u00fcge und an der Flurstruktur ablesen. Sie sind das Ergebnis des praktizierten Anerbenrechtes. Besonders eindrucksvolle Beispiele sind die D\u00f6rfer Buch und Neudorf b. Ebrach, die bis heute von Blockgemengeflurkomplexen umgeben sind. Die Rodungsinsel Buch aus der Zeit des hochmittelalterlichen Landesausbaus erstreckt sich im Steigerwald rund 400 m \u00fcber dem Meeresspiegel und besitzt ertragsarme B\u00f6den. Der kleine Ort Buch ist bis heute landwirtschaftlich gepr\u00e4gt und wurde baulich nur unwesentlich erweitert.\",\"image\":\"\",\"audio\":\"\",\"video\":\"\",\"custom_fields\":[],\"votes\":0,\"star_rating_avg\":0,\"star_rating_count\":0},{\"title\":\"Ebracher pond lakes\",\"lat\":\"49.84257073587\",\"lng\":\"10.479376324417\",\"zoom\":\"15\",\"content\":\"\\u003Cdiv class=\\u0022oum_location_text\\u0022\\u003E\\u003Cdiv class=\\u0022oum_location_title\\u0022\\u003E\\u003Ch3 class=\\u0022oum_location_name\\u0022\\u003EEbracher pond lakes\\u003C\/h3\\u003E\\u003Cdiv class=\\u0022oum_location_category_icons\\u0022\\u003E\\u003Cimg class=\\u0022oum_category_icon\\u0022 src=\\u0022https:\/\/cisterscapes.eu\/wp-content\/uploads\/2023\/06\/favicon_180.png\\u0022 alt=\\u0022Klosterlandschaft Ebrach\\u0022 title=\\u0022Klosterlandschaft Ebrach\\u0022\\u003E\\u003C\/div\\u003E\\u003C\/div\\u003E\\u003Cdiv class=\\u0022oum_location_description\\u0022\\u003EDas Weiherseetal ist das Quellgebiet der Mittelebrach. Hier reihen sich drei Teiche (ca. 13.650 m\u00b2) aneinander. Der \u00f6stliche Teich ist mit einem gro\u00dfen, aus behauenen Sandsteinen gemauerten Ablass ausgestattet, der zur Regulierung des Wasserstandes dient(e). Die durch die Zisterzienser angelegten Weiher wurden f\u00fcr die Fischzucht genutzt. Vor allem Karpfen sind als Fastenspeise f\u00fcr den Eigenbedarf des Klosters \u201eproduziert\u201c worden. Die Teiche lieferten zudem die Antriebsenergie f\u00fcr die Obere M\u00fchle, bildeten ein Wasserreservoir in Trockenzeiten und dienten als R\u00fcckhaltebecken bei Starkniederschl\u00e4gen und \u00fcbten somit eine Hochwasserschutzfunktion aus.\\u003C\/div\\u003E\\u003Cdiv class=\\u0022oum_location_text_bottom\\u0022\\u003E\\u003C\/div\\u003E\\u003C\/div\\u003E\\u003Cdiv class=\\u0022edit-location-button-placeholder\\u0022 data-post-id=\\u002210694\\u0022\\u003E\\u003C\/div\\u003E\\u003Cdiv style=\\u0022display: none\\u0022\\u003Eebracher-weiherseen\\u003C\/div\\u003E\",\"icon\":\"https:\/\/cisterscapes.eu\/wp-content\/uploads\/2023\/06\/favicon_180.png\",\"types\":[\"533\"],\"post_id\":\"10694\",\"address\":\"\",\"text\":\"Das Weiherseetal ist das Quellgebiet der Mittelebrach. Hier reihen sich drei Teiche (ca. 13.650 m\u00b2) aneinander. Der \u00f6stliche Teich ist mit einem gro\u00dfen, aus behauenen Sandsteinen gemauerten Ablass ausgestattet, der zur Regulierung des Wasserstandes dient(e). Die durch die Zisterzienser angelegten Weiher wurden f\u00fcr die Fischzucht genutzt. Vor allem Karpfen sind als Fastenspeise f\u00fcr den Eigenbedarf des Klosters \u201eproduziert\u201c worden. Die Teiche lieferten zudem die Antriebsenergie f\u00fcr die Obere M\u00fchle, bildeten ein Wasserreservoir in Trockenzeiten und dienten als R\u00fcckhaltebecken bei Starkniederschl\u00e4gen und \u00fcbten somit eine Hochwasserschutzfunktion aus.\",\"image\":\"\",\"audio\":\"\",\"video\":\"\",\"custom_fields\":[],\"votes\":0,\"star_rating_avg\":0,\"star_rating_count\":0},{\"title\":\"Ebrach Monastery Forest\",\"lat\":\"49.852954750237\",\"lng\":\"10.487967705921\",\"zoom\":\"11\",\"content\":\"\\u003Cdiv class=\\u0022oum_location_text\\u0022\\u003E\\u003Cdiv class=\\u0022oum_location_title\\u0022\\u003E\\u003Ch3 class=\\u0022oum_location_name\\u0022\\u003EEbrach Monastery Forest\\u003C\/h3\\u003E\\u003Cdiv class=\\u0022oum_location_category_icons\\u0022\\u003E\\u003Cimg class=\\u0022oum_category_icon\\u0022 src=\\u0022https:\/\/cisterscapes.eu\/wp-content\/uploads\/2023\/06\/favicon_180.png\\u0022 alt=\\u0022Klosterlandschaft Ebrach\\u0022 title=\\u0022Klosterlandschaft Ebrach\\u0022\\u003E\\u003C\/div\\u003E\\u003C\/div\\u003E\\u003Cdiv class=\\u0022oum_location_description\\u0022\\u003EDie ausgedehnten Buchen-Eichen-Mischw\u00e4lder im Umgriff von Ebrach - im Hohen Steigerwald - sind auf die kl\u00f6sterliche Waldwirtschaft und auf die seit dem 19. Jahrhundert nachfolgende Forstpolitik des Bayerischen Staates zur\u00fcckzuf\u00fchren. Sie geh\u00f6ren zu den wertvollsten Zeugnissen zisterziensischen Wirkens im Steigerwald. F\u00fcr das Kloster stellten die W\u00e4lder im Umgriff der Abtei eine Haupteinnahmequelle dar. Vor allem erzielte der Brennholzverkauf hohe und kontinuierliche Einnahmen, ab dem 18. Jahrhundert gewann die Vermarktung von Stammholz (sog. Holl\u00e4nderst\u00e4mme) an Bedeutung. Nach der S\u00e4kularisation wurden die kl\u00f6sterlichen Mittelw\u00e4lder in einen ertragreichen Hochwald \u00fcberf\u00fchrt.\\u003C\/div\\u003E\\u003Cdiv class=\\u0022oum_location_text_bottom\\u0022\\u003E\\u003C\/div\\u003E\\u003C\/div\\u003E\\u003Cdiv class=\\u0022edit-location-button-placeholder\\u0022 data-post-id=\\u002210700\\u0022\\u003E\\u003C\/div\\u003E\\u003Cdiv style=\\u0022display: none\\u0022\\u003Eklosterwald-ebrach\\u003C\/div\\u003E\",\"icon\":\"https:\/\/cisterscapes.eu\/wp-content\/uploads\/2023\/06\/favicon_180.png\",\"types\":[\"533\"],\"post_id\":\"10700\",\"address\":\"\",\"text\":\"Die ausgedehnten Buchen-Eichen-Mischw\u00e4lder im Umgriff von Ebrach - im Hohen Steigerwald - sind auf die kl\u00f6sterliche Waldwirtschaft und auf die seit dem 19. Jahrhundert nachfolgende Forstpolitik des Bayerischen Staates zur\u00fcckzuf\u00fchren. Sie geh\u00f6ren zu den wertvollsten Zeugnissen zisterziensischen Wirkens im Steigerwald. F\u00fcr das Kloster stellten die W\u00e4lder im Umgriff der Abtei eine Haupteinnahmequelle dar. Vor allem erzielte der Brennholzverkauf hohe und kontinuierliche Einnahmen, ab dem 18. Jahrhundert gewann die Vermarktung von Stammholz (sog. Holl\u00e4nderst\u00e4mme) an Bedeutung. Nach der S\u00e4kularisation wurden die kl\u00f6sterlichen Mittelw\u00e4lder in einen ertragreichen Hochwald \u00fcberf\u00fchrt.\",\"image\":\"\",\"audio\":\"\",\"video\":\"\",\"custom_fields\":[],\"votes\":0,\"star_rating_avg\":0,\"star_rating_count\":0},{\"title\":\"The \\u0022Dicke Ev\\u0022 on the way from Sulzheim to Spiesheim\",\"lat\":\"49.937393980626\",\"lng\":\"10.319605752774\",\"zoom\":\"13\",\"content\":\"\\u003Cdiv class=\\u0022oum_location_text\\u0022\\u003E\\u003Cdiv class=\\u0022oum_location_title\\u0022\\u003E\\u003Ch3 class=\\u0022oum_location_name\\u0022\\u003EThe \\u0026quot;Dicke Ev\\u0026quot; on the way from Sulzheim to Spiesheim\\u003C\/h3\\u003E\\u003Cdiv class=\\u0022oum_location_category_icons\\u0022\\u003E\\u003Cimg class=\\u0022oum_category_icon\\u0022 src=\\u0022https:\/\/cisterscapes.eu\/wp-content\/uploads\/2023\/06\/favicon_180.png\\u0022 alt=\\u0022Klosterlandschaft Ebrach\\u0022 title=\\u0022Klosterlandschaft Ebrach\\u0022\\u003E\\u003C\/div\\u003E\\u003C\/div\\u003E\\u003Cdiv class=\\u0022oum_location_description\\u0022\\u003EAm Spiesheimer Weg steht ein Bildstock von 1542. Er wird im Volksmund die \u201eDick(e) Ev\u201c genannt. Im 16. Jahrhundert wurde Sulzheim vom \u201eSchwarzen Tod\u201c \u2013 der Pest \u2013 heimgesucht. Es gab viele Todesf\u00e4lle. Da Sulzheim weder eine Kirche noch einen eigenen Friedhof besa\u00df, wurden die Verstorbenen zur Bestattung nach Herlheim gebracht. Der heute nicht mehr bestehende Kirch- und Leichweg f\u00fchrte am heutigen Standort der \\u0022Dicken Ev\\u0022 vorbei. Beim Transport fielen vom \u00fcberladenen Wagen drei Tote herunter. Ein Kind, ein J\u00fcngling und eine Bauersfrau, die \u201eDicke Eva\u201c. Sie wurden an Ort und Stelle begraben und mit dem aufgestellten Bildstock im Ged\u00e4chtnis der Nachwelt erhalten.\\u003C\/div\\u003E\\u003Cdiv class=\\u0022oum_location_text_bottom\\u0022\\u003E\\u003C\/div\\u003E\\u003C\/div\\u003E\\u003Cdiv class=\\u0022edit-location-button-placeholder\\u0022 data-post-id=\\u002210799\\u0022\\u003E\\u003C\/div\\u003E\\u003Cdiv style=\\u0022display: none\\u0022\\u003Edie-dicke-ev-am-weg-von-sulzheim-nach-spiesheim\\u003C\/div\\u003E\",\"icon\":\"https:\/\/cisterscapes.eu\/wp-content\/uploads\/2023\/06\/favicon_180.png\",\"types\":[\"533\"],\"post_id\":\"10799\",\"address\":\"\",\"text\":\"Am Spiesheimer Weg steht ein Bildstock von 1542. Er wird im Volksmund die \u201eDick(e) Ev\u201c genannt. Im 16. Jahrhundert wurde Sulzheim vom \u201eSchwarzen Tod\u201c \u2013 der Pest \u2013 heimgesucht. Es gab viele Todesf\u00e4lle. Da Sulzheim weder eine Kirche noch einen eigenen Friedhof besa\u00df, wurden die Verstorbenen zur Bestattung nach Herlheim gebracht. Der heute nicht mehr bestehende Kirch- und Leichweg f\u00fchrte am heutigen Standort der \\u0022Dicken Ev\\u0022 vorbei. Beim Transport fielen vom \u00fcberladenen Wagen drei Tote herunter. Ein Kind, ein J\u00fcngling und eine Bauersfrau, die \u201eDicke Eva\u201c. Sie wurden an Ort und Stelle begraben und mit dem aufgestellten Bildstock im Ged\u00e4chtnis der Nachwelt erhalten.\",\"image\":\"\",\"audio\":\"\",\"video\":\"\",\"custom_fields\":[],\"votes\":0,\"star_rating_avg\":0,\"star_rating_count\":0},{\"title\":\"Former Cistercian nunnery in Birkenfeld\",\"lat\":\"49.5741941\",\"lng\":\"10.5707472\",\"zoom\":\"12\",\"content\":\"\\u003Cdiv class=\\u0022oum_location_text\\u0022\\u003E\\u003Cdiv class=\\u0022oum_location_title\\u0022\\u003E\\u003Ch3 class=\\u0022oum_location_name\\u0022\\u003EFormer Cistercian nunnery in Birkenfeld\\u003C\/h3\\u003E\\u003Cdiv class=\\u0022oum_location_category_icons\\u0022\\u003E\\u003Cimg class=\\u0022oum_category_icon\\u0022 src=\\u0022https:\/\/cisterscapes.eu\/wp-content\/uploads\/2023\/06\/favicon_180.png\\u0022 alt=\\u0022Klosterlandschaft Ebrach\\u0022 title=\\u0022Klosterlandschaft Ebrach\\u0022\\u003E\\u003C\/div\\u003E\\u003C\/div\\u003E\\u003Cdiv class=\\u0022oum_location_description\\u0022\\u003EDas von 1275\/76 bis 1536 bestehende Zisterzienserinnenkloster Birkenfeld liegt am Ufer der Aisch in Nachbarschaft zu Schauerheim. Das ehem. Zisterzienserinnenkloster ist als Vierfl\u00fcgelanlage ausgef\u00fchrt, gruppiert um einen Innenhof. Die ehem. Klosterkirche dient seit 1984 als evang.-Luth. Filialkirche St. Maria. Existierten um 1200 erst 15 Zisterzienserinnen-Niederlassungen im deutschen Sprachraum, so waren es bis zur Mitte des 13. Jahrhunderts bereits \u00fcber 300. Die Gr\u00fcndung von Kloster Birkenfeld durch Burggraf Friedrich III. von N\u00fcrnberg im Jahre 1275\/76 reiht sich in diese Str\u00f6mung ein, wenngleich auch hier mehrere Motive zusammenwirkten. Das Memorialwesen (Totengedenken) und die angemessene Versorgung von unverheirateten adligen T\u00f6chtern spielten ebenfalls eine wichtige Rolle bei der Gr\u00fcndung von Frauenkl\u00f6stern. \\u003Cbr\\u003E\\u003Cbr\\u003E\\u003Ca href=\\u0022https:\/\/freizeit.neustadt-aisch.de\/infothek\/tourist-info\\u0022 target=\\u0022_blank\\u0022\\u003Ehttps:\/\/freizeit.neustadt-aisch.de\/infothek\/tourist-info\\u003C\/a\\u003E\\u003Cbr\\u003E\\u003Cbr\\u003EKontakt: \\u003Cbr\\u003ETourist-Information im Rathaus\\u003Cbr\\u003E\\u003Cstrong\\u003E\u00d6ffnungszeiten\\u003C\/strong\\u003E\\u003Cbr\\u003E\\u2028Montag bis Donnerstag 8:30 \u2013 16:00 Uhr\\u003Cbr\\u003E\\u2028Freitag 8:30 \u2013 12:00 Uhr\\u003Cbr\\u003E\\u2028Telefon: 09161 666 14\\u2028\\u003Cbr\\u003Estadtmarketing@neustadt-aisch.de\\u003C\/div\\u003E\\u003Cdiv class=\\u0022oum_location_text_bottom\\u0022\\u003E\\u003C\/div\\u003E\\u003C\/div\\u003E\\u003Cdiv class=\\u0022edit-location-button-placeholder\\u0022 data-post-id=\\u002210793\\u0022\\u003E\\u003C\/div\\u003E\\u003Cdiv style=\\u0022display: none\\u0022\\u003Eehem-zisterzienserinnenkloster-in-birkenfeld\\u003C\/div\\u003E\",\"icon\":\"https:\/\/cisterscapes.eu\/wp-content\/uploads\/2023\/06\/favicon_180.png\",\"types\":[\"533\"],\"post_id\":\"10793\",\"address\":\"\",\"text\":\"Das von 1275\/76 bis 1536 bestehende Zisterzienserinnenkloster Birkenfeld liegt am Ufer der Aisch in Nachbarschaft zu Schauerheim. Das ehem. Zisterzienserinnenkloster ist als Vierfl\u00fcgelanlage ausgef\u00fchrt, gruppiert um einen Innenhof. Die ehem. Klosterkirche dient seit 1984 als evang.-Luth. Filialkirche St. Maria. Existierten um 1200 erst 15 Zisterzienserinnen-Niederlassungen im deutschen Sprachraum, so waren es bis zur Mitte des 13. Jahrhunderts bereits \u00fcber 300. Die Gr\u00fcndung von Kloster Birkenfeld durch Burggraf Friedrich III. von N\u00fcrnberg im Jahre 1275\/76 reiht sich in diese Str\u00f6mung ein, wenngleich auch hier mehrere Motive zusammenwirkten. Das Memorialwesen (Totengedenken) und die angemessene Versorgung von unverheirateten adligen T\u00f6chtern spielten ebenfalls eine wichtige Rolle bei der Gr\u00fcndung von Frauenkl\u00f6stern. \\u003Cbr\\u003E\\u003Cbr\\u003E\\u003Ca href=\\u0022https:\/\/freizeit.neustadt-aisch.de\/infothek\/tourist-info\\u0022 target=\\u0022_blank\\u0022\\u003Ehttps:\/\/freizeit.neustadt-aisch.de\/infothek\/tourist-info\\u003C\/a\\u003E\\u003Cbr\\u003E\\u003Cbr\\u003EKontakt: \\u003Cbr\\u003ETourist-Information im Rathaus\\u003Cbr\\u003E\\u003Cstrong\\u003E\u00d6ffnungszeiten\\u003C\/strong\\u003E\\u003Cbr\\u003E\\u2028Montag bis Donnerstag 8:30 \u2013 16:00 Uhr\\u003Cbr\\u003E\\u2028Freitag 8:30 \u2013 12:00 Uhr\\u003Cbr\\u003E\\u2028Telefon: 09161 666 14\\u2028\\u003Cbr\\u003Estadtmarketing@neustadt-aisch.de\",\"image\":\"\",\"audio\":\"\",\"video\":\"\",\"custom_fields\":[],\"votes\":0,\"star_rating_avg\":0,\"star_rating_count\":0},{\"title\":\"Former Magdalen monastery in Handthal\",\"lat\":\"49.870122982169\",\"lng\":\"10.437646353815\",\"zoom\":\"18\",\"content\":\"\\u003Cdiv class=\\u0022oum_location_text\\u0022\\u003E\\u003Cdiv class=\\u0022oum_location_title\\u0022\\u003E\\u003Ch3 class=\\u0022oum_location_name\\u0022\\u003EFormer Magdalen monastery in Handthal\\u003C\/h3\\u003E\\u003Cdiv class=\\u0022oum_location_category_icons\\u0022\\u003E\\u003Cimg class=\\u0022oum_category_icon\\u0022 src=\\u0022https:\/\/cisterscapes.eu\/wp-content\/uploads\/2023\/06\/favicon_180.png\\u0022 alt=\\u0022Klosterlandschaft Ebrach\\u0022 title=\\u0022Klosterlandschaft Ebrach\\u0022\\u003E\\u003C\/div\\u003E\\u003C\/div\\u003E\\u003Cdiv class=\\u0022oum_location_description\\u0022\\u003EDas Magdalenenkloster befand sich am Kapellenrangen \u00f6stlich von Handthal (Gemeinde Oberschwarzach). Das Kloster wurde 1747 mit gro\u00dfer Unterst\u00fctzung der Zisterzienser von Ebrach errichtet und entwickelte sich zu einem Wallfahrtsort. Wahrscheinlich stand schon zu Ausgang des Mittelalters eine gestiftete Magdalenenkapelle in Holzbauweise auf dem Kapellenrangen. 1728 wurde nach Einsturz der Kapelle eine neue errichtet und 1747 das Magdalenenkloster mit zwei M\u00f6nchen und einem Laienbruder gegr\u00fcndet. Es wurde zudem ein Hospiz mit neun Zellen errichtet. 1803 wurde das Magdalenenkloster im Zuge der S\u00e4kularisation aufgel\u00f6st und die Kapelle abgebrochen. \\u003C\/div\\u003E\\u003Cdiv class=\\u0022oum_location_text_bottom\\u0022\\u003E\\u003C\/div\\u003E\\u003C\/div\\u003E\\u003Cdiv class=\\u0022edit-location-button-placeholder\\u0022 data-post-id=\\u002210703\\u0022\\u003E\\u003C\/div\\u003E\\u003Cdiv style=\\u0022display: none\\u0022\\u003Eehem-magdalenenkloster-in-handthal\\u003C\/div\\u003E\",\"icon\":\"https:\/\/cisterscapes.eu\/wp-content\/uploads\/2023\/06\/favicon_180.png\",\"types\":[\"533\"],\"post_id\":\"10703\",\"address\":\"\",\"text\":\"Das Magdalenenkloster befand sich am Kapellenrangen \u00f6stlich von Handthal (Gemeinde Oberschwarzach). Das Kloster wurde 1747 mit gro\u00dfer Unterst\u00fctzung der Zisterzienser von Ebrach errichtet und entwickelte sich zu einem Wallfahrtsort. Wahrscheinlich stand schon zu Ausgang des Mittelalters eine gestiftete Magdalenenkapelle in Holzbauweise auf dem Kapellenrangen. 1728 wurde nach Einsturz der Kapelle eine neue errichtet und 1747 das Magdalenenkloster mit zwei M\u00f6nchen und einem Laienbruder gegr\u00fcndet. Es wurde zudem ein Hospiz mit neun Zellen errichtet. 1803 wurde das Magdalenenkloster im Zuge der S\u00e4kularisation aufgel\u00f6st und die Kapelle abgebrochen. \",\"image\":\"\",\"audio\":\"\",\"video\":\"\",\"custom_fields\":[],\"votes\":0,\"star_rating_avg\":0,\"star_rating_count\":0},{\"title\":\"Former provostry and place of pilgrimage on the Gangolfsberg\",\"lat\":\"49.950990428395\",\"lng\":\"10.489211800218\",\"zoom\":\"13\",\"content\":\"\\u003Cdiv class=\\u0022oum_location_text\\u0022\\u003E\\u003Cdiv class=\\u0022oum_location_title\\u0022\\u003E\\u003Ch3 class=\\u0022oum_location_name\\u0022\\u003EFormer provostry and place of pilgrimage on the Gangolfsberg\\u003C\/h3\\u003E\\u003Cdiv class=\\u0022oum_location_category_icons\\u0022\\u003E\\u003Cimg class=\\u0022oum_category_icon\\u0022 src=\\u0022https:\/\/cisterscapes.eu\/wp-content\/uploads\/2023\/06\/favicon_180.png\\u0022 alt=\\u0022Klosterlandschaft Ebrach\\u0022 title=\\u0022Klosterlandschaft Ebrach\\u0022\\u003E\\u003C\/div\\u003E\\u003C\/div\\u003E\\u003Cdiv class=\\u0022oum_location_description\\u0022\\u003EAuf dem Gangolfsberg s\u00fcdlich von Oberschwappach, einem Bergsporn im Neuhauser Forst, befand sich einst eine Probstei des Klosters Ebrach. Sie ist auf Unterfrankens \u00e4ltester Flurkarte aus dem Jahr 1538 abgebildet. Der Berg ist nach dem heiligen Gangolf benannt, der am nahe gelegenen Taufbrunnen Heiden getauft haben soll. 1274 gelangte der Gangolfsberg an Ebrach. Der m\u00f6glicherweise einst unter der Obhut Fuldas stehende Wallfahrtsort mit Bergkirche und Hospiz gelangte 1274 an das Kloster Ebrach und wurde als Gnadenort, Pa\u00dfgastei und Verwaltungssitz f\u00fcr die Besitzungen in Donnersdorf, Oberschwappach, Steinsfeld, bei Untersteinbach, Wustviel und Breitbach ausgebaut und zur Probstei erhoben. Im Bauernkrieg wurde die Probstei gepl\u00fcndert. Die Patres hielten noch bis in die 1530er Jahre Gottesdienste in der Kirche auf dem Gangolfsberg. Die Messfeiern sind dann nach Oberschwappach verlegt worden.\\u003C\/div\\u003E\\u003Cdiv class=\\u0022oum_location_text_bottom\\u0022\\u003E\\u003C\/div\\u003E\\u003C\/div\\u003E\\u003Cdiv class=\\u0022edit-location-button-placeholder\\u0022 data-post-id=\\u002210800\\u0022\\u003E\\u003C\/div\\u003E\\u003Cdiv style=\\u0022display: none\\u0022\\u003Eehem-probstei-und-wallfahrtsort-auf-dem-gangolfsberg\\u003C\/div\\u003E\",\"icon\":\"https:\/\/cisterscapes.eu\/wp-content\/uploads\/2023\/06\/favicon_180.png\",\"types\":[\"533\"],\"post_id\":\"10800\",\"address\":\"\",\"text\":\"Auf dem Gangolfsberg s\u00fcdlich von Oberschwappach, einem Bergsporn im Neuhauser Forst, befand sich einst eine Probstei des Klosters Ebrach. Sie ist auf Unterfrankens \u00e4ltester Flurkarte aus dem Jahr 1538 abgebildet. Der Berg ist nach dem heiligen Gangolf benannt, der am nahe gelegenen Taufbrunnen Heiden getauft haben soll. 1274 gelangte der Gangolfsberg an Ebrach. Der m\u00f6glicherweise einst unter der Obhut Fuldas stehende Wallfahrtsort mit Bergkirche und Hospiz gelangte 1274 an das Kloster Ebrach und wurde als Gnadenort, Pa\u00dfgastei und Verwaltungssitz f\u00fcr die Besitzungen in Donnersdorf, Oberschwappach, Steinsfeld, bei Untersteinbach, Wustviel und Breitbach ausgebaut und zur Probstei erhoben. Im Bauernkrieg wurde die Probstei gepl\u00fcndert. Die Patres hielten noch bis in die 1530er Jahre Gottesdienste in der Kirche auf dem Gangolfsberg. Die Messfeiern sind dann nach Oberschwappach verlegt worden.\",\"image\":\"\",\"audio\":\"\",\"video\":\"\",\"custom_fields\":[],\"votes\":0,\"star_rating_avg\":0,\"star_rating_count\":0},{\"title\":\"Pilgrimage Chapel of the Holy Blood in Burgwindheim\",\"lat\":\"49.828457645089\",\"lng\":\"10.596578530141\",\"zoom\":\"16\",\"content\":\"\\u003Cdiv class=\\u0022oum_location_text\\u0022\\u003E\\u003Cdiv class=\\u0022oum_location_title\\u0022\\u003E\\u003Ch3 class=\\u0022oum_location_name\\u0022\\u003EPilgrimage Chapel of the Holy Blood in Burgwindheim\\u003C\/h3\\u003E\\u003Cdiv class=\\u0022oum_location_category_icons\\u0022\\u003E\\u003Cimg class=\\u0022oum_category_icon\\u0022 src=\\u0022https:\/\/cisterscapes.eu\/wp-content\/uploads\/2023\/06\/favicon_180.png\\u0022 alt=\\u0022Klosterlandschaft Ebrach\\u0022 title=\\u0022Klosterlandschaft Ebrach\\u0022\\u003E\\u003C\/div\\u003E\\u003C\/div\\u003E\\u003Cdiv class=\\u0022oum_location_description\\u0022\\u003EDie kath. Wallfahrtskapelle zum Heiligen Blut geh\u00f6rt zu den herausragenden baulichen Zeugnissen der Klosterlandschaft Ebrach mit Burgwindheim als Zentrum der seit 1465 bestehenden und von Ebrach begr\u00fcndeten eucharistischen Wallfahrt. Die Kapelle liegt inmitten des Friedhofs, der sich am historischen Ortsrand n\u00f6rdlich der Mittelebrach erstreckt. Sie wurde ab 1594 errichtet und bereits drei Jahre sp\u00e4ter eingeweiht. Der schlichte Saalbau ersetzte die erste Kapelle von 1467. Burgwindheim l\u00f6ste die nach 1525 \u201estillgelegte\u201c Propstei auf dem Gangolfsberg als bereits bestehenden Wallfahrtsort ab. Im 18. Jahrhundert bl\u00fchte die Wallfahrt weiter auf. Noch heute kommen Wallfahrer u.a. aus Volkach, Eltmann und Dingolshausen allj\u00e4hrlich nach Burgwindheim.\\u003Cbr\\u003E\\u003Cbr\\u003EF\u00fchrungen:\\u003Cbr\\u003EKath. Pfarramt unter 09551 289\\u003Cbr\\u003E\\u003Cbr\\u003EWeitere Infos: \\u003Cbr\\u003EMarkt Burgwindheim\\u003Cbr\\u003ETelefon: 09551 273\\u2028E-Mail: info@burgwindheim.de\\u003Cbr\\u003EMontag: 14.00 \u2013 16.30 Uhr\\u003Cbr\\u003E\\u2028Donnerstag: 14.00 \u2013 18.00 Uhr\\u003C\/div\\u003E\\u003Cdiv class=\\u0022oum_location_text_bottom\\u0022\\u003E\\u003C\/div\\u003E\\u003C\/div\\u003E\\u003Cdiv class=\\u0022edit-location-button-placeholder\\u0022 data-post-id=\\u002210718\\u0022\\u003E\\u003C\/div\\u003E\\u003Cdiv style=\\u0022display: none\\u0022\\u003Ewallfahrtskapelle-zum-heiligen-blut-in-burgwindheim\\u003C\/div\\u003E\",\"icon\":\"https:\/\/cisterscapes.eu\/wp-content\/uploads\/2023\/06\/favicon_180.png\",\"types\":[\"533\"],\"post_id\":\"10718\",\"address\":\"\",\"text\":\"Die kath. Wallfahrtskapelle zum Heiligen Blut geh\u00f6rt zu den herausragenden baulichen Zeugnissen der Klosterlandschaft Ebrach mit Burgwindheim als Zentrum der seit 1465 bestehenden und von Ebrach begr\u00fcndeten eucharistischen Wallfahrt. Die Kapelle liegt inmitten des Friedhofs, der sich am historischen Ortsrand n\u00f6rdlich der Mittelebrach erstreckt. Sie wurde ab 1594 errichtet und bereits drei Jahre sp\u00e4ter eingeweiht. Der schlichte Saalbau ersetzte die erste Kapelle von 1467. Burgwindheim l\u00f6ste die nach 1525 \u201estillgelegte\u201c Propstei auf dem Gangolfsberg als bereits bestehenden Wallfahrtsort ab. Im 18. Jahrhundert bl\u00fchte die Wallfahrt weiter auf. Noch heute kommen Wallfahrer u.a. aus Volkach, Eltmann und Dingolshausen allj\u00e4hrlich nach Burgwindheim.\\u003Cbr\\u003E\\u003Cbr\\u003EF\u00fchrungen:\\u003Cbr\\u003EKath. Pfarramt unter 09551 289\\u003Cbr\\u003E\\u003Cbr\\u003EWeitere Infos: \\u003Cbr\\u003EMarkt Burgwindheim\\u003Cbr\\u003ETelefon: 09551 273\\u2028E-Mail: info@burgwindheim.de\\u003Cbr\\u003EMontag: 14.00 \u2013 16.30 Uhr\\u003Cbr\\u003E\\u2028Donnerstag: 14.00 \u2013 18.00 Uhr\",\"image\":\"\",\"audio\":\"\",\"video\":\"\",\"custom_fields\":[],\"votes\":0,\"star_rating_avg\":0,\"star_rating_count\":0},{\"title\":\"Totenweg between Ebrach and Gro\u00dfgressingen\",\"lat\":\"49.840053241123\",\"lng\":\"10.485679521861\",\"zoom\":\"15\",\"content\":\"\\u003Cdiv class=\\u0022oum_location_text\\u0022\\u003E\\u003Cdiv class=\\u0022oum_location_title\\u0022\\u003E\\u003Ch3 class=\\u0022oum_location_name\\u0022\\u003ETotenweg between Ebrach and Gro\u00dfgressingen\\u003C\/h3\\u003E\\u003Cdiv class=\\u0022oum_location_category_icons\\u0022\\u003E\\u003Cimg class=\\u0022oum_category_icon\\u0022 src=\\u0022https:\/\/cisterscapes.eu\/wp-content\/uploads\/2023\/06\/favicon_180.png\\u0022 alt=\\u0022Klosterlandschaft Ebrach\\u0022 title=\\u0022Klosterlandschaft Ebrach\\u0022\\u003E\\u003C\/div\\u003E\\u003C\/div\\u003E\\u003Cdiv class=\\u0022oum_location_description\\u0022\\u003EDer ca. 2,5 km lange, noch weitgehend erhaltene und bis heute so bezeichneter \u201eEbracher Totenweg\u201c f\u00fchrt ausgehend vom Kloster Ebrach \u00fcber Gro\u00dfgressingen zur kath. Filialkirche St. Rochus und Sebastian. Das Gotteshaus samt Begr\u00e4bnisst\u00e4tte wurde auf Betreiben des Abtes Hieronymus H\u00f6llein nach dem schweren Pestjahr 1611 erbaut. Im Laufe der Zeit bekam dieser Kirchenstandort immer mehr Rechte zugestanden. So wurden die Laienbr\u00fcder (Konversen) des Klosters Ebrach in St. Rochus bestattet, die M\u00f6nche weiterhin auf dem Klosterfriedhof. Seit dem 17. Jahrhundert durften auch die Bewohner von Gro\u00dfgressingen ihre Toten auf dem Friedhof beisetzen. \\u003C\/div\\u003E\\u003Cdiv class=\\u0022oum_location_text_bottom\\u0022\\u003E\\u003C\/div\\u003E\\u003C\/div\\u003E\\u003Cdiv class=\\u0022edit-location-button-placeholder\\u0022 data-post-id=\\u002210714\\u0022\\u003E\\u003C\/div\\u003E\\u003Cdiv style=\\u0022display: none\\u0022\\u003Etotenweg-zwischen-ebrach-und-grossgressingen\\u003C\/div\\u003E\",\"icon\":\"https:\/\/cisterscapes.eu\/wp-content\/uploads\/2023\/06\/favicon_180.png\",\"types\":[\"533\"],\"post_id\":\"10714\",\"address\":\"\",\"text\":\"Der ca. 2,5 km lange, noch weitgehend erhaltene und bis heute so bezeichneter \u201eEbracher Totenweg\u201c f\u00fchrt ausgehend vom Kloster Ebrach \u00fcber Gro\u00dfgressingen zur kath. Filialkirche St. Rochus und Sebastian. Das Gotteshaus samt Begr\u00e4bnisst\u00e4tte wurde auf Betreiben des Abtes Hieronymus H\u00f6llein nach dem schweren Pestjahr 1611 erbaut. Im Laufe der Zeit bekam dieser Kirchenstandort immer mehr Rechte zugestanden. So wurden die Laienbr\u00fcder (Konversen) des Klosters Ebrach in St. Rochus bestattet, die M\u00f6nche weiterhin auf dem Klosterfriedhof. Seit dem 17. Jahrhundert durften auch die Bewohner von Gro\u00dfgressingen ihre Toten auf dem Friedhof beisetzen. \",\"image\":\"\",\"audio\":\"\",\"video\":\"\",\"custom_fields\":[],\"votes\":0,\"star_rating_avg\":0,\"star_rating_count\":0},{\"title\":\"Catholic filial church of St. Rochus and Sebastian with cemetery, Gro\u00dfgressingen\",\"lat\":\"49.829621446415\",\"lng\":\"10.484543379435\",\"zoom\":\"17\",\"content\":\"\\u003Cdiv class=\\u0022oum_location_text\\u0022\\u003E\\u003Cdiv class=\\u0022oum_location_title\\u0022\\u003E\\u003Ch3 class=\\u0022oum_location_name\\u0022\\u003ECatholic filial church of St. Rochus and Sebastian with cemetery, Gro\u00dfgressingen\\u003C\/h3\\u003E\\u003Cdiv class=\\u0022oum_location_category_icons\\u0022\\u003E\\u003Cimg class=\\u0022oum_category_icon\\u0022 src=\\u0022https:\/\/cisterscapes.eu\/wp-content\/uploads\/2023\/06\/favicon_180.png\\u0022 alt=\\u0022Klosterlandschaft Ebrach\\u0022 title=\\u0022Klosterlandschaft Ebrach\\u0022\\u003E\\u003C\/div\\u003E\\u003C\/div\\u003E\\u003Cdiv class=\\u0022oum_location_description\\u0022\\u003EDie Kath. Filialkirche St. Rochus und Sebastian liegt an der Stra\u00dfe Richtung Buch rund 420 m \u00fc. NN. Aufgrund der exponierten Lage beherrscht das Kirchenbauwerk die Gro\u00dfgressinger Rodungsinsel. Das Gotteshaus (bez. 1616, mit \u00e4lterem Kern, Umbauten des 18. Jhs.) wurde auf Betreiben des Abtes Hieronymus H\u00f6lein (1591-1615) gebaut. Nach dem schweren Pestjahr 1611 beschloss er, auf der Anh\u00f6he neben dem bereits seit 1594 bestehenden Siechenhaus f\u00fcr Leprakranke eine Kapelle mit Friedhof errichten zu lassen. Die Kapelle wurde zun\u00e4chst nur bei Begr\u00e4bnissen genutzt; an Feiertagen ihrer Patrone diente sie als Wallfahrtskapelle. \\u003Cbr\\u003E\\u003Cbr\\u003E\\u003Ca href=\\u0022https:\/\/seelsorgebereich-steigerwald.de\/pfarreien\/ebrach\/kirchen\/st.-rochus\/\\u0022 target=\\u0022_blank\\u0022\\u003Ehttps:\/\/seelsorgebereich-steigerwald.de\/pfarreien\/ebrach\/kirchen\/st.-rochus\/\\u003C\/a\\u003E \\u003Cbr\\u003E\\u003Cbr\\u003EKontakt:\\u003Cbr\\u003ETelefon: 09546 201\\u003Cbr\\u003EE-Mail: ssb.steigerwald@erzbistum-bamberg.de\\u003C\/div\\u003E\\u003Cdiv class=\\u0022oum_location_text_bottom\\u0022\\u003E\\u003C\/div\\u003E\\u003C\/div\\u003E\\u003Cdiv class=\\u0022edit-location-button-placeholder\\u0022 data-post-id=\\u002210730\\u0022\\u003E\\u003C\/div\\u003E\\u003Cdiv style=\\u0022display: none\\u0022\\u003Ekath-filialkirche-st-rochus-und-sebastian-mit-friedhof-grossgressingen\\u003C\/div\\u003E\",\"icon\":\"https:\/\/cisterscapes.eu\/wp-content\/uploads\/2023\/06\/favicon_180.png\",\"types\":[\"533\"],\"post_id\":\"10730\",\"address\":\"\",\"text\":\"Die Kath. Filialkirche St. Rochus und Sebastian liegt an der Stra\u00dfe Richtung Buch rund 420 m \u00fc. NN. Aufgrund der exponierten Lage beherrscht das Kirchenbauwerk die Gro\u00dfgressinger Rodungsinsel. Das Gotteshaus (bez. 1616, mit \u00e4lterem Kern, Umbauten des 18. Jhs.) wurde auf Betreiben des Abtes Hieronymus H\u00f6lein (1591-1615) gebaut. Nach dem schweren Pestjahr 1611 beschloss er, auf der Anh\u00f6he neben dem bereits seit 1594 bestehenden Siechenhaus f\u00fcr Leprakranke eine Kapelle mit Friedhof errichten zu lassen. Die Kapelle wurde zun\u00e4chst nur bei Begr\u00e4bnissen genutzt; an Feiertagen ihrer Patrone diente sie als Wallfahrtskapelle. \\u003Cbr\\u003E\\u003Cbr\\u003E\\u003Ca href=\\u0022https:\/\/seelsorgebereich-steigerwald.de\/pfarreien\/ebrach\/kirchen\/st.-rochus\/\\u0022 target=\\u0022_blank\\u0022\\u003Ehttps:\/\/seelsorgebereich-steigerwald.de\/pfarreien\/ebrach\/kirchen\/st.-rochus\/\\u003C\/a\\u003E \\u003Cbr\\u003E\\u003Cbr\\u003EKontakt:\\u003Cbr\\u003ETelefon: 09546 201\\u003Cbr\\u003EE-Mail: ssb.steigerwald@erzbistum-bamberg.de\",\"image\":\"\",\"audio\":\"\",\"video\":\"\",\"custom_fields\":[],\"votes\":0,\"star_rating_avg\":0,\"star_rating_count\":0},{\"title\":\"Former Cistercian abbey church of St. Mary, St. John the Evangelist and St. Nicholas and today\\\\\\u0027s parish church of the Assumption of Mary in Ebrach\",\"lat\":\"49.8475009\",\"lng\":\"10.4951334\",\"zoom\":\"18\",\"content\":\"\\u003Cdiv class=\\u0022oum_location_text\\u0022\\u003E\\u003Cdiv class=\\u0022oum_location_title\\u0022\\u003E\\u003Ch3 class=\\u0022oum_location_name\\u0022\\u003EFormer Cistercian abbey church of St. Mary, St. John the Evangelist and St. Nicholas and today\\u0026#039;s parish church of the Assumption of Mary in Ebrach\\u003C\/h3\\u003E\\u003Cdiv class=\\u0022oum_location_category_icons\\u0022\\u003E\\u003Cimg class=\\u0022oum_category_icon\\u0022 src=\\u0022https:\/\/cisterscapes.eu\/wp-content\/uploads\/2023\/06\/favicon_180.png\\u0022 alt=\\u0022Klosterlandschaft Ebrach\\u0022 title=\\u0022Klosterlandschaft Ebrach\\u0022\\u003E\\u003C\/div\\u003E\\u003C\/div\\u003E\\u003Cdiv class=\\u0022oum_location_description\\u0022\\u003EDie ehemalige Zisterzienserabteikirche beherrscht die Ortsmitte von Ebrach. 1285 wurde die Klosterkirche nach \u00fcber 80 Jahren Bauzeit eingeweiht. Die dreischiffige, kreuzrippengew\u00f6lbte Basilika mit rechteckigem Umgangschor und Kapellenkranz im Stil der burgundischen Fr\u00fchgotik kann als baulicher H\u00f6hepunkt der mittelalterlichen Entwicklung des 1127 gegr\u00fcndeten Klosters Ebrach gelten. Der Innenraum der Kirche wurde im sp\u00e4ten 18. Jahrhundert im Stil des Rokokoklassizismus von Materno Bossi neugestaltet, die mittelalterliche Struktur wurde beibehalten. 1803 wurde die Klosterkirche zur Pfarrkirche der neuen Pfarrei Ebrach.\\u003Cbr\\u003E\\u003Cbr\\u003E\\u003Ca href=\\u0022https:\/\/www.pfarrei-ebrach.de\\u0022 target=\\u0022_blank\\u0022\\u003Ehttps:\/\/www.pfarrei-ebrach.de \\u003C\/a\\u003E\\u003Cbr\\u003E\\u003Cbr\\u003EKontakt: \\u003Cbr\\u003ETelefon: 09553 266\\u003Cbr\\u003E\\u2028E-Mail: ssb.steigerwald@erzbistum-bamberg.de\\u003Cbr\\u003E\u00d6ffnungszeiten \\u003Cbr\\u003EFreitag\\u202808.00 - 11.00 Uhr\\u003C\/div\\u003E\\u003Cdiv class=\\u0022oum_location_text_bottom\\u0022\\u003E\\u003C\/div\\u003E\\u003C\/div\\u003E\\u003Cdiv class=\\u0022edit-location-button-placeholder\\u0022 data-post-id=\\u002210724\\u0022\\u003E\\u003C\/div\\u003E\\u003Cdiv style=\\u0022display: none\\u0022\\u003Eehem-zisterzienserabteikirche-st-maria-johannes-ev-und-nikolaus-und-heutige-pfarrkirche-mariae-himmelfahrt-in-ebrach\\u003C\/div\\u003E\",\"icon\":\"https:\/\/cisterscapes.eu\/wp-content\/uploads\/2023\/06\/favicon_180.png\",\"types\":[\"533\"],\"post_id\":\"10724\",\"address\":\"\",\"text\":\"Die ehemalige Zisterzienserabteikirche beherrscht die Ortsmitte von Ebrach. 1285 wurde die Klosterkirche nach \u00fcber 80 Jahren Bauzeit eingeweiht. Die dreischiffige, kreuzrippengew\u00f6lbte Basilika mit rechteckigem Umgangschor und Kapellenkranz im Stil der burgundischen Fr\u00fchgotik kann als baulicher H\u00f6hepunkt der mittelalterlichen Entwicklung des 1127 gegr\u00fcndeten Klosters Ebrach gelten. Der Innenraum der Kirche wurde im sp\u00e4ten 18. Jahrhundert im Stil des Rokokoklassizismus von Materno Bossi neugestaltet, die mittelalterliche Struktur wurde beibehalten. 1803 wurde die Klosterkirche zur Pfarrkirche der neuen Pfarrei Ebrach.\\u003Cbr\\u003E\\u003Cbr\\u003E\\u003Ca href=\\u0022https:\/\/www.pfarrei-ebrach.de\\u0022 target=\\u0022_blank\\u0022\\u003Ehttps:\/\/www.pfarrei-ebrach.de \\u003C\/a\\u003E\\u003Cbr\\u003E\\u003Cbr\\u003EKontakt: \\u003Cbr\\u003ETelefon: 09553 266\\u003Cbr\\u003E\\u2028E-Mail: ssb.steigerwald@erzbistum-bamberg.de\\u003Cbr\\u003E\u00d6ffnungszeiten \\u003Cbr\\u003EFreitag\\u202808.00 - 11.00 Uhr\",\"image\":\"\",\"audio\":\"\",\"video\":\"\",\"custom_fields\":[],\"votes\":0,\"star_rating_avg\":0,\"star_rating_count\":0},{\"title\":\"Stadthof in Schweinfurt\",\"lat\":\"50.0443487\",\"lng\":\"10.2363443\",\"zoom\":\"18\",\"content\":\"\\u003Cdiv class=\\u0022oum_location_text\\u0022\\u003E\\u003Cdiv class=\\u0022oum_location_title\\u0022\\u003E\\u003Ch3 class=\\u0022oum_location_name\\u0022\\u003EStadthof in Schweinfurt\\u003C\/h3\\u003E\\u003Cdiv class=\\u0022oum_location_category_icons\\u0022\\u003E\\u003Cimg class=\\u0022oum_category_icon\\u0022 src=\\u0022https:\/\/cisterscapes.eu\/wp-content\/uploads\/2023\/06\/favicon_180.png\\u0022 alt=\\u0022Klosterlandschaft Ebrach\\u0022 title=\\u0022Klosterlandschaft Ebrach\\u0022\\u003E\\u003C\/div\\u003E\\u003C\/div\\u003E\\u003Cdiv class=\\u0022oum_location_description\\u0022\\u003EDer Ebracher Hof liegt in der Schweinfurter Altstadt (Rittergasse 2), unweit vom Main im historischen Viertel Z\u00fcrch. Der in den Jahren 1565\/1575 als Dreifl\u00fcgelanlage errichtete Hof mit Vorderhaus und Speicherbau bekam im Jahr 1698 einen barocken Seitenfl\u00fcgel. Eine Tordurchfahrt mit Rundbogen f\u00fchrt in den Innenhof. Wie die Stadth\u00f6fe bspw. in W\u00fcrzburg oder Bamberg erf\u00fcllte auch der Schweinfurter Hof wirtschaftliche Aufgaben und vermarktete die landwirtschaftlichen \u00dcbersch\u00fcsse des Klosters. 2004 bis 2007 wurde der ehemalige Stadthof umgebaut. Seitdem befindet sich im Vorderhaus ein kleines Hotel und in der ehemaligen Zehntscheune die Stadtb\u00fccherei. \\u003C\/div\\u003E\\u003Cdiv class=\\u0022oum_location_text_bottom\\u0022\\u003E\\u003C\/div\\u003E\\u003C\/div\\u003E\\u003Cdiv class=\\u0022edit-location-button-placeholder\\u0022 data-post-id=\\u002210786\\u0022\\u003E\\u003C\/div\\u003E\\u003Cdiv style=\\u0022display: none\\u0022\\u003Estadthof-in-schweinfurt\\u003C\/div\\u003E\",\"icon\":\"https:\/\/cisterscapes.eu\/wp-content\/uploads\/2023\/06\/favicon_180.png\",\"types\":[\"533\"],\"post_id\":\"10786\",\"address\":\"\",\"text\":\"Der Ebracher Hof liegt in der Schweinfurter Altstadt (Rittergasse 2), unweit vom Main im historischen Viertel Z\u00fcrch. Der in den Jahren 1565\/1575 als Dreifl\u00fcgelanlage errichtete Hof mit Vorderhaus und Speicherbau bekam im Jahr 1698 einen barocken Seitenfl\u00fcgel. Eine Tordurchfahrt mit Rundbogen f\u00fchrt in den Innenhof. Wie die Stadth\u00f6fe bspw. in W\u00fcrzburg oder Bamberg erf\u00fcllte auch der Schweinfurter Hof wirtschaftliche Aufgaben und vermarktete die landwirtschaftlichen \u00dcbersch\u00fcsse des Klosters. 2004 bis 2007 wurde der ehemalige Stadthof umgebaut. Seitdem befindet sich im Vorderhaus ein kleines Hotel und in der ehemaligen Zehntscheune die Stadtb\u00fccherei. \",\"image\":\"\",\"audio\":\"\",\"video\":\"\",\"custom_fields\":[],\"votes\":0,\"star_rating_avg\":0,\"star_rating_count\":0},{\"title\":\"Stadthof in W\u00fcrzburg\",\"lat\":\"49.7921536\",\"lng\":\"9.9332148\",\"zoom\":\"18\",\"content\":\"\\u003Cdiv class=\\u0022oum_location_text\\u0022\\u003E\\u003Cdiv class=\\u0022oum_location_title\\u0022\\u003E\\u003Ch3 class=\\u0022oum_location_name\\u0022\\u003EStadthof in W\u00fcrzburg\\u003C\/h3\\u003E\\u003Cdiv class=\\u0022oum_location_category_icons\\u0022\\u003E\\u003Cimg class=\\u0022oum_category_icon\\u0022 src=\\u0022https:\/\/cisterscapes.eu\/wp-content\/uploads\/2023\/06\/favicon_180.png\\u0022 alt=\\u0022Klosterlandschaft Ebrach\\u0022 title=\\u0022Klosterlandschaft Ebrach\\u0022\\u003E\\u003C\/div\\u003E\\u003C\/div\\u003E\\u003Cdiv class=\\u0022oum_location_description\\u0022\\u003E\\u003Cbr\\u003EDer Stadthof diente als Wohnung f\u00fcr den Abt von Ebrach oder dessen Stellvertreter, wenn sie sich in W\u00fcrzburg aufhielten. Im Jahre 1282 wurde der Hof neu erbaut und darin ein Kollegium f\u00fcr junge Klostergeistliche zu ihrer Ausbildung errichtet. Der ehemalige Ebracher Hof in W\u00fcrzburg steht heute im Besitz der Kongregation der Schwestern des Erl\u00f6sers. Die dreigeschossige Vierfl\u00fcgelanlage entstand wohl unter Beteiligung von Joseph Greissing in den Jahren 1710-1712. Nach dem Bombenangriff auf W\u00fcrzburg am 16. M\u00e4rz 1945 erfolgte 1950 der Wiederaufbau des zerst\u00f6rten Ebracher Hofs.\\u003Cbr\\u003E\\u003Cbr\\u003EKongregation der Schwestern des Erl\u00f6sers\\u003Cbr\\u003EDomerschulstra\u00dfe\\u003Cbr\\u003E97070 W\u00fcrzburg\\u003Cbr\\u003ETelefon: 0931 3514 2100\\u003C\/div\\u003E\\u003Cdiv class=\\u0022oum_location_text_bottom\\u0022\\u003E\\u003C\/div\\u003E\\u003C\/div\\u003E\\u003Cdiv class=\\u0022edit-location-button-placeholder\\u0022 data-post-id=\\u002210737\\u0022\\u003E\\u003C\/div\\u003E\\u003Cdiv style=\\u0022display: none\\u0022\\u003Estadthof-in-wuerzburg\\u003C\/div\\u003E\",\"icon\":\"https:\/\/cisterscapes.eu\/wp-content\/uploads\/2023\/06\/favicon_180.png\",\"types\":[\"533\"],\"post_id\":\"10737\",\"address\":\"\",\"text\":\"\\u003Cbr\\u003EDer Stadthof diente als Wohnung f\u00fcr den Abt von Ebrach oder dessen Stellvertreter, wenn sie sich in W\u00fcrzburg aufhielten. Im Jahre 1282 wurde der Hof neu erbaut und darin ein Kollegium f\u00fcr junge Klostergeistliche zu ihrer Ausbildung errichtet. Der ehemalige Ebracher Hof in W\u00fcrzburg steht heute im Besitz der Kongregation der Schwestern des Erl\u00f6sers. Die dreigeschossige Vierfl\u00fcgelanlage entstand wohl unter Beteiligung von Joseph Greissing in den Jahren 1710-1712. Nach dem Bombenangriff auf W\u00fcrzburg am 16. M\u00e4rz 1945 erfolgte 1950 der Wiederaufbau des zerst\u00f6rten Ebracher Hofs.\\u003Cbr\\u003E\\u003Cbr\\u003EKongregation der Schwestern des Erl\u00f6sers\\u003Cbr\\u003EDomerschulstra\u00dfe\\u003Cbr\\u003E97070 W\u00fcrzburg\\u003Cbr\\u003ETelefon: 0931 3514 2100\",\"image\":\"\",\"audio\":\"\",\"video\":\"\",\"custom_fields\":[],\"votes\":0,\"star_rating_avg\":0,\"star_rating_count\":0},{\"title\":\"Ebracher Stadth\u00f6fe in Bamberg (Alter Hof)\",\"lat\":\"49.8897853\",\"lng\":\"10.884376\",\"zoom\":\"18\",\"content\":\"\\u003Cdiv class=\\u0022oum_location_text\\u0022\\u003E\\u003Cdiv class=\\u0022oum_location_title\\u0022\\u003E\\u003Ch3 class=\\u0022oum_location_name\\u0022\\u003EEbracher Stadth\u00f6fe in Bamberg (Alter Hof)\\u003C\/h3\\u003E\\u003Cdiv class=\\u0022oum_location_category_icons\\u0022\\u003E\\u003Cimg class=\\u0022oum_category_icon\\u0022 src=\\u0022https:\/\/cisterscapes.eu\/wp-content\/uploads\/2023\/06\/favicon_180.png\\u0022 alt=\\u0022Klosterlandschaft Ebrach\\u0022 title=\\u0022Klosterlandschaft Ebrach\\u0022\\u003E\\u003C\/div\\u003E\\u003C\/div\\u003E\\u003Cdiv class=\\u0022oum_location_description\\u0022\\u003EEbrach errichtete ein Netz von Stadth\u00f6fen. Die Aufgaben der seit dem 12. und beginnenden 13. Jahrhundert bestehenden Klosterh\u00f6fe lag in der Sicherung des kl\u00f6sterlichen Zugangs zu den st\u00e4dtischen Viktualien- und Kapitalm\u00e4rkten. Sie verf\u00fcgten daher \u00fcber Lager- und Verwaltungsr\u00e4ume. So konnten bspw. die in Landwirtschaft und Gewerbe erzielten \u00dcbersch\u00fcsse in den Stadth\u00f6fen vermarktet werden. In Bamberg gab es den Alten Ebracher Hof (Vorderer Bach 5) und den Neuen Ebracher Hof (Unterer Kaulberg 4). Weitere Stadth\u00f6fe befanden sich u.a. in Schweinfurt, W\u00fcrzburg und Schwabach. Die Ebracher H\u00f6fe stellen bis heute markante st\u00e4dtebauliche Akzente dar.\\u003Cbr\\u003E\\u003Cbr\\u003E\\u003Cbr\\u003E\\u003C\/div\\u003E\\u003Cdiv class=\\u0022oum_location_text_bottom\\u0022\\u003E\\u003C\/div\\u003E\\u003C\/div\\u003E\\u003Cdiv class=\\u0022edit-location-button-placeholder\\u0022 data-post-id=\\u002210733\\u0022\\u003E\\u003C\/div\\u003E\\u003Cdiv style=\\u0022display: none\\u0022\\u003Eebracher-stadthoefe-in-bamberg-alter-hof\\u003C\/div\\u003E\",\"icon\":\"https:\/\/cisterscapes.eu\/wp-content\/uploads\/2023\/06\/favicon_180.png\",\"types\":[\"533\"],\"post_id\":\"10733\",\"address\":\"\",\"text\":\"Ebrach errichtete ein Netz von Stadth\u00f6fen. Die Aufgaben der seit dem 12. und beginnenden 13. Jahrhundert bestehenden Klosterh\u00f6fe lag in der Sicherung des kl\u00f6sterlichen Zugangs zu den st\u00e4dtischen Viktualien- und Kapitalm\u00e4rkten. Sie verf\u00fcgten daher \u00fcber Lager- und Verwaltungsr\u00e4ume. So konnten bspw. die in Landwirtschaft und Gewerbe erzielten \u00dcbersch\u00fcsse in den Stadth\u00f6fen vermarktet werden. In Bamberg gab es den Alten Ebracher Hof (Vorderer Bach 5) und den Neuen Ebracher Hof (Unterer Kaulberg 4). Weitere Stadth\u00f6fe befanden sich u.a. in Schweinfurt, W\u00fcrzburg und Schwabach. Die Ebracher H\u00f6fe stellen bis heute markante st\u00e4dtebauliche Akzente dar.\\u003Cbr\\u003E\\u003Cbr\\u003E\\u003Cbr\\u003E\",\"image\":\"\",\"audio\":\"\",\"video\":\"\",\"custom_fields\":[],\"votes\":0,\"star_rating_avg\":0,\"star_rating_count\":0},{\"title\":\"Ebracher Stadth\u00f6fe in Bamberg\",\"lat\":\"49.8901177\",\"lng\":\"10.8842038\",\"zoom\":\"18\",\"content\":\"\\u003Cdiv class=\\u0022oum_location_text\\u0022\\u003E\\u003Cdiv class=\\u0022oum_location_title\\u0022\\u003E\\u003Ch3 class=\\u0022oum_location_name\\u0022\\u003EEbracher Stadth\u00f6fe in Bamberg\\u003C\/h3\\u003E\\u003Cdiv class=\\u0022oum_location_category_icons\\u0022\\u003E\\u003Cimg class=\\u0022oum_category_icon\\u0022 src=\\u0022https:\/\/cisterscapes.eu\/wp-content\/uploads\/2023\/06\/favicon_180.png\\u0022 alt=\\u0022Klosterlandschaft Ebrach\\u0022 title=\\u0022Klosterlandschaft Ebrach\\u0022\\u003E\\u003C\/div\\u003E\\u003C\/div\\u003E\\u003Cdiv class=\\u0022oum_location_description\\u0022\\u003EEbrach errichtete ein Netz von Stadth\u00f6fen. Die Aufgaben der seit dem 12. und beginnenden 13. Jahrhundert bestehenden Klosterh\u00f6fe lag in der Sicherung des kl\u00f6sterlichen Zugangs zu den st\u00e4dtischen Viktualien- und Kapitalm\u00e4rkten. Sie verf\u00fcgten daher \u00fcber Lager- und Verwaltungsr\u00e4ume. So konnten bspw. die in Landwirtschaft und Gewerbe erzielten \u00dcbersch\u00fcsse in den Stadth\u00f6fen vermarktet werden. In Bamberg gab es den Alten Ebracher Hof (Vorderer Bach 5) und den Neuen Ebracher Hof (Unterer Kaulberg 4). Weitere Stadth\u00f6fe befanden sich u.a. in Schweinfurt, W\u00fcrzburg und Schwabach. Die Ebracher H\u00f6fe stellen bis heute markante st\u00e4dtebauliche Akzente dar.\\u003Cbr\\u003E\\u003Cbr\\u003ENeuer Hof:\\u003Cbr\\u003E\\u003Ca href=\\u0022https:\/\/www.villa-concordia.de\\u0022 target=\\u0022_blank\\u0022\\u003Ehttps:\/\/www.villa-concordia.de\\u003C\/a\\u003E\\u003Cbr\\u003E\\u003Cbr\\u003EKontakt: \\u003Cbr\\u003ETelefon: 0951 95501-0\\u003Cbr\\u003EE-Mail: kontakt@villa-concordia.de\\u003Cbr\\u003E\\u003C\/div\\u003E\\u003Cdiv class=\\u0022oum_location_text_bottom\\u0022\\u003E\\u003C\/div\\u003E\\u003C\/div\\u003E\\u003Cdiv class=\\u0022edit-location-button-placeholder\\u0022 data-post-id=\\u002210746\\u0022\\u003E\\u003C\/div\\u003E\\u003Cdiv style=\\u0022display: none\\u0022\\u003Eebracher-stadthoefe-in-bamberg\\u003C\/div\\u003E\",\"icon\":\"https:\/\/cisterscapes.eu\/wp-content\/uploads\/2023\/06\/favicon_180.png\",\"types\":[\"533\"],\"post_id\":\"10746\",\"address\":\"\",\"text\":\"Ebrach errichtete ein Netz von Stadth\u00f6fen. Die Aufgaben der seit dem 12. und beginnenden 13. Jahrhundert bestehenden Klosterh\u00f6fe lag in der Sicherung des kl\u00f6sterlichen Zugangs zu den st\u00e4dtischen Viktualien- und Kapitalm\u00e4rkten. Sie verf\u00fcgten daher \u00fcber Lager- und Verwaltungsr\u00e4ume. So konnten bspw. die in Landwirtschaft und Gewerbe erzielten \u00dcbersch\u00fcsse in den Stadth\u00f6fen vermarktet werden. In Bamberg gab es den Alten Ebracher Hof (Vorderer Bach 5) und den Neuen Ebracher Hof (Unterer Kaulberg 4). Weitere Stadth\u00f6fe befanden sich u.a. in Schweinfurt, W\u00fcrzburg und Schwabach. Die Ebracher H\u00f6fe stellen bis heute markante st\u00e4dtebauliche Akzente dar.\\u003Cbr\\u003E\\u003Cbr\\u003ENeuer Hof:\\u003Cbr\\u003E\\u003Ca href=\\u0022https:\/\/www.villa-concordia.de\\u0022 target=\\u0022_blank\\u0022\\u003Ehttps:\/\/www.villa-concordia.de\\u003C\/a\\u003E\\u003Cbr\\u003E\\u003Cbr\\u003EKontakt: \\u003Cbr\\u003ETelefon: 0951 95501-0\\u003Cbr\\u003EE-Mail: kontakt@villa-concordia.de\\u003Cbr\\u003E\",\"image\":\"\",\"audio\":\"\",\"video\":\"\",\"custom_fields\":[],\"votes\":0,\"star_rating_avg\":0,\"star_rating_count\":0},{\"title\":\"Elgersheimer Hof\",\"lat\":\"49.871194716933\",\"lng\":\"10.176082964261\",\"zoom\":\"18\",\"content\":\"\\u003Cdiv class=\\u0022oum_location_text\\u0022\\u003E\\u003Cdiv class=\\u0022oum_location_title\\u0022\\u003E\\u003Ch3 class=\\u0022oum_location_name\\u0022\\u003EElgersheimer Hof\\u003C\/h3\\u003E\\u003Cdiv class=\\u0022oum_location_category_icons\\u0022\\u003E\\u003Cimg class=\\u0022oum_category_icon\\u0022 src=\\u0022https:\/\/cisterscapes.eu\/wp-content\/uploads\/2023\/06\/favicon_180.png\\u0022 alt=\\u0022Klosterlandschaft Ebrach\\u0022 title=\\u0022Klosterlandschaft Ebrach\\u0022\\u003E\\u003C\/div\\u003E\\u003C\/div\\u003E\\u003Cdiv class=\\u0022oum_location_description\\u0022\\u003E\\u003Cbr\\u003EDie Amtsh\u00f6fe mit angegliederten, u. a. auf den Weinbau ausgerichteten \u00d6konomien wie z.B. Elgersheim (seit 1178) im heutigen Landkreis Kitzingen lagen gewisserma\u00dfen in einem zweiten Ring um den Kernbesitz Ebrachs. Die Amtsh\u00f6fe in den Weinbaugebieten waren Standorte von Keltereien und Weinlager \u2013 zus\u00e4tzlich zum Hauptlager in Ebrach. Der Elgersheimer Hof wurde Sitz eines Amtes mit zwei M\u00f6nchen und einem weltlichen Verwalter, dem \u201eWeingartsmann\u201c, der mit weiteren Helfern Landwirtschaft und Weinbau betrieb. 1712 wurde das Herrenhaus des Amtshofes neu errichtet. Zum Hof geh\u00f6rten zudem ein Lagerkeller, eine Scheune, ein Kalterhaus, ein Garten und ein Bauernhaus.\\u003Cbr\\u003E\\u003Cbr\\u003E\\u003Ca href=\\u0022https:\/\/elgersheimer-hof.de\\u0022 target=\\u0022_blank\\u0022\\u003Ehttps:\/\/elgersheimer-hof.de\\u003C\/a\\u003E\\u003Cbr\\u003E\\u003Cbr\\u003EKontakt: \\u003Cbr\\u003ETelefon: 09381 9921 | 0170 8683848\\u003Cbr\\u003EE-Mail: info@elgersheimer-hof.de\\u003C\/div\\u003E\\u003Cdiv class=\\u0022oum_location_text_bottom\\u0022\\u003E\\u003C\/div\\u003E\\u003C\/div\\u003E\\u003Cdiv class=\\u0022edit-location-button-placeholder\\u0022 data-post-id=\\u002210745\\u0022\\u003E\\u003C\/div\\u003E\\u003Cdiv style=\\u0022display: none\\u0022\\u003Eelgersheimer-hof\\u003C\/div\\u003E\",\"icon\":\"https:\/\/cisterscapes.eu\/wp-content\/uploads\/2023\/06\/favicon_180.png\",\"types\":[\"533\"],\"post_id\":\"10745\",\"address\":\"\",\"text\":\"\\u003Cbr\\u003EDie Amtsh\u00f6fe mit angegliederten, u. a. auf den Weinbau ausgerichteten \u00d6konomien wie z.B. Elgersheim (seit 1178) im heutigen Landkreis Kitzingen lagen gewisserma\u00dfen in einem zweiten Ring um den Kernbesitz Ebrachs. Die Amtsh\u00f6fe in den Weinbaugebieten waren Standorte von Keltereien und Weinlager \u2013 zus\u00e4tzlich zum Hauptlager in Ebrach. Der Elgersheimer Hof wurde Sitz eines Amtes mit zwei M\u00f6nchen und einem weltlichen Verwalter, dem \u201eWeingartsmann\u201c, der mit weiteren Helfern Landwirtschaft und Weinbau betrieb. 1712 wurde das Herrenhaus des Amtshofes neu errichtet. Zum Hof geh\u00f6rten zudem ein Lagerkeller, eine Scheune, ein Kalterhaus, ein Garten und ein Bauernhaus.\\u003Cbr\\u003E\\u003Cbr\\u003E\\u003Ca href=\\u0022https:\/\/elgersheimer-hof.de\\u0022 target=\\u0022_blank\\u0022\\u003Ehttps:\/\/elgersheimer-hof.de\\u003C\/a\\u003E\\u003Cbr\\u003E\\u003Cbr\\u003EKontakt: \\u003Cbr\\u003ETelefon: 09381 9921 | 0170 8683848\\u003Cbr\\u003EE-Mail: info@elgersheimer-hof.de\",\"image\":\"\",\"audio\":\"\",\"video\":\"\",\"custom_fields\":[],\"votes\":0,\"star_rating_avg\":0,\"star_rating_count\":0},{\"title\":\"Mainstockheimer Hof\",\"lat\":\"49.7724994\",\"lng\":\"10.1520309\",\"zoom\":\"14\",\"content\":\"\\u003Cdiv class=\\u0022oum_location_text\\u0022\\u003E\\u003Cdiv class=\\u0022oum_location_title\\u0022\\u003E\\u003Ch3 class=\\u0022oum_location_name\\u0022\\u003EMainstockheimer Hof\\u003C\/h3\\u003E\\u003Cdiv class=\\u0022oum_location_category_icons\\u0022\\u003E\\u003Cimg class=\\u0022oum_category_icon\\u0022 src=\\u0022https:\/\/cisterscapes.eu\/wp-content\/uploads\/2023\/06\/favicon_180.png\\u0022 alt=\\u0022Klosterlandschaft Ebrach\\u0022 title=\\u0022Klosterlandschaft Ebrach\\u0022\\u003E\\u003C\/div\\u003E\\u003C\/div\\u003E\\u003Cdiv class=\\u0022oum_location_description\\u0022\\u003E\\u003Cbr\\u003ENeben dem Elgersheimer Hof (seit 1178) war Mainstockheim seit 1136 einer der bedeutendsten Weinbaustandorte der Zisterze Ebrach. Den Kern der Anlage bildet das stattliche Amtshaus, das 1621-1624 im Renaissance-Stil errichtet wurde. Der zwischen 1729 und 1734 angelegte Barockgarten ist in drei Ebenen - sog. Parterres - gegliedert, die dem Maintal zugewandt sind.\\u003Cbr\\u003EDer Mainstockheimer Hof hatte f\u00fcr das Kloster eine wichtige Funktion. Zum einen war er der Br\u00fcckenkopf am Main, \u00f6ffnete das Tor f\u00fcr den Handel und galt als beliebte Zwischenstation auf dem Weg von Ebrach nach W\u00fcrzburg. Zum anderen nahm Mainstockheim f\u00fcr die Ebracher Untertanen der umliegenden Ortschaften als Sitz eines ebrachischen Amtshofs eine wichtige Funktion ein.\\u003Cbr\\u003E\\u003Cbr\\u003E\\u003Ca href=\\u0022https:\/\/seniorenheim-ebracher-hof.de\\u0022 target=\\u0022_blank\\u0022\\u003Ehttps:\/\/seniorenheim-ebracher-hof.de\\u003C\/a\\u003E\\u003Cbr\\u003E\\u003Cbr\\u003EKontakt: \\u003Cbr\\u003ETelefon: 09321 \u2013 76 13\\u003Cbr\\u003E\\u2028\\u2028E-Mail:info@seniorenheim-ebracher-hof.de\\u003C\/div\\u003E\\u003Cdiv class=\\u0022oum_location_text_bottom\\u0022\\u003E\\u003C\/div\\u003E\\u003C\/div\\u003E\\u003Cdiv class=\\u0022edit-location-button-placeholder\\u0022 data-post-id=\\u002210777\\u0022\\u003E\\u003C\/div\\u003E\\u003Cdiv style=\\u0022display: none\\u0022\\u003Emainstockheimer-hof\\u003C\/div\\u003E\",\"icon\":\"https:\/\/cisterscapes.eu\/wp-content\/uploads\/2023\/06\/favicon_180.png\",\"types\":[\"533\"],\"post_id\":\"10777\",\"address\":\"\",\"text\":\"\\u003Cbr\\u003ENeben dem Elgersheimer Hof (seit 1178) war Mainstockheim seit 1136 einer der bedeutendsten Weinbaustandorte der Zisterze Ebrach. Den Kern der Anlage bildet das stattliche Amtshaus, das 1621-1624 im Renaissance-Stil errichtet wurde. Der zwischen 1729 und 1734 angelegte Barockgarten ist in drei Ebenen - sog. Parterres - gegliedert, die dem Maintal zugewandt sind.\\u003Cbr\\u003EDer Mainstockheimer Hof hatte f\u00fcr das Kloster eine wichtige Funktion. Zum einen war er der Br\u00fcckenkopf am Main, \u00f6ffnete das Tor f\u00fcr den Handel und galt als beliebte Zwischenstation auf dem Weg von Ebrach nach W\u00fcrzburg. Zum anderen nahm Mainstockheim f\u00fcr die Ebracher Untertanen der umliegenden Ortschaften als Sitz eines ebrachischen Amtshofs eine wichtige Funktion ein.\\u003Cbr\\u003E\\u003Cbr\\u003E\\u003Ca href=\\u0022https:\/\/seniorenheim-ebracher-hof.de\\u0022 target=\\u0022_blank\\u0022\\u003Ehttps:\/\/seniorenheim-ebracher-hof.de\\u003C\/a\\u003E\\u003Cbr\\u003E\\u003Cbr\\u003EKontakt: \\u003Cbr\\u003ETelefon: 09321 \u2013 76 13\\u003Cbr\\u003E\\u2028\\u2028E-Mail:info@seniorenheim-ebracher-hof.de\",\"image\":\"\",\"audio\":\"\",\"video\":\"\",\"custom_fields\":[],\"votes\":0,\"star_rating_avg\":0,\"star_rating_count\":0},{\"title\":\"M\u00f6nchsondheim\",\"lat\":\"49.6678224\",\"lng\":\"10.2801172\",\"zoom\":\"12\",\"content\":\"\\u003Cdiv class=\\u0022oum_location_text\\u0022\\u003E\\u003Cdiv class=\\u0022oum_location_title\\u0022\\u003E\\u003Ch3 class=\\u0022oum_location_name\\u0022\\u003EM\u00f6nchsondheim\\u003C\/h3\\u003E\\u003Cdiv class=\\u0022oum_location_category_icons\\u0022\\u003E\\u003Cimg class=\\u0022oum_category_icon\\u0022 src=\\u0022https:\/\/cisterscapes.eu\/wp-content\/uploads\/2023\/06\/favicon_180.png\\u0022 alt=\\u0022Klosterlandschaft Ebrach\\u0022 title=\\u0022Klosterlandschaft Ebrach\\u0022\\u003E\\u003C\/div\\u003E\\u003C\/div\\u003E\\u003Cdiv class=\\u0022oum_location_description\\u0022\\u003E\\u003Cbr\\u003EM\u00f6nchsondheim liegt in der Hellmitzheimer Bucht und zeichnet sich durch seine fruchtbaren L\u00f6ssfelder aus. Das Dorf war als Produktionsst\u00e4tte landwirtschaftlicher Erzeugnisse und als Weinbauort f\u00fcr die \u00d6konomie der Abtei Ebrach von hoher Bedeutung. Der Erwerb einer ganzen Ortschaft in relativ gro\u00dfer Entfernung zum Kloster Ebrach ist sicherlich auf dessen ertragreiche Landwirtschaft zur\u00fcckzuf\u00fchren. Obwohl das Kloster die Dorfherrschaft bis zur S\u00e4kularisation 1803 besa\u00df, nahmen die Bewohner den evangelischen Glauben an. Den Mittelpunkt des Dorfes bildet die Kirchenburganlage mit der Pfarrkirche St. Bonifatius als Kern des Freilandmuseums.  \\u003Cbr\\u003E\\u003Cbr\\u003E\\u003Ca href=\\u0022https:\/\/kirchenburgmuseum.de\\u0022 target=\\u0022_blank\\u0022\\u003Ehttps:\/\/kirchenburgmuseum.de\\u003C\/a\\u003E\\u003Cbr\\u003E\\u003Cbr\\u003EKontakt: \\u003Cbr\\u003E\\u003Cstrong\\u003EMuseumsleitung\\u003C\/strong\\u003E:\\u003Cbr\\u003E\\u2028Robert Sch\u00e4fer | r.schaefer@kirchenburgmuseum.de\\u2028\\u003Cbr\\u003E\\u003Cstrong\\u003EMuseumsp\u00e4dagogik | Sammlungsmanagement\\u003C\/strong\\u003E\u00a0\\u2028\\u003Cbr\\u003EAnne Engelhardt | a.engelhardt@kirchenburgmuseum.de\\u003Cbr\\u003E\\u003Cstrong\\u003E\\u2028Sammlungsqualifikation\\u2028\\u003C\/strong\\u003E\\u003Cbr\\u003EAnna Hopfner | a.hopfner@kirchenburgmuseum.de\u00a0\\u003C\/div\\u003E\\u003Cdiv class=\\u0022oum_location_text_bottom\\u0022\\u003E\\u003C\/div\\u003E\\u003C\/div\\u003E\\u003Cdiv class=\\u0022edit-location-button-placeholder\\u0022 data-post-id=\\u002210772\\u0022\\u003E\\u003C\/div\\u003E\\u003Cdiv style=\\u0022display: none\\u0022\\u003Emoenchsondheim\\u003C\/div\\u003E\",\"icon\":\"https:\/\/cisterscapes.eu\/wp-content\/uploads\/2023\/06\/favicon_180.png\",\"types\":[\"533\"],\"post_id\":\"10772\",\"address\":\"\",\"text\":\"\\u003Cbr\\u003EM\u00f6nchsondheim liegt in der Hellmitzheimer Bucht und zeichnet sich durch seine fruchtbaren L\u00f6ssfelder aus. Das Dorf war als Produktionsst\u00e4tte landwirtschaftlicher Erzeugnisse und als Weinbauort f\u00fcr die \u00d6konomie der Abtei Ebrach von hoher Bedeutung. Der Erwerb einer ganzen Ortschaft in relativ gro\u00dfer Entfernung zum Kloster Ebrach ist sicherlich auf dessen ertragreiche Landwirtschaft zur\u00fcckzuf\u00fchren. Obwohl das Kloster die Dorfherrschaft bis zur S\u00e4kularisation 1803 besa\u00df, nahmen die Bewohner den evangelischen Glauben an. Den Mittelpunkt des Dorfes bildet die Kirchenburganlage mit der Pfarrkirche St. Bonifatius als Kern des Freilandmuseums.  \\u003Cbr\\u003E\\u003Cbr\\u003E\\u003Ca href=\\u0022https:\/\/kirchenburgmuseum.de\\u0022 target=\\u0022_blank\\u0022\\u003Ehttps:\/\/kirchenburgmuseum.de\\u003C\/a\\u003E\\u003Cbr\\u003E\\u003Cbr\\u003EKontakt: \\u003Cbr\\u003E\\u003Cstrong\\u003EMuseumsleitung\\u003C\/strong\\u003E:\\u003Cbr\\u003E\\u2028Robert Sch\u00e4fer | r.schaefer@kirchenburgmuseum.de\\u2028\\u003Cbr\\u003E\\u003Cstrong\\u003EMuseumsp\u00e4dagogik | Sammlungsmanagement\\u003C\/strong\\u003E\u00a0\\u2028\\u003Cbr\\u003EAnne Engelhardt | a.engelhardt@kirchenburgmuseum.de\\u003Cbr\\u003E\\u003Cstrong\\u003E\\u2028Sammlungsqualifikation\\u2028\\u003C\/strong\\u003E\\u003Cbr\\u003EAnna Hopfner | a.hopfner@kirchenburgmuseum.de\u00a0\",\"image\":\"\",\"audio\":\"\",\"video\":\"\",\"custom_fields\":[],\"votes\":0,\"star_rating_avg\":0,\"star_rating_count\":0},{\"title\":\"Koppenwind Castle\",\"lat\":\"49.872109404785\",\"lng\":\"10.566354680206\",\"zoom\":\"18\",\"content\":\"\\u003Cdiv class=\\u0022oum_location_text\\u0022\\u003E\\u003Cdiv class=\\u0022oum_location_title\\u0022\\u003E\\u003Ch3 class=\\u0022oum_location_name\\u0022\\u003EKoppenwind Castle\\u003C\/h3\\u003E\\u003Cdiv class=\\u0022oum_location_category_icons\\u0022\\u003E\\u003Cimg class=\\u0022oum_category_icon\\u0022 src=\\u0022https:\/\/cisterscapes.eu\/wp-content\/uploads\/2023\/06\/favicon_180.png\\u0022 alt=\\u0022Klosterlandschaft Ebrach\\u0022 title=\\u0022Klosterlandschaft Ebrach\\u0022\\u003E\\u003C\/div\\u003E\\u003C\/div\\u003E\\u003Cdiv class=\\u0022oum_location_description\\u0022\\u003E\\u003Cbr\\u003EDer ehemalige Ebrach\\u0027sche Amtshof in Koppenwind, ausgebaut im 18. Jahrhundert zum Amtsschloss mit Gartenanlage, befindet sich am s\u00fcdwestlichen Rand des Dorfes. 1626\/27 hatte das Kloster Ebrach mit dem reichsritterschaftlich gepr\u00e4gten Dorf Koppenwind auch die ehem. Wasserburg und den zugeh\u00f6rigen \u00d6konomiehof mit 36 ha Ackerland, 10 ha Wiesen und Gartenland der Ritter von Rotenhan erworben. Abt Johannes V. Dressel (1618 bis 1637) lie\u00df die Wasserburg Instand setzen. Ebrach unterhielt fortan eine Sch\u00e4ferei und versuchte die geringe Landausstattung der Koppenwinder Hofstellen u.a. durch die Rodung von 41 Morgen Wald zu erh\u00f6hen.\\u003Cbr\\u003E\\u003Cbr\\u003EKontakt:\\u003Cbr\\u003EEigent\u00fcmer Schloss Koppenwind Familie Berthold\\u2028\\u003Cbr\\u003EMobil: 0170 2484808\\u003C\/div\\u003E\\u003Cdiv class=\\u0022oum_location_text_bottom\\u0022\\u003E\\u003C\/div\\u003E\\u003C\/div\\u003E\\u003Cdiv class=\\u0022edit-location-button-placeholder\\u0022 data-post-id=\\u002210681\\u0022\\u003E\\u003C\/div\\u003E\\u003Cdiv style=\\u0022display: none\\u0022\\u003Eamtsschloss-koppenwind\\u003C\/div\\u003E\",\"icon\":\"https:\/\/cisterscapes.eu\/wp-content\/uploads\/2023\/06\/favicon_180.png\",\"types\":[\"533\"],\"post_id\":\"10681\",\"address\":\"\",\"text\":\"\\u003Cbr\\u003EDer ehemalige Ebrach\\\\\\u0027sche Amtshof in Koppenwind, ausgebaut im 18. Jahrhundert zum Amtsschloss mit Gartenanlage, befindet sich am s\u00fcdwestlichen Rand des Dorfes. 1626\/27 hatte das Kloster Ebrach mit dem reichsritterschaftlich gepr\u00e4gten Dorf Koppenwind auch die ehem. Wasserburg und den zugeh\u00f6rigen \u00d6konomiehof mit 36 ha Ackerland, 10 ha Wiesen und Gartenland der Ritter von Rotenhan erworben. Abt Johannes V. Dressel (1618 bis 1637) lie\u00df die Wasserburg Instand setzen. Ebrach unterhielt fortan eine Sch\u00e4ferei und versuchte die geringe Landausstattung der Koppenwinder Hofstellen u.a. durch die Rodung von 41 Morgen Wald zu erh\u00f6hen.\\u003Cbr\\u003E\\u003Cbr\\u003EKontakt:\\u003Cbr\\u003EEigent\u00fcmer Schloss Koppenwind Familie Berthold\\u2028\\u003Cbr\\u003EMobil: 0170 2484808\",\"image\":\"\",\"audio\":\"\",\"video\":\"\",\"custom_fields\":[],\"votes\":0,\"star_rating_avg\":0,\"star_rating_count\":0},{\"title\":\"Herb parlor at the castle\",\"lat\":\"49.96816926991\",\"lng\":\"10.477445071229\",\"zoom\":\"18\",\"content\":\"\\u003Cdiv class=\\u0022oum_location_text\\u0022\\u003E\\u003Cdiv class=\\u0022oum_location_title\\u0022\\u003E\\u003Ch3 class=\\u0022oum_location_name\\u0022\\u003EHerb parlor at the castle\\u003C\/h3\\u003E\\u003Cdiv class=\\u0022oum_location_category_icons\\u0022\\u003E\\u003Cimg class=\\u0022oum_category_icon\\u0022 src=\\u0022https:\/\/cisterscapes.eu\/wp-content\/uploads\/2023\/06\/favicon_180.png\\u0022 alt=\\u0022Klosterlandschaft Ebrach\\u0022 title=\\u0022Klosterlandschaft Ebrach\\u0022\\u003E\\u003C\/div\\u003E\\u003C\/div\\u003E\\u003Cdiv class=\\u0022oum_location_description\\u0022\\u003EDirekt am Schlosseingang befindet sich die \u201eKr\u00e4uterstube am Schloss\u201c. Kr\u00e4uterf\u00fchrerin und Heilkr\u00e4uterexpertin Elisabeth Schertel bietet im ehemaligen Pf\u00f6rtnerh\u00e4uschen neben Kr\u00e4uterprodukte aus eigener Herstellung auch Kr\u00e4uterf\u00fchrungen, Vortr\u00e4ge und Kochkurse mit Wildkr\u00e4utern an. Hier finden sich selbstgemachte Wildkr\u00e4uterprodukte, Tee, Sirup, Frucht- und Brotaufstriche, Lik\u00f6re, R\u00e4ucherwaren und vieles mehr.\\u2028\\u003Cbr\\u003E\\u003Cbr\\u003E\u00d6ffnungszeiten Kr\u00e4uterstube:\\u2028Mittwoch \u2013 Samstag: 14.00 Uhr bis 18.00 Uhr und auf Anfrage\\u003Cbr\\u003E\\u003Cbr\\u003EKontakt:\\u2028\\u003Cbr\\u003EKr\u00e4uterstube am Schloss\\u003Cbr\\u003E\\u2028Elisabeth Schertel\\u2028\\u003Cbr\\u003ESchlo\u00dfstra\u00dfe 6\\u202897478 Knetzgau \u2013 Oberschwappach\\u2028\\u003Cbr\\u003E\\u003Cbr\\u003ETel.: 09527 684\\u003Cbr\\u003E\\u2028Mobil: 0178 4802731\u00a0\\u003C\/div\\u003E\\u003Cdiv class=\\u0022oum_location_text_bottom\\u0022\\u003E\\u003C\/div\\u003E\\u003C\/div\\u003E\\u003Cdiv class=\\u0022edit-location-button-placeholder\\u0022 data-post-id=\\u002210766\\u0022\\u003E\\u003C\/div\\u003E\\u003Cdiv style=\\u0022display: none\\u0022\\u003Ekraeuterstube-am-schloss\\u003C\/div\\u003E\",\"icon\":\"https:\/\/cisterscapes.eu\/wp-content\/uploads\/2023\/06\/favicon_180.png\",\"types\":[\"533\"],\"post_id\":\"10766\",\"address\":\"\",\"text\":\"Direkt am Schlosseingang befindet sich die \u201eKr\u00e4uterstube am Schloss\u201c. Kr\u00e4uterf\u00fchrerin und Heilkr\u00e4uterexpertin Elisabeth Schertel bietet im ehemaligen Pf\u00f6rtnerh\u00e4uschen neben Kr\u00e4uterprodukte aus eigener Herstellung auch Kr\u00e4uterf\u00fchrungen, Vortr\u00e4ge und Kochkurse mit Wildkr\u00e4utern an. Hier finden sich selbstgemachte Wildkr\u00e4uterprodukte, Tee, Sirup, Frucht- und Brotaufstriche, Lik\u00f6re, R\u00e4ucherwaren und vieles mehr.\\u2028\\u003Cbr\\u003E\\u003Cbr\\u003E\u00d6ffnungszeiten Kr\u00e4uterstube:\\u2028Mittwoch \u2013 Samstag: 14.00 Uhr bis 18.00 Uhr und auf Anfrage\\u003Cbr\\u003E\\u003Cbr\\u003EKontakt:\\u2028\\u003Cbr\\u003EKr\u00e4uterstube am Schloss\\u003Cbr\\u003E\\u2028Elisabeth Schertel\\u2028\\u003Cbr\\u003ESchlo\u00dfstra\u00dfe 6\\u202897478 Knetzgau \u2013 Oberschwappach\\u2028\\u003Cbr\\u003E\\u003Cbr\\u003ETel.: 09527 684\\u003Cbr\\u003E\\u2028Mobil: 0178 4802731\u00a0\",\"image\":\"\",\"audio\":\"\",\"video\":\"\",\"custom_fields\":[],\"votes\":0,\"star_rating_avg\":0,\"star_rating_count\":0},{\"title\":\"Official castle Oberschwappach\",\"lat\":\"49.9682532\",\"lng\":\"10.477341\",\"zoom\":\"18\",\"content\":\"\\u003Cdiv class=\\u0022oum_location_text\\u0022\\u003E\\u003Cdiv class=\\u0022oum_location_title\\u0022\\u003E\\u003Ch3 class=\\u0022oum_location_name\\u0022\\u003EOfficial castle Oberschwappach\\u003C\/h3\\u003E\\u003Cdiv class=\\u0022oum_location_category_icons\\u0022\\u003E\\u003Cimg class=\\u0022oum_category_icon\\u0022 src=\\u0022https:\/\/cisterscapes.eu\/wp-content\/uploads\/2023\/06\/favicon_180.png\\u0022 alt=\\u0022Klosterlandschaft Ebrach\\u0022 title=\\u0022Klosterlandschaft Ebrach\\u0022\\u003E\\u003C\/div\\u003E\\u003C\/div\\u003E\\u003Cdiv class=\\u0022oum_location_description\\u0022\\u003E\\u003Cbr\\u003EDie Besitzenklave Oberschwappach grenzte \u00f6stlich an das M\u00f6nchseigen und war einer der Weinbaustandorte Ebrachs. 1525 wurde der Amtshof eingerichtet. In den Jahren 1733-1738 vermutlich nach Pl\u00e4nen von Joseph Greissing als zweigeschossige Dreifl\u00fcgelanlage zum barocken Schloss ausgebaut. Es diente fortan als Sommersitz der \u00c4bte von Ebrach. Zentraler Bestandteil des Schlosses war ein Barockgarten. Nach Norden f\u00fcgen sich bis heute erhaltene Terrasseng\u00e4rten an, die kaskadenf\u00f6rmig zum Dorf abfallen. Mit der S\u00e4kularisation des Klosters Ebrach 1803 wurde der Sommersitz zum Exil und Alterssitz des letzten Abtes Eugen Montag. Heute ist u.a. ein Museum im ehem. Amtsschloss untergebracht.\\u003Cbr\\u003E\\u003Cbr\\u003E\\u003Ca href=\\u0022https:\/\/oberschwappach.info\\u0022 target=\\u0022_blank\\u0022\\u003Ehttps:\/\/oberschwappach.info\\u003C\/a\\u003E\\u003Cbr\\u003EKontakt: \\u003Cbr\\u003EGemeinde Knetzgau\\u003Cbr\\u003ETelefon: 09527 79 79\\u003Cbr\\u003E\\u2028E-Mail: kultur@knetzgau.de\\u003C\/div\\u003E\\u003Cdiv class=\\u0022oum_location_text_bottom\\u0022\\u003E\\u003C\/div\\u003E\\u003C\/div\\u003E\\u003Cdiv class=\\u0022edit-location-button-placeholder\\u0022 data-post-id=\\u002210752\\u0022\\u003E\\u003C\/div\\u003E\\u003Cdiv style=\\u0022display: none\\u0022\\u003Eamtsschloss-oberschwappach\\u003C\/div\\u003E\",\"icon\":\"https:\/\/cisterscapes.eu\/wp-content\/uploads\/2023\/06\/favicon_180.png\",\"types\":[\"533\"],\"post_id\":\"10752\",\"address\":\"\",\"text\":\"\\u003Cbr\\u003EDie Besitzenklave Oberschwappach grenzte \u00f6stlich an das M\u00f6nchseigen und war einer der Weinbaustandorte Ebrachs. 1525 wurde der Amtshof eingerichtet. In den Jahren 1733-1738 vermutlich nach Pl\u00e4nen von Joseph Greissing als zweigeschossige Dreifl\u00fcgelanlage zum barocken Schloss ausgebaut. Es diente fortan als Sommersitz der \u00c4bte von Ebrach. Zentraler Bestandteil des Schlosses war ein Barockgarten. Nach Norden f\u00fcgen sich bis heute erhaltene Terrasseng\u00e4rten an, die kaskadenf\u00f6rmig zum Dorf abfallen. Mit der S\u00e4kularisation des Klosters Ebrach 1803 wurde der Sommersitz zum Exil und Alterssitz des letzten Abtes Eugen Montag. Heute ist u.a. ein Museum im ehem. Amtsschloss untergebracht.\\u003Cbr\\u003E\\u003Cbr\\u003E\\u003Ca href=\\u0022https:\/\/oberschwappach.info\\u0022 target=\\u0022_blank\\u0022\\u003Ehttps:\/\/oberschwappach.info\\u003C\/a\\u003E\\u003Cbr\\u003EKontakt: \\u003Cbr\\u003EGemeinde Knetzgau\\u003Cbr\\u003ETelefon: 09527 79 79\\u003Cbr\\u003E\\u2028E-Mail: kultur@knetzgau.de\",\"image\":\"\",\"audio\":\"\",\"video\":\"\",\"custom_fields\":[],\"votes\":0,\"star_rating_avg\":0,\"star_rating_count\":0},{\"title\":\"Sulzheim Castle\",\"lat\":\"49.945288137516\",\"lng\":\"10.339236585565\",\"zoom\":\"16\",\"content\":\"\\u003Cdiv class=\\u0022oum_location_text\\u0022\\u003E\\u003Cdiv class=\\u0022oum_location_title\\u0022\\u003E\\u003Ch3 class=\\u0022oum_location_name\\u0022\\u003ESulzheim Castle\\u003C\/h3\\u003E\\u003Cdiv class=\\u0022oum_location_category_icons\\u0022\\u003E\\u003Cimg class=\\u0022oum_category_icon\\u0022 src=\\u0022https:\/\/cisterscapes.eu\/wp-content\/uploads\/2023\/06\/favicon_180.png\\u0022 alt=\\u0022Klosterlandschaft Ebrach\\u0022 title=\\u0022Klosterlandschaft Ebrach\\u0022\\u003E\\u003C\/div\\u003E\\u003C\/div\\u003E\\u003Cdiv class=\\u0022oum_location_description\\u0022\\u003E\\u003Cbr\\u003EUnter der Regentschaft von Abt Wilhelm S\u00f6lner (1714-41) wurde im M\u00f6nchseigen der Sulzheimer Amtshof von 1722 bis 1728 unter teilweiser Miteinbeziehung \u00e4lterer Bauteile als Dreifl\u00fcgelanlage neu errichtet. Das bis heute weitgehend unver\u00e4nderte Bauwerk z\u00e4hlt zusammen mit den im gleichen Zeitraum entstandenen Amtsschl\u00f6ssern in Oberschwappach und Burgwindheim zu den gr\u00f6\u00dften Bauleistungen der Abtei Ebrach. Die repr\u00e4sentativen Bauten waren Ausdruck des Selbstbewusstseins des Klosters und zugleich zeugten sie von der \u201eS\u00f6lner\u2019sche Aufsteigermentalit\u00e4t\u201c, eines Abtes mit b\u00fcrgerlichen Wurzeln. Nordwestlich an den unteren Schlosshof schlie\u00dft ein gro\u00dfer Baumgarten an, der in weiten Teilen von einer Sandsteinmauer gefasst ist.\\u003Cbr\\u003E\\u003Cbr\\u003E\\u003Ca href=\\u0022https:\/\/www.schloss-sulzheim.de\\u0022 target=\\u0022_blank\\u0022\\u003Ehttps:\/\/www.schloss-sulzheim.de\\u003C\/a\\u003E\\u003Cbr\\u003EKontakt: \\u003Cbr\\u003ETelefon: 09382 86 28\\u003Cbr\\u003E\\u2028E-Mail: info@schloss-sulzheim.de\\u003C\/div\\u003E\\u003Cdiv class=\\u0022oum_location_text_bottom\\u0022\\u003E\\u003C\/div\\u003E\\u003C\/div\\u003E\\u003Cdiv class=\\u0022edit-location-button-placeholder\\u0022 data-post-id=\\u002210755\\u0022\\u003E\\u003C\/div\\u003E\\u003Cdiv style=\\u0022display: none\\u0022\\u003Eamtsschloss-sulzheim\\u003C\/div\\u003E\",\"icon\":\"https:\/\/cisterscapes.eu\/wp-content\/uploads\/2023\/06\/favicon_180.png\",\"types\":[\"533\"],\"post_id\":\"10755\",\"address\":\"\",\"text\":\"\\u003Cbr\\u003EUnter der Regentschaft von Abt Wilhelm S\u00f6lner (1714-41) wurde im M\u00f6nchseigen der Sulzheimer Amtshof von 1722 bis 1728 unter teilweiser Miteinbeziehung \u00e4lterer Bauteile als Dreifl\u00fcgelanlage neu errichtet. Das bis heute weitgehend unver\u00e4nderte Bauwerk z\u00e4hlt zusammen mit den im gleichen Zeitraum entstandenen Amtsschl\u00f6ssern in Oberschwappach und Burgwindheim zu den gr\u00f6\u00dften Bauleistungen der Abtei Ebrach. Die repr\u00e4sentativen Bauten waren Ausdruck des Selbstbewusstseins des Klosters und zugleich zeugten sie von der \u201eS\u00f6lner\u2019sche Aufsteigermentalit\u00e4t\u201c, eines Abtes mit b\u00fcrgerlichen Wurzeln. Nordwestlich an den unteren Schlosshof schlie\u00dft ein gro\u00dfer Baumgarten an, der in weiten Teilen von einer Sandsteinmauer gefasst ist.\\u003Cbr\\u003E\\u003Cbr\\u003E\\u003Ca href=\\u0022https:\/\/www.schloss-sulzheim.de\\u0022 target=\\u0022_blank\\u0022\\u003Ehttps:\/\/www.schloss-sulzheim.de\\u003C\/a\\u003E\\u003Cbr\\u003EKontakt: \\u003Cbr\\u003ETelefon: 09382 86 28\\u003Cbr\\u003E\\u2028E-Mail: info@schloss-sulzheim.de\",\"image\":\"\",\"audio\":\"\",\"video\":\"\",\"custom_fields\":[],\"votes\":0,\"star_rating_avg\":0,\"star_rating_count\":0},{\"title\":\"Burgwindheim Castle\",\"lat\":\"49.827066779034\",\"lng\":\"10.597403045846\",\"zoom\":\"18\",\"content\":\"\\u003Cdiv class=\\u0022oum_location_text\\u0022\\u003E\\u003Cdiv class=\\u0022oum_location_title\\u0022\\u003E\\u003Ch3 class=\\u0022oum_location_name\\u0022\\u003EBurgwindheim Castle\\u003C\/h3\\u003E\\u003Cdiv class=\\u0022oum_location_category_icons\\u0022\\u003E\\u003Cimg class=\\u0022oum_category_icon\\u0022 src=\\u0022https:\/\/cisterscapes.eu\/wp-content\/uploads\/2023\/06\/favicon_180.png\\u0022 alt=\\u0022Klosterlandschaft Ebrach\\u0022 title=\\u0022Klosterlandschaft Ebrach\\u0022\\u003E\\u003C\/div\\u003E\\u003C\/div\\u003E\\u003Cdiv class=\\u0022oum_location_description\\u0022\\u003E\\u003Cbr\\u003EUm den neuen Verwaltungssitz vom \u00f6stlichen M\u00f6nchsgau ab 1728 baulich zu repr\u00e4sentieren, l\u00e4sst Abt Wilhelm S\u00f6lner das prunkvolle Amtsschloss in Burgwindheim errichten. Es besitzt eine doppelte Spiegelsymmetrie mit Eckpavillons, zwischen denen die Front des Geb\u00e4udes kulissenhaft zur\u00fcckweicht. Die urspr\u00fcngliche Gestaltkonzeption stammt wohl von Joseph Greissing, der ausgef\u00fchrte Entwurf vermutlich von Balthasar Neumann. Westlich des Schlosses schlie\u00dft der ehemalige Garten des Amtmanns an. Im Osten und S\u00fcden erstreckt sich der Schlossgarten. Er ist zum ehemaligen Dorfsee hin seit 1740\/50 durch Futtermauern mit Streben und Balustergel\u00e4ndern umfasst.\\u2028\\u003Cbr\\u003E\\u003Cbr\\u003EWebsite: \\u003Ca href=\\u0022https:\/\/www.burgwindheim.de\\u0022 target=\\u0022_blank\\u0022\\u003Ehttps:\/\/www.burgwindheim.de\\u003C\/a\\u003E\\u003Cbr\\u003EKontakt: \\u003Cbr\\u003ETel.: 09551 1050 \\u003Cbr\\u003EE-Mail: info@burgwindheim.de\\u003C\/div\\u003E\\u003Cdiv class=\\u0022oum_location_text_bottom\\u0022\\u003E\\u003C\/div\\u003E\\u003C\/div\\u003E\\u003Cdiv class=\\u0022edit-location-button-placeholder\\u0022 data-post-id=\\u002210767\\u0022\\u003E\\u003C\/div\\u003E\\u003Cdiv style=\\u0022display: none\\u0022\\u003Eamtsschloss-burgwindheim\\u003C\/div\\u003E\",\"icon\":\"https:\/\/cisterscapes.eu\/wp-content\/uploads\/2023\/06\/favicon_180.png\",\"types\":[\"533\"],\"post_id\":\"10767\",\"address\":\"\",\"text\":\"\\u003Cbr\\u003EUm den neuen Verwaltungssitz vom \u00f6stlichen M\u00f6nchsgau ab 1728 baulich zu repr\u00e4sentieren, l\u00e4sst Abt Wilhelm S\u00f6lner das prunkvolle Amtsschloss in Burgwindheim errichten. Es besitzt eine doppelte Spiegelsymmetrie mit Eckpavillons, zwischen denen die Front des Geb\u00e4udes kulissenhaft zur\u00fcckweicht. Die urspr\u00fcngliche Gestaltkonzeption stammt wohl von Joseph Greissing, der ausgef\u00fchrte Entwurf vermutlich von Balthasar Neumann. Westlich des Schlosses schlie\u00dft der ehemalige Garten des Amtmanns an. Im Osten und S\u00fcden erstreckt sich der Schlossgarten. Er ist zum ehemaligen Dorfsee hin seit 1740\/50 durch Futtermauern mit Streben und Balustergel\u00e4ndern umfasst.\\u2028\\u003Cbr\\u003E\\u003Cbr\\u003EWebsite: \\u003Ca href=\\u0022https:\/\/www.burgwindheim.de\\u0022 target=\\u0022_blank\\u0022\\u003Ehttps:\/\/www.burgwindheim.de\\u003C\/a\\u003E\\u003Cbr\\u003EKontakt: \\u003Cbr\\u003ETel.: 09551 1050 \\u003Cbr\\u003EE-Mail: info@burgwindheim.de\",\"image\":\"\",\"audio\":\"\",\"video\":\"\",\"custom_fields\":[],\"votes\":0,\"star_rating_avg\":0,\"star_rating_count\":0},{\"title\":\"Burgwindheim\",\"lat\":\"49.8285462\",\"lng\":\"10.595952\",\"zoom\":\"11\",\"content\":\"\\u003Cdiv class=\\u0022oum_location_text\\u0022\\u003E\\u003Cdiv class=\\u0022oum_location_title\\u0022\\u003E\\u003Ch3 class=\\u0022oum_location_name\\u0022\\u003EBurgwindheim\\u003C\/h3\\u003E\\u003Cdiv class=\\u0022oum_location_category_icons\\u0022\\u003E\\u003Cimg class=\\u0022oum_category_icon\\u0022 src=\\u0022https:\/\/cisterscapes.eu\/wp-content\/uploads\/2023\/06\/favicon_180.png\\u0022 alt=\\u0022Klosterlandschaft Ebrach\\u0022 title=\\u0022Klosterlandschaft Ebrach\\u0022\\u003E\\u003C\/div\\u003E\\u003C\/div\\u003E\\u003Cdiv class=\\u0022oum_location_description\\u0022\\u003EBurgwindheim geh\u00f6rt wie Gro\u00dfgressingen zu den sogenannten Ausbauorten des Klosters Ebrach im M\u00f6nchsgau, dessen Vorgang bereits um 1340 abgeschlossen war. Im Laufe der Zeit gewann Burgwindheim immer mehr an Bedeutung. Der Marktort (seit 1367) war zugleich Wallfahrtsst\u00e4tte (seit 1465) sowie Verwaltungs- und Gerichtssitz (seit 1728) des \u00f6stlichen M\u00f6nchgaus. Er l\u00f6ste somit M\u00f6nchherrnsdorf als Amtsort ab. Pr\u00e4gend f\u00fcr das Ortsbild sind die zahlreichen H\u00e4user mit Mansarddach, die dem Ort sein barockes Gepr\u00e4ge verleihen. Die Inspiration f\u00fcr diesen Stil gab das in den 1720er Jahren errichtete Amtsschloss.\\u003Cbr\\u003E\\u003Cbr\\u003E\\u003Cbr\\u003EWebsite: \\u003Ca href=\\u0022https:\/\/www.burgwindheim.de\\u0022 target=\\u0022_blank\\u0022\\u003Ehttps:\/\/www.burgwindheim.de\\u003C\/a\\u003E\\u003Cbr\\u003EKontakt: \\u003Cbr\\u003ETel.: 09551 273\\u003Cbr\\u003EE-Mail: info@burgwindheim.de\\u003Cbr\\u003E\\u003Cbr\\u003EF\u00fchrungen durch Burgwindheim\\u003Cbr\\u003E\\u003Cbr\\u003E\\u003Cbr\\u003E\\u003Cbr\\u003E\\u003C\/div\\u003E\\u003Cdiv class=\\u0022oum_location_text_bottom\\u0022\\u003E\\u003C\/div\\u003E\\u003C\/div\\u003E\\u003Cdiv class=\\u0022edit-location-button-placeholder\\u0022 data-post-id=\\u002210801\\u0022\\u003E\\u003C\/div\\u003E\\u003Cdiv style=\\u0022display: none\\u0022\\u003Eburgwindheim\\u003C\/div\\u003E\",\"icon\":\"https:\/\/cisterscapes.eu\/wp-content\/uploads\/2023\/06\/favicon_180.png\",\"types\":[\"533\"],\"post_id\":\"10801\",\"address\":\"\",\"text\":\"Burgwindheim geh\u00f6rt wie Gro\u00dfgressingen zu den sogenannten Ausbauorten des Klosters Ebrach im M\u00f6nchsgau, dessen Vorgang bereits um 1340 abgeschlossen war. Im Laufe der Zeit gewann Burgwindheim immer mehr an Bedeutung. Der Marktort (seit 1367) war zugleich Wallfahrtsst\u00e4tte (seit 1465) sowie Verwaltungs- und Gerichtssitz (seit 1728) des \u00f6stlichen M\u00f6nchgaus. Er l\u00f6ste somit M\u00f6nchherrnsdorf als Amtsort ab. Pr\u00e4gend f\u00fcr das Ortsbild sind die zahlreichen H\u00e4user mit Mansarddach, die dem Ort sein barockes Gepr\u00e4ge verleihen. Die Inspiration f\u00fcr diesen Stil gab das in den 1720er Jahren errichtete Amtsschloss.\\u003Cbr\\u003E\\u003Cbr\\u003E\\u003Cbr\\u003EWebsite: \\u003Ca href=\\u0022https:\/\/www.burgwindheim.de\\u0022 target=\\u0022_blank\\u0022\\u003Ehttps:\/\/www.burgwindheim.de\\u003C\/a\\u003E\\u003Cbr\\u003EKontakt: \\u003Cbr\\u003ETel.: 09551 273\\u003Cbr\\u003EE-Mail: info@burgwindheim.de\\u003Cbr\\u003E\\u003Cbr\\u003EF\u00fchrungen durch Burgwindheim\\u003Cbr\\u003E\\u003Cbr\\u003E\\u003Cbr\\u003E\\u003Cbr\\u003E\",\"image\":\"\",\"audio\":\"\",\"video\":\"\",\"custom_fields\":[],\"votes\":0,\"star_rating_avg\":0,\"star_rating_count\":0}];\n\n        \/\/ Wait for the main initialization function to be available, then call it\n        function oumWaitForMainInit() {\n          if (typeof oumInitializeMap === 'function') {\n            console.log('\ud83d\uddfa\ufe0f Open User Map: Starting');\n            \n            \/\/ Initialize the map\n            oumInitializeMap();\n          } else {\n            setTimeout(oumWaitForMainInit, 100);\n          }\n        }\n        \n        setTimeout(oumWaitForMainInit, 100);\n      }\n\n    <\/script>\n\n    <script type=\"text\/javascript\" id=\"oum-inline-js\" \n      data-category=\"functional\" \n      class=\"cmplz-native\" \n      data-minify=\"0\"\n      data-no-optimize=\"1\"\n      data-no-defer=\"1\"\n      data-no-combine=\"1\"\n      data-cfasync=\"false\"\n      data-pagespeed-no-defer\n      data-boot=\"1\">\n\n      map_el = `map-20210929`;\n\n      if(document.getElementById(map_el)) {\n\n        \/\/ Wait for OUMLoader to be defined\n        function oumLoading() {\n          if (typeof OUMLoader !== 'undefined') {\n            \/\/ Initialize loader for this map\n            OUMLoader.initLoader(map_el);\n\n            \/\/ Add event listener for map initialization complete\n            document.addEventListener('oum:map_initialized', function(e) {\n              if (e.detail.mapId === map_el) {\n                OUMLoader.setMapInitialized(map_el);\n              }\n            });\n          } else {\n            \/\/ If OUMLoader is not yet defined, wait and try again\n            setTimeout(oumLoading, 100);\n          }\n        }\n\n        \/\/ OUM Loading Spinner\n        oumLoading();\n\n        \/\/ OUM inline JS variables\n        var mapStyle = `Esri.WorldStreetMap`;\n        var oum_tile_provider_mapbox_key = ``;\n        var marker_icon_url = `https:\/\/cisterscapes.eu\/wp-content\/uploads\/2023\/06\/favicon_180.png`;\n        var marker_shadow_url = `https:\/\/cisterscapes.eu\/wp-content\/plugins\/open-user-map-pro\/src\/leaflet\/images\/marker-shadow.png`;\n        var oum_enable_scrollwheel_zoom_map = false;\n        var oum_enable_cluster = true;\n        var oum_enable_fullscreen = false;\n\n        var oum_enable_searchbar = false;\n        var oum_searchbar_type = `address`;\n\n        var oum_geosearch_selected_provider = ``; \n        var oum_geosearch_provider = `osm`;\n        var oum_geosearch_provider_geoapify_key = ``;\n        var oum_geosearch_provider_here_key = ``;\n        var oum_geosearch_provider_mapbox_key = ``;\n        \n        var oum_enable_searchaddress_button = false;\n        var oum_searchaddress_label = `Search for address`;\n\n        var oum_enable_searchmarkers_button = false;\n        var oum_searchmarkers_label = `Find marker`;\n        var oum_searchmarkers_zoom = `8`;\n\n        var oum_enable_currentlocation = false;\n        var oum_action_after_submit = `text`;\n        var thankyou_redirect = ``;\n        var start_lat = Number(49.878707752173);\n        var start_lng = Number(10.439758300781);\n        var start_zoom = Number(9);\n        \n        var oum_enable_fixed_map_bounds = ``;\n        var oum_use_settings_start_location = true;\n        var oum_has_regions = false;\n        var oum_enable_multiple_marker_types = `false`;\n        var oum_hide_filterbox = false;\n        var oum_enable_address = `on`;\n        var oum_enable_address_autofill = ``;\n\n        \/\/ WordPress timezone for opening hours calculations\n        var oum_wordpress_timezone = `Europe\/Berlin`;\n\n        \/\/ Custom Image data\n        var oum_custom_image_url = ``;\n        var oum_custom_image_bounds = {};\n        var oum_custom_image_hide_tiles = false;\n        var oum_custom_image_background_color = `#ffffff`;\n\n        var oum_location = {};\n        var oum_custom_css = '';\n        var oum_custom_script = '';\n        var oum_max_image_filesize = 10;\n        var oumMap;\n        var oumMap2;\n\n        \/**\n         * Conditional Field Feature\n         * \n         * @param {string} sourceField - The source field selector\n         * @param {string} targetField - The target field selector\n         * @param {array} condShow - The values that should show the target field\n         * @param {array|null} condHide - The values that should hide the target field. If empty\/null\/undefined, the field will be hidden when condShow is not met.\n         *\/\n        var oumConditionalField = (sourceField, targetField, condShow, condHide = null) => {\n            const sourceElements = document.querySelectorAll(sourceField); \/\/ Select all radios\/checkboxes or single select\n            const targetElementWrapper = document.querySelector(targetField)?.parentElement; \/* works with custom fields only *\/\n\n            \/\/ Check if both sourceElements and targetElementWrapper exist\n            if (!sourceElements.length) {\n                console.warn(`OUM: Source field(s) not found: ${sourceField}`);\n                return;\n            }\n\n            if (!targetElementWrapper) {\n                console.warn(`OUM: Target field wrapper not found: ${targetField}`);\n                return;\n            }\n\n            \/* Event listener for change *\/\n            const onChangeHandler = function() {\n                \/\/ Get selected values for checkboxes and single selected value for radios\/select\n                const selectedValues = Array.from(sourceElements)\n                    .filter(element => element.checked || element.tagName === 'SELECT')\n                    .map(element => element.value);\n\n                const selectedValue = selectedValues[0]; \/\/ For radios and selects, we use only the first (and only) value\n\n                console.log('OUM: run condition', {selectedValue, sourceField, targetField, condShow, condHide});\n                \n                \/\/ Show or hide target field based on the selected value(s)\n                if (condShow.includes(selectedValue)) {\n                    \/\/ Show the field if condShow condition is met\n                    targetElementWrapper.style.display = 'block';\n                } else if (condHide && Array.isArray(condHide) && condHide.length > 0 && condHide.includes(selectedValue)) {\n                    \/\/ Hide the field if condHide is provided and condition is met\n                    targetElementWrapper.style.display = 'none';\n                } else if (!condHide || (Array.isArray(condHide) && condHide.length === 0)) {\n                    \/\/ If condHide is empty\/null\/undefined, hide the field when condShow is not met\n                    targetElementWrapper.style.display = 'none';\n                }\n            };\n\n            \/* Attach the event listener to each radio\/checkbox or select *\/\n            sourceElements.forEach(element => {\n                element.addEventListener('change', onChangeHandler);\n            });\n\n            \/* Trigger initially *\/\n            onChangeHandler(); \/\/ Call it directly to set initial state\n        };\n\n        \/**\n         * Add Custom Styles\n         *\/\n        \n                            \/* custom color *\/\n          oum_custom_css += `\n            .open-user-map .add-location #close-add-location-overlay:hover {color: #0f066d !important}\n            .open-user-map .box-wrap .map-wrap .open-add-location-overlay {background-color: #0f066d !important}\n            .open-user-map .box-wrap .map-wrap .open-add-location-overlay:hover,\n            .open-user-map .box-wrap .map-wrap .open-add-location-overlay:active {background-color: #0e0562 !important}\n            .open-user-map .box-wrap .map-wrap .oum-filter-controls .oum-filter-list .close-filter-list:hover {color: #0f066d !important}\n            .open-user-map .oum-advanced-filter-button .oum-advanced-filter-content .close-advanced-filter:hover,\n            .open-user-map .oum-advanced-filter-panel .oum-advanced-filter-content .close-advanced-filter:hover {color: #0f066d !important}\n            .open-user-map input.oum-switch[type=\"checkbox\"]:checked + label::before {background-color: #0f066d !important}\n            .open-user-map .add-location .location-overlay-content #oum_add_location .oum-required-indicator {color: #0f066d !important}\n            .open-user-map .add-location .location-overlay-content #oum_add_location h2 {color: #0f066d !important}\n            .open-user-map .add-location .location-overlay-content #oum_add_location input[type=text]:focus,\n            .open-user-map .add-location .location-overlay-content #oum_add_location input[type=email]:focus,\n            .open-user-map .add-location .location-overlay-content #oum_add_location input[type=url]:focus,\n            .open-user-map .add-location .location-overlay-content #oum_add_location textarea:focus,\n            .open-user-map .add-location .location-overlay-content #oum_add_location select:focus {border-color: #0f066d !important; box-shadow: 0 0 0 2px #0f066d1a !important}\n            .open-user-map .add-location .location-overlay-content #oum_add_location_thankyou h3 {color: #0f066d !important}\n            .open-user-map .oum_location_text a {color: #0f066d !important}\n            .open-user-map .oum_location_text .oum_vote_button_wrap .oum_vote_button.voted {background: #0f066d !important; border-color: #0f066d !important;}\n            .open-user-map .oum-tabs {border-color: #0f066d !important}\n            .open-user-map .oum-tabs .nav-item:hover {color: #0f066d !important; border-color: #0f066d !important}\n            .open-user-map .oum-tabs .nav-item.active {color: #0f066d !important; border-color: #0f066d !important}\n            .open-user-map .box-wrap .map-wrap .oum-attribution a {color: #0f066d !important;}\n            \/* Submit Button *\/\n            .open-user-map .add-location .location-overlay-content #oum_add_location input[type=submit] {background-color: #0f066d !important; border-color: #0f066d !important;}\n            .open-user-map .add-location .location-overlay-content #oum_add_location input[type=submit]:hover,\n            .open-user-map .add-location .location-overlay-content #oum_add_location input[type=submit]:active {background-color: #0e0562 !important;}\n            \/* Message CTA Buttons *\/\n            .open-user-map .add-location .location-overlay-content #oum_add_location_thankyou button {background-color: #0f066d !important; border-color: #0f066d !important;}\n            .open-user-map .add-location .location-overlay-content #oum_add_location_thankyou button:hover,\n            .open-user-map .add-location .location-overlay-content #oum_add_location_thankyou button:active {background-color: #0e0562 !important;}\n            .open-user-map .add-location .location-overlay-content .oum-delete-confirmation button {background-color: #0f066d !important; border-color: #0f066d !important;}\n            .open-user-map .add-location .location-overlay-content .oum-delete-confirmation button:hover,\n            .open-user-map .add-location .location-overlay-content .oum-delete-confirmation button:active {background-color: #0e0562 !important;}\n            \/* Media Section Colors *\/\n            .open-user-map .add-location .location-overlay-content #oum_add_location .oum_media .media-upload label {color: #0f066d !important}\n            .open-user-map .add-location .location-overlay-content #oum_add_location .oum_media .oum-image-upload .media-upload-top label .multi-upload-indicator {background: #0f066d !important}\n            .open-user-map .add-location .location-overlay-content #oum_add_location .oum_media .oum-video-upload input[type=text]:hover {border-color: #0f066d !important}\n            .open-user-map .add-location .location-overlay-content #oum_add_location .oum_media .oum-video-upload input[type=text]:focus {border-color: #0f066d !important; box-shadow: 0 0 0 2px #0f066d1a !important}\n            .open-user-map .add-location .location-overlay-content #oum_add_location .oum_media .image-preview-placeholder {border-color: #0f066d !important; background: #0f066d0a !important}\n            .open-user-map .add-location .location-overlay-content #oum_add_location .oum_media .oum-image-preview-grid .image-preview-item.dragging {border-color: #0f066d !important}\n            \/* List Styles *\/\n            .open-user-map-locations-list .oum-locations-list-item .oum_location_text a {color: #0f066d !important} \n            .open-user-map-locations-list .oum-locations-list-item .oum_location_text .oum_vote_button_wrap .oum_vote_button.voted {background: #0f066d !important; border-color: #0f066d !important;}`;\n\n        \n        \n          \/* custom map height *\/\n          oum_custom_css += `\n            .open-user-map .box-wrap > .map-wrap {padding: 0 !important; height: 800px !important; aspect-ratio: unset !important;}`;\n\n        \n        \n          \/* custom map height *\/\n          oum_custom_css += `\n            @media screen and (max-width: 768px) {.open-user-map .box-wrap > .map-wrap {padding: 0 !important; height: 400px !important; aspect-ratio: unset !important;}}`;\n\n        \n        var custom_style = document.createElement('style');\n\n        if (custom_style.styleSheet) {\n          custom_style.styleSheet.cssText = oum_custom_css;\n        } else {\n          custom_style.appendChild(document.createTextNode(oum_custom_css));\n        }\n\n        document.getElementsByTagName('head')[0].appendChild(custom_style);\n\n        \/* Add initial CSS to prevent flash of unstyled content *\/\n        var initialStyles = document.createElement('style');\n        initialStyles.textContent = `\n          .oum-hidden {\n            opacity: 0 !important;\n            visibility: hidden !important;\n            transition: opacity 0.3s ease, visibility 0.3s ease;\n          }\n          .oum-filter-controls,\n          .open-add-location-overlay,\n          #oum_filter_markers,\n          .oum-advanced-filter-button,\n          .oum-advanced-filter-panel,\n          .oum-sidebar {\n            opacity: 0;\n            visibility: hidden;\n            transition: opacity 0.3s ease, visibility 0.3s ease;\n          }\n          .oum-filter-controls.visible,\n          .open-add-location-overlay.visible,\n          #oum_filter_markers.visible,\n          .oum-advanced-filter-button.visible,\n          .oum-advanced-filter-panel.visible,\n          .oum-sidebar.visible {\n            opacity: 1;\n            visibility: visible;\n          }\n        `;\n        document.head.appendChild(initialStyles);\n\n      }\n    <\/script>\n\n  <\/div>\n\n<\/div>\n  <\/div>\n\n<\/div><\/div><\/div><\/div><\/div><div class=\"fusion-fullwidth fullwidth-box fusion-builder-row-3 fusion-flex-container has-pattern-background has-mask-background nonhundred-percent-fullwidth non-hundred-percent-height-scrolling\" style=\"--awb-border-radius-top-left:0px;--awb-border-radius-top-right:0px;--awb-border-radius-bottom-right:0px;--awb-border-radius-bottom-left:0px;--awb-padding-top:100px;--awb-padding-bottom:0px;--awb-background-color:var(--awb-color1);--awb-flex-wrap:wrap;\" ><div class=\"fusion-builder-row fusion-row fusion-flex-align-items-flex-start fusion-flex-justify-content-center fusion-flex-content-wrap\" style=\"max-width:1216.8px;margin-left: calc(-4% \/ 2 );margin-right: calc(-4% \/ 2 );\"><div class=\"fusion-layout-column fusion_builder_column fusion-builder-column-4 fusion_builder_column_2_3 2_3 fusion-flex-column\" style=\"--awb-bg-blend:overlay;--awb-bg-size:cover;--awb-width-large:66.666666666667%;--awb-margin-top-large:0px;--awb-spacing-right-large:2.88%;--awb-margin-bottom-large:0px;--awb-spacing-left-large:2.88%;--awb-width-medium:100%;--awb-spacing-right-medium:1.92%;--awb-spacing-left-medium:1.92%;--awb-width-small:100%;--awb-spacing-right-small:1.92%;--awb-spacing-left-small:1.92%;\"><div class=\"fusion-column-wrapper fusion-flex-justify-content-flex-start fusion-content-layout-column\"><div class=\"fusion-title title fusion-title-3 fusion-sep-none fusion-title-center fusion-title-text fusion-title-size-two\"><h2 class=\"fusion-title-heading title-heading-center fusion-responsive-typography-calculated\" style=\"margin:0;--fontSize:40;line-height:1.3;\">Current events<\/h2><\/div><div class=\"fusion-separator\" style=\"align-self: center;margin-left: auto;margin-right: auto;margin-bottom:30px;width:100%;max-width:100px;\"><div class=\"fusion-separator-border sep-single sep-solid\" style=\"--awb-height:20px;--awb-amount:20px;--awb-sep-color:var(--awb-color8);border-color:var(--awb-color8);border-top-width:2px;\"><\/div><\/div><div class=\"fusion-separator fusion-full-width-sep\" style=\"align-self: center;margin-left: auto;margin-right: auto;margin-top:60px;width:100%;\"><\/div><\/div><\/div><\/div><\/div><div class=\"fusion-fullwidth fullwidth-box fusion-builder-row-4 fusion-flex-container has-pattern-background has-mask-background hundred-percent-fullwidth non-hundred-percent-height-scrolling\" style=\"--awb-border-radius-top-left:0px;--awb-border-radius-top-right:0px;--awb-border-radius-bottom-right:0px;--awb-border-radius-bottom-left:0px;--awb-padding-right:0px;--awb-padding-left:0px;--awb-background-color:var(--awb-color1);--awb-flex-wrap:wrap;\" ><div class=\"fusion-builder-row fusion-row fusion-flex-align-items-flex-start fusion-flex-content-wrap\" style=\"width:calc( 100% + 0px ) !important;max-width:calc( 100% + 0px ) !important;margin-left: calc(-0px \/ 2 );margin-right: calc(-0px \/ 2 );\"><div class=\"fusion-layout-column fusion_builder_column fusion-builder-column-5 fusion_builder_column_1_1 1_1 fusion-flex-column\" style=\"--awb-bg-color:var(--awb-color2);--awb-bg-color-hover:var(--awb-color2);--awb-bg-blend:overlay;--awb-bg-size:cover;--awb-width-large:100%;--awb-margin-top-large:0px;--awb-spacing-right-large:0px;--awb-margin-bottom-large:0px;--awb-spacing-left-large:0px;--awb-width-medium:100%;--awb-order-medium:0;--awb-spacing-right-medium:0px;--awb-spacing-left-medium:0px;--awb-width-small:100%;--awb-order-small:0;--awb-spacing-right-small:0px;--awb-spacing-left-small:0px;\" data-scroll-devices=\"small-visibility,medium-visibility,large-visibility\"><div class=\"fusion-column-wrapper fusion-column-has-shadow fusion-flex-justify-content-flex-start fusion-content-layout-column\"><div class=\"fusion-events-shortcode fusion-events-shortcode-1\" style=\"margin-left: -0px;margin-right: -0px;\"><div class=\"fusion-events-wrapper\" data-pages=\"9\"><div class=\"fusion-events-post fusion-spacing-no fusion-one-third fusion-layout-column\" style=\"padding:0px\"><div class=\"fusion-column-wrapper\"><div class=\"fusion-events-thumbnail hover-type-zoomin\"><a href=\"https:\/\/cisterscapes.eu\/en\/event\/guided-tours-ebrach-in-search-of-clues-in-the-heart-of-the-monastery-landscape-10\/\" class=\"url\" rel=\"bookmark\" aria-label=\"Guided tours Ebrach: In search of clues in the heart of the monastery landscape!\"><span class=\"tribe-events-event-image\" style=\"background-image: url(https:\/\/cisterscapes.eu\/wp-content\/uploads\/2025\/01\/Ebrach_Abteikirche_\u00a9Schmaehling-scaled.jpg); -webkit-background-size: cover; background-size: cover; background-position: center center;\"><\/span><\/a><\/div><div class=\"fusion-events-content-wrapper\" style=\"padding:20px 20px 20px 20px;\"><div class=\"fusion-events-meta\"><h2><a href=\"https:\/\/cisterscapes.eu\/en\/event\/guided-tours-ebrach-in-search-of-clues-in-the-heart-of-the-monastery-landscape-10\/\" class=\"url\" rel=\"bookmark\">Guided tours Ebrach: In search of clues in the heart of the monastery landscape!<\/a><\/h2><h4><span class=\"tribe-event-date-start\">3. May um 15:00<\/span> - <span class=\"tribe-event-time\">16:30<\/span><\/h4><\/div><\/div><\/div><\/div><div class=\"fusion-events-post fusion-spacing-no fusion-one-third fusion-layout-column\" style=\"padding:0px\"><div class=\"fusion-column-wrapper\"><div class=\"fusion-events-thumbnail hover-type-zoomin\"><a href=\"https:\/\/cisterscapes.eu\/en\/event\/guided-tours-ebrach-in-search-of-clues-in-the-heart-of-the-monastery-landscape-9\/\" class=\"url\" rel=\"bookmark\" aria-label=\"Guided tours Ebrach: In search of clues in the heart of the monastery landscape!\"><span class=\"tribe-events-event-image\" style=\"background-image: url(https:\/\/cisterscapes.eu\/wp-content\/uploads\/2024\/01\/Ebrach-2009-44.jpg); -webkit-background-size: cover; background-size: cover; background-position: center center;\"><\/span><\/a><\/div><div class=\"fusion-events-content-wrapper\" style=\"padding:20px 20px 20px 20px;\"><div class=\"fusion-events-meta\"><h2><a href=\"https:\/\/cisterscapes.eu\/en\/event\/guided-tours-ebrach-in-search-of-clues-in-the-heart-of-the-monastery-landscape-9\/\" class=\"url\" rel=\"bookmark\">Guided tours Ebrach: In search of clues in the heart of the monastery landscape!<\/a><\/h2><h4><span class=\"tribe-event-date-start\">3. May um 15:30<\/span> - <span class=\"tribe-event-time\">17:00<\/span><\/h4><\/div><\/div><\/div><\/div><div class=\"fusion-events-post fusion-spacing-no fusion-one-third fusion-layout-column fusion-column-last\" style=\"padding:0px\"><div class=\"fusion-column-wrapper\"><div class=\"fusion-events-thumbnail hover-type-zoomin\"><a href=\"https:\/\/cisterscapes.eu\/en\/event\/ebrach-monastery-landscape-in-search-of-clues-in-the-heart-of-the-monastery-landscape\/\" class=\"url\" rel=\"bookmark\" aria-label=\"Guided tours Ebrach: In search of clues in the heart of the monastery landscape!\"><span class=\"tribe-events-event-image\" style=\"background-image: url(https:\/\/cisterscapes.eu\/wp-content\/uploads\/2024\/01\/Ebrach-2009-44.jpg); -webkit-background-size: cover; background-size: cover; background-position: center center;\"><\/span><\/a><\/div><div class=\"fusion-events-content-wrapper\" style=\"padding:20px 20px 20px 20px;\"><div class=\"fusion-events-meta\"><h2><a href=\"https:\/\/cisterscapes.eu\/en\/event\/ebrach-monastery-landscape-in-search-of-clues-in-the-heart-of-the-monastery-landscape\/\" class=\"url\" rel=\"bookmark\">Guided tours Ebrach: In search of clues in the heart of the monastery landscape!<\/a><\/h2><h4><span class=\"tribe-event-date-start\">3. May um 15:30<\/span> - <span class=\"tribe-event-time\">17:00<\/span><\/h4><\/div><\/div><\/div><\/div><div class=\"fusion-clearfix\"><\/div><div class=\"fusion-clearfix\"><\/div><\/div><\/div><div class=\"fusion-separator fusion-full-width-sep\" style=\"align-self: center;margin-left: auto;margin-right: auto;margin-top:30px;margin-bottom:30px;width:100%;\"><\/div><\/div><\/div><\/div><\/div><div class=\"fusion-fullwidth fullwidth-box fusion-builder-row-5 fusion-flex-container has-pattern-background has-mask-background nonhundred-percent-fullwidth non-hundred-percent-height-scrolling\" style=\"--awb-border-radius-top-left:0px;--awb-border-radius-top-right:0px;--awb-border-radius-bottom-right:0px;--awb-border-radius-bottom-left:0px;--awb-padding-top:100px;--awb-padding-bottom:0px;--awb-background-color:var(--awb-color3);--awb-flex-wrap:wrap;\" ><div class=\"fusion-builder-row fusion-row fusion-flex-align-items-flex-start fusion-flex-justify-content-center fusion-flex-content-wrap\" style=\"max-width:1216.8px;margin-left: calc(-4% \/ 2 );margin-right: calc(-4% \/ 2 );\"><div class=\"fusion-layout-column fusion_builder_column fusion-builder-column-6 fusion_builder_column_2_3 2_3 fusion-flex-column\" style=\"--awb-bg-blend:overlay;--awb-bg-size:cover;--awb-width-large:66.666666666667%;--awb-margin-top-large:0px;--awb-spacing-right-large:2.88%;--awb-margin-bottom-large:0px;--awb-spacing-left-large:2.88%;--awb-width-medium:100%;--awb-spacing-right-medium:1.92%;--awb-spacing-left-medium:1.92%;--awb-width-small:100%;--awb-spacing-right-small:1.92%;--awb-spacing-left-small:1.92%;\"><div class=\"fusion-column-wrapper fusion-flex-justify-content-flex-start fusion-content-layout-column\"><div class=\"fusion-title title fusion-title-4 fusion-sep-none fusion-title-center fusion-title-text fusion-title-size-two\"><h2 class=\"fusion-title-heading title-heading-center fusion-responsive-typography-calculated\" style=\"margin:0;--fontSize:40;line-height:1.3;\">Latest posts<\/h2><\/div><div class=\"fusion-separator\" style=\"align-self: center;margin-left: auto;margin-right: auto;margin-bottom:30px;width:100%;max-width:100px;\"><div class=\"fusion-separator-border sep-single sep-solid\" style=\"--awb-height:20px;--awb-amount:20px;--awb-sep-color:var(--awb-color8);border-color:var(--awb-color8);border-top-width:2px;\"><\/div><\/div><div class=\"fusion-separator fusion-full-width-sep\" style=\"align-self: center;margin-left: auto;margin-right: auto;margin-top:60px;width:100%;\"><\/div><\/div><\/div><\/div><\/div><div class=\"fusion-fullwidth fullwidth-box fusion-builder-row-6 fusion-flex-container has-pattern-background has-mask-background hundred-percent-fullwidth non-hundred-percent-height-scrolling\" style=\"--awb-border-radius-top-left:0px;--awb-border-radius-top-right:0px;--awb-border-radius-bottom-right:0px;--awb-border-radius-bottom-left:0px;--awb-padding-right:0px;--awb-padding-left:0px;--awb-background-color:var(--awb-color3);--awb-flex-wrap:wrap;\" ><div class=\"fusion-builder-row fusion-row fusion-flex-align-items-flex-start fusion-flex-content-wrap\" style=\"width:calc( 100% + 0px ) !important;max-width:calc( 100% + 0px ) !important;margin-left: calc(-0px \/ 2 );margin-right: calc(-0px \/ 2 );\"><div class=\"fusion-layout-column fusion_builder_column fusion-builder-column-7 fusion_builder_column_1_1 1_1 fusion-flex-column\" style=\"--awb-bg-color:var(--awb-color3);--awb-bg-color-hover:var(--awb-color3);--awb-bg-blend:overlay;--awb-bg-size:cover;--awb-width-large:100%;--awb-margin-top-large:0px;--awb-spacing-right-large:0px;--awb-margin-bottom-large:0px;--awb-spacing-left-large:0px;--awb-width-medium:100%;--awb-order-medium:0;--awb-spacing-right-medium:0px;--awb-spacing-left-medium:0px;--awb-width-small:100%;--awb-order-small:0;--awb-spacing-right-small:0px;--awb-spacing-left-small:0px;\" data-scroll-devices=\"small-visibility,medium-visibility,large-visibility\"><div class=\"fusion-column-wrapper fusion-column-has-shadow fusion-flex-justify-content-flex-start fusion-content-layout-column\"><div class=\"fusion-blog-shortcode fusion-blog-shortcode-1 fusion-blog-archive fusion-blog-layout-grid-wrapper fusion-blog-infinite\"><style type=\"text\/css\">.fusion-blog-shortcode-1 .fusion-blog-layout-grid .fusion-post-grid{padding:0px;}.fusion-blog-shortcode-1 .fusion-posts-container{margin-left: -0px !important; margin-right:-0px !important;}<\/style><div class=\"fusion-posts-container fusion-posts-container-infinite fusion-posts-container-load-more fusion-no-meta-info fusion-blog-rollover fusion-blog-layout-grid fusion-blog-layout-grid-3 isotope fusion-blog-equal-heights\" data-pages=\"1\" data-grid-col-space=\"0.0\" style=\"margin: -0px -0px 0;min-height:500px;\"><article id=\"blog-1-post-14714\" class=\"fusion-post-grid post-14714 post type-post status-publish format-standard has-post-thumbnail hentry category-cisterscapes-en category-ebrach-en\">\n<div class=\"fusion-post-wrapper\" style=\"background-color:var(--awb-color3);border:none;\">\n\n\t\t\t<div class=\"fusion-flexslider flexslider fusion-flexslider-loading fusion-post-slideshow\" style=\"border-color:rgba(235,234,234,0);\">\n\t\t<ul class=\"slides\">\n\t\t\t\n\t\t\t\t\t\t\t\t\t\t\t\t\t\t<li><div  class=\"fusion-image-wrapper\" aria-haspopup=\"true\">\n\t\t\t\t<img decoding=\"async\" width=\"2560\" height=\"1707\" src=\"https:\/\/cisterscapes.eu\/wp-content\/uploads\/2025\/11\/231025_Begruessung_Cisterscapes_c-LRA-Bamberg_Foertsch-1-scaled.jpg\" class=\"attachment-full size-full lazyload wp-post-image\" alt=\"\" srcset=\"data:image\/svg+xml,%3Csvg%20xmlns%3D%27http%3A%2F%2Fwww.w3.org%2F2000%2Fsvg%27%20width%3D%272560%27%20height%3D%271707%27%20viewBox%3D%270%200%202560%201707%27%3E%3Crect%20width%3D%272560%27%20height%3D%271707%27%20fill-opacity%3D%220%22%2F%3E%3C%2Fsvg%3E\" data-orig-src=\"https:\/\/cisterscapes.eu\/wp-content\/uploads\/2025\/11\/231025_Begruessung_Cisterscapes_c-LRA-Bamberg_Foertsch-1-scaled.jpg\" data-srcset=\"https:\/\/cisterscapes.eu\/wp-content\/uploads\/2025\/11\/231025_Begruessung_Cisterscapes_c-LRA-Bamberg_Foertsch-1-200x133.jpg 200w, https:\/\/cisterscapes.eu\/wp-content\/uploads\/2025\/11\/231025_Begruessung_Cisterscapes_c-LRA-Bamberg_Foertsch-1-400x267.jpg 400w, https:\/\/cisterscapes.eu\/wp-content\/uploads\/2025\/11\/231025_Begruessung_Cisterscapes_c-LRA-Bamberg_Foertsch-1-600x400.jpg 600w, https:\/\/cisterscapes.eu\/wp-content\/uploads\/2025\/11\/231025_Begruessung_Cisterscapes_c-LRA-Bamberg_Foertsch-1-800x533.jpg 800w, https:\/\/cisterscapes.eu\/wp-content\/uploads\/2025\/11\/231025_Begruessung_Cisterscapes_c-LRA-Bamberg_Foertsch-1-1200x800.jpg 1200w, https:\/\/cisterscapes.eu\/wp-content\/uploads\/2025\/11\/231025_Begruessung_Cisterscapes_c-LRA-Bamberg_Foertsch-1-scaled.jpg 2560w\" data-sizes=\"auto\" \/><div class=\"fusion-rollover\">\n\t<div class=\"fusion-rollover-content\">\n\n\t\t\t\t\t\t\t\t\t\t\t\t\t\t<a class=\"fusion-rollover-link\" href=\"https:\/\/cisterscapes.eu\/en\/regional-meeting-of-eks-sites-from-germany-austria-and-the-czech-republic-in-the-ebrach-monastery-landscape\/\">Regional meeting of EKS sites from Germany, Austria and the Czech Republic in the Ebrach monastery landscape<\/a>\n\t\t\t\n\t\t\t\t\t\t\t\t\n\t\t\n\t\t\t\t\t\t\t\t\n\t\t\t\t\t\t\t\t\n\t\t\n\t\t\t\t\t\t<a class=\"fusion-link-wrapper\" href=\"https:\/\/cisterscapes.eu\/en\/regional-meeting-of-eks-sites-from-germany-austria-and-the-czech-republic-in-the-ebrach-monastery-landscape\/\" aria-label=\"Regional meeting of EKS sites from Germany, Austria and the Czech Republic in the Ebrach monastery landscape\"><\/a>\n\t<\/div>\n<\/div>\n<\/div>\n<\/li>\n\t\t\t\n\t\t\t\n\t\t\t\t\t\t\t\t\t\t\t\t\t\t\t\t\t\t\t\t\t\t\t\t\t\t\t\t\t\t\t\t\t\t\t\t\t\t\t\t\t\t\t\t\t\t\t\t\t\t\t\t\t\t\t\t\t\t\t\t\t\t\t\t\t\t\t\t<\/ul>\n\t<\/div>\n\t<div class=\"fusion-post-content-wrapper\" style=\"padding:30px 25px 20px 25px;\"><div class=\"fusion-post-content post-content\"><h2 class=\"blog-shortcode-post-title entry-title\"><a href=\"https:\/\/cisterscapes.eu\/en\/regional-meeting-of-eks-sites-from-germany-austria-and-the-czech-republic-in-the-ebrach-monastery-landscape\/\">Regional meeting of EKS sites from Germany, Austria and the Czech Republic in the Ebrach monastery landscape<\/a><\/h2><\/div><\/div><div class=\"fusion-clearfix\"><\/div><\/div>\n<\/article>\n<div class=\"fusion-clearfix\"><\/div><\/div><\/div><div class=\"fusion-separator fusion-full-width-sep\" style=\"align-self: center;margin-left: auto;margin-right: auto;margin-top:30px;margin-bottom:30px;width:100%;\"><\/div><\/div><\/div><\/div><\/div><div class=\"fusion-fullwidth fullwidth-box fusion-builder-row-7 fusion-flex-container has-pattern-background has-mask-background hundred-percent-fullwidth non-hundred-percent-height-scrolling\" style=\"--awb-border-radius-top-left:0px;--awb-border-radius-top-right:0px;--awb-border-radius-bottom-right:0px;--awb-border-radius-bottom-left:0px;--awb-padding-top:0px;--awb-padding-right:0px;--awb-padding-bottom:0px;--awb-padding-left:0px;--awb-margin-bottom:0px;--awb-background-color:var(--awb-color1);--awb-flex-wrap:wrap;\" ><div class=\"fusion-builder-row fusion-row fusion-flex-align-items-stretch fusion-flex-content-wrap\" style=\"width:calc( 100% + 0px ) !important;max-width:calc( 100% + 0px ) !important;margin-left: calc(-0px \/ 2 );margin-right: calc(-0px \/ 2 );\"><div class=\"fusion-layout-column fusion_builder_column fusion-builder-column-8 fusion_builder_column_1_3 1_3 fusion-flex-column\" style=\"--awb-padding-top:100px;--awb-padding-right:6%;--awb-padding-bottom:100px;--awb-padding-left:6%;--awb-padding-top-medium:60px;--awb-padding-bottom-medium:60px;--awb-bg-blend:overlay;--awb-bg-size:cover;--awb-width-large:33.333333333333%;--awb-margin-top-large:0px;--awb-spacing-right-large:0px;--awb-margin-bottom-large:0px;--awb-spacing-left-large:0px;--awb-width-medium:100%;--awb-order-medium:1;--awb-spacing-right-medium:0px;--awb-spacing-left-medium:0px;--awb-width-small:100%;--awb-order-small:1;--awb-spacing-right-small:0px;--awb-spacing-left-small:0px;\" data-scroll-devices=\"small-visibility,medium-visibility,large-visibility\"><div class=\"fusion-column-wrapper fusion-column-has-shadow fusion-flex-justify-content-flex-start fusion-content-layout-column\"><div class=\"fusion-title title fusion-title-5 fusion-sep-none fusion-title-text fusion-title-size-two\"><h2 class=\"fusion-title-heading title-heading-left fusion-responsive-typography-calculated\" style=\"margin:0;--fontSize:40;line-height:1.3;\"><h1 class=\"entry-title\">The cultural landscape<\/h1><\/h2><\/div><div class=\"fusion-separator\" style=\"align-self: flex-start;margin-right:auto;margin-bottom:30px;width:100%;max-width:100px;\"><div class=\"fusion-separator-border sep-single sep-solid\" style=\"--awb-height:20px;--awb-amount:20px;--awb-sep-color:var(--awb-color8);border-color:var(--awb-color8);border-top-width:2px;\"><\/div><\/div><div class=\"fusion-text fusion-text-5\"><p>Ebrach Monastery was founded in 1127 in the middle Ebrachtal valley. Morimond&#8217;s first daughter monastery on the right bank of the Rhine flourished under Abbot Adam. By 1136 there were already seven granges, and by 1158 six subsidiaries had been founded. From the 13th to the 15th century, there was a comprehensive expansion of property and fiefs. Ebrach grew into one of the wealthiest monasteries in Franconia with the Prince-Bishopric of W\u00fcrzburg as its sovereign. The monastery was dissolved in 1803 and is now home to a juvenile detention center.     <\/p>\n<p>The core property of Ebrach Monastery was located in the northern Steigerwald in the <em>M\u00f6nchsgau region<\/em>. <em>M\u00f6nchseigen<\/em>, with the official town of Sulzheim and the surrounding villages, was located in the old populated Steigerwald foothills, with the official town of Oberschwappach bordering to the east. Other important official residences and wine-growing locations were Mainstockheim (since 1136) and Elgersheim (since 1178). There were also Ebrach estates between Nuremberg and Schwabach. Some of the farmsteads surrounded the abbey like a ring, including the Waldschwinder Hof (since 1154).    <\/p>\n<p>Under Abbot Alberich Degen (1658-1686) and his successors, in particular Wilhelm S\u00f6lner (1714 to 1741), Ebrach flourished once again. Official and town courtyards and many village churches were rebuilt in the Baroque style. <\/p>\n<p>The monks of Ebrach left their mark on the cultural landscape primarily through viticulture (Silvaner vines) and forestry. The mixed beech-oak forest around Ebrach, which followed the former oak middle forest, is still characteristic today.<\/p>\n<\/div><div class=\"fusion-separator fusion-full-width-sep\" style=\"align-self: center;margin-left: auto;margin-right: auto;margin-top:7px;width:100%;\"><\/div><\/div><\/div><div class=\"fusion-layout-column fusion_builder_column fusion-builder-column-9 fusion_builder_column_2_3 2_3 fusion-flex-column\" style=\"--awb-padding-top-medium:20vh;--awb-padding-bottom-medium:20vh;--awb-bg-color:var(--awb-color1);--awb-bg-color-hover:var(--awb-color1);--awb-bg-position:center center;--awb-bg-size:cover;--awb-width-large:66.666666666667%;--awb-margin-top-large:0px;--awb-spacing-right-large:0px;--awb-margin-bottom-large:0px;--awb-spacing-left-large:0px;--awb-width-medium:100%;--awb-order-medium:0;--awb-spacing-right-medium:0px;--awb-spacing-left-medium:0px;--awb-width-small:100%;--awb-order-small:0;--awb-spacing-right-small:0px;--awb-spacing-left-small:0px;\" data-scroll-devices=\"small-visibility,medium-visibility,large-visibility\"><div class=\"fusion-column-wrapper fusion-column-has-shadow fusion-flex-justify-content-flex-start fusion-content-layout-column\"><div class=\"awb-gallery-wrapper awb-gallery-wrapper-1 button-span-no\" style=\"--more-btn-alignment:center;margin-top:0px;margin-right:0px;margin-bottom:0px;margin-left:0px;\" data-limit=\"10\" data-page=\"1\"><div style=\"margin:0px;--awb-bordersize:0px;\" class=\"fusion-gallery fusion-gallery-container fusion-grid-3 fusion-columns-total-12 fusion-gallery-layout-grid fusion-gallery-1\"><div style=\"padding:0px;\" class=\"fusion-grid-column fusion-gallery-column fusion-gallery-column-3 hover-type-none\"><div class=\"fusion-gallery-image\"><a href=\"https:\/\/cisterscapes.eu\/wp-content\/uploads\/2023\/09\/DJI_Bamberg_Ebracher-Stadthoefe-1.jpg\" rel=\"noreferrer\" data-rel=\"iLightbox[gallery_image_1]\" class=\"fusion-lightbox\" target=\"_self\"><img decoding=\"async\" src=\"https:\/\/cisterscapes.eu\/wp-content\/uploads\/2023\/09\/DJI_Bamberg_Ebracher-Stadthoefe-1-460x295.jpg\" width=\"460\" height=\"295\" alt=\"\" title=\"DJI_Bamberg_Ebracher Stadth\u00f6fe (1)\" aria-label=\"DJI_Bamberg_Ebracher Stadth\u00f6fe (1)\" class=\"img-responsive wp-image-2885 fusion-gallery-image-size-fixed\"  \/><\/a><\/div><\/div><div style=\"padding:0px;\" class=\"fusion-grid-column fusion-gallery-column fusion-gallery-column-3 hover-type-none\"><div class=\"fusion-gallery-image\"><a href=\"https:\/\/cisterscapes.eu\/wp-content\/uploads\/2023\/09\/DJI_Bamberg_Ebracher-Stadthoefe-2.jpg\" rel=\"noreferrer\" data-rel=\"iLightbox[gallery_image_1]\" class=\"fusion-lightbox\" target=\"_self\"><img decoding=\"async\" src=\"https:\/\/cisterscapes.eu\/wp-content\/uploads\/2023\/09\/DJI_Bamberg_Ebracher-Stadthoefe-2-460x295.jpg\" width=\"460\" height=\"295\" alt=\"\" title=\"DJI_Bamberg_Ebracher Stadth\u00f6fe (2)\" aria-label=\"DJI_Bamberg_Ebracher Stadth\u00f6fe (2)\" class=\"img-responsive wp-image-2886 fusion-gallery-image-size-fixed\"  \/><\/a><\/div><\/div><div style=\"padding:0px;\" class=\"fusion-grid-column fusion-gallery-column fusion-gallery-column-3 hover-type-none\"><div class=\"fusion-gallery-image\"><a href=\"https:\/\/cisterscapes.eu\/wp-content\/uploads\/2023\/09\/DJI_0237-Luftaufnahme-Rauenebrach_Waldschwinder-Hof_Suenderhauf-2.jpg\" rel=\"noreferrer\" data-rel=\"iLightbox[gallery_image_1]\" class=\"fusion-lightbox\" target=\"_self\"><img decoding=\"async\" src=\"https:\/\/cisterscapes.eu\/wp-content\/uploads\/2023\/09\/DJI_0237-Luftaufnahme-Rauenebrach_Waldschwinder-Hof_Suenderhauf-2-460x295.jpg\" width=\"460\" height=\"295\" alt=\"\" title=\"DJI_0237-Luftaufnahme Rauenebrach_Waldschwinder Hof_S\u00fcnderhauf (2)\" aria-label=\"DJI_0237-Luftaufnahme Rauenebrach_Waldschwinder Hof_S\u00fcnderhauf (2)\" class=\"img-responsive wp-image-2888 fusion-gallery-image-size-fixed\"  \/><\/a><\/div><\/div><div class=\"clearfix\"><\/div><div style=\"padding:0px;\" class=\"fusion-grid-column fusion-gallery-column fusion-gallery-column-3 hover-type-none\"><div class=\"fusion-gallery-image\"><a href=\"https:\/\/cisterscapes.eu\/wp-content\/uploads\/2023\/09\/DJI_Bamberg_Ebracher-Stadthoefe-5.jpg\" rel=\"noreferrer\" data-rel=\"iLightbox[gallery_image_1]\" class=\"fusion-lightbox\" target=\"_self\"><img decoding=\"async\" src=\"https:\/\/cisterscapes.eu\/wp-content\/uploads\/2023\/09\/DJI_Bamberg_Ebracher-Stadthoefe-5-460x295.jpg\" width=\"460\" height=\"295\" alt=\"\" title=\"DJI_Bamberg_Ebracher Stadth\u00f6fe (5)\" aria-label=\"DJI_Bamberg_Ebracher Stadth\u00f6fe (5)\" class=\"img-responsive wp-image-2887 fusion-gallery-image-size-fixed\"  \/><\/a><\/div><\/div><div style=\"padding:0px;\" class=\"fusion-grid-column fusion-gallery-column fusion-gallery-column-3 hover-type-none\"><div class=\"fusion-gallery-image\"><a href=\"https:\/\/cisterscapes.eu\/wp-content\/uploads\/2023\/09\/DJI_0232-Luftaufnahme-Rauhenebrach-Koppenwind_Suenderhauf-2.jpg\" rel=\"noreferrer\" data-rel=\"iLightbox[gallery_image_1]\" class=\"fusion-lightbox\" target=\"_self\"><img decoding=\"async\" src=\"https:\/\/cisterscapes.eu\/wp-content\/uploads\/2023\/09\/DJI_0232-Luftaufnahme-Rauhenebrach-Koppenwind_Suenderhauf-2-460x295.jpg\" width=\"460\" height=\"295\" alt=\"\" title=\"DJI_0232-Luftaufnahme Rauhenebrach Koppenwind_S\u00fcnderhauf (2)\" aria-label=\"DJI_0232-Luftaufnahme Rauhenebrach Koppenwind_S\u00fcnderhauf (2)\" class=\"img-responsive wp-image-2890 fusion-gallery-image-size-fixed\"  \/><\/a><\/div><\/div><div style=\"padding:0px;\" class=\"fusion-grid-column fusion-gallery-column fusion-gallery-column-3 hover-type-none\"><div class=\"fusion-gallery-image\"><a href=\"https:\/\/cisterscapes.eu\/wp-content\/uploads\/2023\/09\/DJI_0232-Luftaufnahme-Rauhenebrach-Koppenwind_Suenderhauf-1.jpg\" rel=\"noreferrer\" data-rel=\"iLightbox[gallery_image_1]\" class=\"fusion-lightbox\" target=\"_self\"><img decoding=\"async\" src=\"https:\/\/cisterscapes.eu\/wp-content\/uploads\/2023\/09\/DJI_0232-Luftaufnahme-Rauhenebrach-Koppenwind_Suenderhauf-1-460x295.jpg\" width=\"460\" height=\"295\" alt=\"\" title=\"DJI_0232-Luftaufnahme Rauhenebrach Koppenwind_S\u00fcnderhauf (1)\" aria-label=\"DJI_0232-Luftaufnahme Rauhenebrach Koppenwind_S\u00fcnderhauf (1)\" class=\"img-responsive wp-image-2889 fusion-gallery-image-size-fixed\"  \/><\/a><\/div><\/div><div class=\"clearfix\"><\/div><div style=\"padding:0px;\" class=\"fusion-grid-column fusion-gallery-column fusion-gallery-column-3 hover-type-none\"><div class=\"fusion-gallery-image\"><a href=\"https:\/\/cisterscapes.eu\/wp-content\/uploads\/2023\/09\/DJI_0187-Luftaufnahme-Grossgressingen-St.-Rochus_Suenderhaufjpg-2.jpg\" rel=\"noreferrer\" data-rel=\"iLightbox[gallery_image_1]\" class=\"fusion-lightbox\" target=\"_self\"><img decoding=\"async\" src=\"https:\/\/cisterscapes.eu\/wp-content\/uploads\/2023\/09\/DJI_0187-Luftaufnahme-Grossgressingen-St.-Rochus_Suenderhaufjpg-2-460x295.jpg\" width=\"460\" height=\"295\" alt=\"\" title=\"DJI_0187-Luftaufnahme Gro\u00dfgressingen St. Rochus_S\u00fcnderhaufjpg (2)\" aria-label=\"DJI_0187-Luftaufnahme Gro\u00dfgressingen St. Rochus_S\u00fcnderhaufjpg (2)\" class=\"img-responsive wp-image-2892 fusion-gallery-image-size-fixed\"  \/><\/a><\/div><\/div><div style=\"padding:0px;\" class=\"fusion-grid-column fusion-gallery-column fusion-gallery-column-3 hover-type-none\"><div class=\"fusion-gallery-image\"><a href=\"https:\/\/cisterscapes.eu\/wp-content\/uploads\/2023\/09\/DJI_0221-Luftaufnahme-Burgwindheim_Suenderhauf.jpg\" rel=\"noreferrer\" data-rel=\"iLightbox[gallery_image_1]\" class=\"fusion-lightbox\" target=\"_self\"><img decoding=\"async\" src=\"https:\/\/cisterscapes.eu\/wp-content\/uploads\/2023\/09\/DJI_0221-Luftaufnahme-Burgwindheim_Suenderhauf-460x295.jpg\" width=\"460\" height=\"295\" alt=\"\" title=\"DJI_0221-Luftaufnahme Burgwindheim_S\u00fcnderhauf\" aria-label=\"DJI_0221-Luftaufnahme Burgwindheim_S\u00fcnderhauf\" class=\"img-responsive wp-image-2891 fusion-gallery-image-size-fixed\"  \/><\/a><\/div><\/div><div style=\"padding:0px;\" class=\"fusion-grid-column fusion-gallery-column fusion-gallery-column-3 hover-type-none\"><div class=\"fusion-gallery-image\"><a href=\"https:\/\/cisterscapes.eu\/wp-content\/uploads\/2023\/09\/DJI_0153-Weiherseetal-bei-Ebrach-_Suenderhauf-2.jpg\" rel=\"noreferrer\" data-rel=\"iLightbox[gallery_image_1]\" class=\"fusion-lightbox\" target=\"_self\"><img decoding=\"async\" src=\"https:\/\/cisterscapes.eu\/wp-content\/uploads\/2023\/09\/DJI_0153-Weiherseetal-bei-Ebrach-_Suenderhauf-2-460x295.jpg\" width=\"460\" height=\"295\" alt=\"\" title=\"DJI_0153-Weiherseetal bei Ebrach _S\u00fcnderhauf (2)\" aria-label=\"DJI_0153-Weiherseetal bei Ebrach _S\u00fcnderhauf (2)\" class=\"img-responsive wp-image-2894 fusion-gallery-image-size-fixed\"  \/><\/a><\/div><\/div><div class=\"clearfix\"><\/div><div style=\"padding:0px;\" class=\"fusion-grid-column fusion-gallery-column fusion-gallery-column-3 hover-type-none\"><div class=\"fusion-gallery-image\"><a href=\"https:\/\/cisterscapes.eu\/wp-content\/uploads\/2023\/09\/DJI_0198-Luftaufnahme_Grossgressingen-Winkelhof.jpg\" rel=\"noreferrer\" data-rel=\"iLightbox[gallery_image_1]\" class=\"fusion-lightbox\" target=\"_self\"><img decoding=\"async\" src=\"https:\/\/cisterscapes.eu\/wp-content\/uploads\/2023\/09\/DJI_0198-Luftaufnahme_Grossgressingen-Winkelhof-460x295.jpg\" width=\"460\" height=\"295\" alt=\"\" title=\"DJI_0198-Luftaufnahme_Gro\u00dfgressingen Winkelhof\" aria-label=\"DJI_0198-Luftaufnahme_Gro\u00dfgressingen Winkelhof\" class=\"img-responsive wp-image-2893 fusion-gallery-image-size-fixed\"  \/><\/a><\/div><\/div><div style=\"padding:0px;\" class=\"fusion-grid-column fusion-gallery-column fusion-gallery-column-3 hover-type-none awb-gallery-item-hidden\"><div class=\"fusion-gallery-image\"><a href=\"https:\/\/cisterscapes.eu\/wp-content\/uploads\/2023\/09\/DJI_0094-Luftaufnahme-Mainstockheim_Ebracher-Hof_Suenderhauf-3.jpg\" rel=\"noreferrer\" data-rel=\"iLightbox[gallery_image_1]\" class=\"fusion-lightbox\" target=\"_self\"><img decoding=\"async\" src=\"https:\/\/cisterscapes.eu\/wp-content\/uploads\/2023\/09\/DJI_0094-Luftaufnahme-Mainstockheim_Ebracher-Hof_Suenderhauf-3-460x295.jpg\" width=\"460\" height=\"295\" alt=\"\" title=\"DJI_0094-Luftaufnahme Mainstockheim_Ebracher Hof_S\u00fcnderhauf (3)\" aria-label=\"DJI_0094-Luftaufnahme Mainstockheim_Ebracher Hof_S\u00fcnderhauf (3)\" class=\"img-responsive wp-image-2896 fusion-gallery-image-size-fixed\"  \/><\/a><\/div><\/div><div style=\"padding:0px;\" class=\"fusion-grid-column fusion-gallery-column fusion-gallery-column-3 hover-type-none awb-gallery-item-hidden\"><div class=\"fusion-gallery-image\"><a href=\"https:\/\/cisterscapes.eu\/wp-content\/uploads\/2023\/09\/DJI_0140-Luftaufnahme-Schweinfurt-Ebracher-Hof_Suenderhauf-2.jpg\" rel=\"noreferrer\" data-rel=\"iLightbox[gallery_image_1]\" class=\"fusion-lightbox\" target=\"_self\"><img decoding=\"async\" src=\"https:\/\/cisterscapes.eu\/wp-content\/uploads\/2023\/09\/DJI_0140-Luftaufnahme-Schweinfurt-Ebracher-Hof_Suenderhauf-2-460x295.jpg\" width=\"460\" height=\"295\" alt=\"\" title=\"DJI_0140-Luftaufnahme Schweinfurt Ebracher Hof_S\u00fcnderhauf (2)\" aria-label=\"DJI_0140-Luftaufnahme Schweinfurt Ebracher Hof_S\u00fcnderhauf (2)\" class=\"img-responsive wp-image-2895 fusion-gallery-image-size-fixed\"  \/><\/a><\/div><\/div><div class=\"clearfix\"><\/div><\/div><div class=\"fusion-loading-container fusion-clearfix awb-gallery-posts-loading-container\">\n\t\t\t\t<div class=\"fusion-loading-spinner\">\n\t\t\t\t\t<div class=\"fusion-spinner-1\"><\/div>\n\t\t\t\t\t<div class=\"fusion-spinner-2\"><\/div>\n\t\t\t\t\t<div class=\"fusion-spinner-3\"><\/div>\n\t\t\t\t<\/div><div class=\"fusion-loading-msg\"><em>Loading the next set of gallery items...<\/em><\/div><\/div><div class=\"awb-gallery-infinite-scroll-handle is-active\"><\/div><\/div><\/div><\/div><\/div><\/div><div class=\"fusion-fullwidth fullwidth-box fusion-builder-row-8 fusion-flex-container has-pattern-background has-mask-background hundred-percent-fullwidth non-hundred-percent-height-scrolling\" style=\"--awb-border-radius-top-left:0px;--awb-border-radius-top-right:0px;--awb-border-radius-bottom-right:0px;--awb-border-radius-bottom-left:0px;--awb-padding-top:0px;--awb-padding-right:0px;--awb-padding-bottom:0px;--awb-padding-left:0px;--awb-margin-bottom:0px;--awb-background-color:var(--awb-color1);--awb-flex-wrap:wrap;\" ><div class=\"fusion-builder-row fusion-row fusion-flex-align-items-stretch fusion-flex-content-wrap\" style=\"width:calc( 100% + 0px ) !important;max-width:calc( 100% + 0px ) !important;margin-left: calc(-0px \/ 2 );margin-right: calc(-0px \/ 2 );\"><div class=\"fusion-layout-column fusion_builder_column fusion-builder-column-10 fusion_builder_column_1_1 1_1 fusion-flex-column\" style=\"--awb-padding-top-medium:20vh;--awb-padding-bottom-medium:20vh;--awb-bg-color:var(--awb-color1);--awb-bg-color-hover:var(--awb-color1);--awb-bg-position:center center;--awb-bg-size:cover;--awb-width-large:100%;--awb-margin-top-large:0px;--awb-spacing-right-large:0px;--awb-margin-bottom-large:0px;--awb-spacing-left-large:0px;--awb-width-medium:100%;--awb-order-medium:0;--awb-spacing-right-medium:0px;--awb-spacing-left-medium:0px;--awb-width-small:100%;--awb-order-small:0;--awb-spacing-right-small:0px;--awb-spacing-left-small:0px;\" data-scroll-devices=\"small-visibility,medium-visibility,large-visibility\"><div class=\"fusion-column-wrapper fusion-column-has-shadow fusion-flex-justify-content-flex-start fusion-content-layout-column\"><div class=\"awb-gallery-wrapper awb-gallery-wrapper-2 button-span-no\" style=\"--more-btn-alignment:center;margin-top:0px;margin-right:0px;margin-bottom:0px;margin-left:0px;\" data-limit=\"10\" data-page=\"1\"><div style=\"margin:0px;--awb-bordersize:0px;\" class=\"fusion-gallery fusion-gallery-container fusion-grid-6 fusion-columns-total-48 fusion-gallery-layout-grid fusion-gallery-2\"><div style=\"padding:0px;\" class=\"fusion-grid-column fusion-gallery-column fusion-gallery-column-6 hover-type-none\"><div class=\"fusion-gallery-image\"><a href=\"https:\/\/cisterscapes.eu\/wp-content\/uploads\/2023\/09\/DJI_0079-Luftaufnahme-Schloss-und-Ort-Sulzheim_Suenderhauf-5.jpg\" rel=\"noreferrer\" data-rel=\"iLightbox[gallery_image_2]\" class=\"fusion-lightbox\" target=\"_self\"><img decoding=\"async\" src=\"https:\/\/cisterscapes.eu\/wp-content\/uploads\/2023\/09\/DJI_0079-Luftaufnahme-Schloss-und-Ort-Sulzheim_Suenderhauf-5-320x202.jpg\" width=\"320\" height=\"202\" alt=\"\" title=\"DJI_0079-Luftaufnahme Schloss und Ort Sulzheim_S\u00fcnderhauf (5)\" aria-label=\"DJI_0079-Luftaufnahme Schloss und Ort Sulzheim_S\u00fcnderhauf (5)\" class=\"img-responsive wp-image-2897 fusion-gallery-image-size-fixed\" srcset=\"https:\/\/cisterscapes.eu\/wp-content\/uploads\/2023\/09\/DJI_0079-Luftaufnahme-Schloss-und-Ort-Sulzheim_Suenderhauf-5-320x202.jpg 320w, https:\/\/cisterscapes.eu\/wp-content\/uploads\/2023\/09\/DJI_0079-Luftaufnahme-Schloss-und-Ort-Sulzheim_Suenderhauf-5-700x441.jpg 700w\" sizes=\"(max-width: 320px) 100vw, 320px\" \/><\/a><\/div><\/div><div style=\"padding:0px;\" class=\"fusion-grid-column fusion-gallery-column fusion-gallery-column-6 hover-type-none\"><div class=\"fusion-gallery-image\"><a href=\"https:\/\/cisterscapes.eu\/wp-content\/uploads\/2023\/09\/burgwindheim_stephan_hummel-2-2000x1200-1.jpg\" rel=\"noreferrer\" data-rel=\"iLightbox[gallery_image_2]\" class=\"fusion-lightbox\" target=\"_self\"><img decoding=\"async\" src=\"https:\/\/cisterscapes.eu\/wp-content\/uploads\/2023\/09\/burgwindheim_stephan_hummel-2-2000x1200-1-320x202.jpg\" width=\"320\" height=\"202\" alt=\"\" title=\"burgwindheim_stephan_hummel-2-2000&#215;1200\" aria-label=\"burgwindheim_stephan_hummel-2-2000&#215;1200\" class=\"img-responsive wp-image-2946 fusion-gallery-image-size-fixed\" srcset=\"https:\/\/cisterscapes.eu\/wp-content\/uploads\/2023\/09\/burgwindheim_stephan_hummel-2-2000x1200-1-320x202.jpg 320w, https:\/\/cisterscapes.eu\/wp-content\/uploads\/2023\/09\/burgwindheim_stephan_hummel-2-2000x1200-1-700x441.jpg 700w\" sizes=\"(max-width: 320px) 100vw, 320px\" \/><\/a><\/div><\/div><div style=\"padding:0px;\" class=\"fusion-grid-column fusion-gallery-column fusion-gallery-column-6 hover-type-none\"><div class=\"fusion-gallery-image\"><a href=\"https:\/\/cisterscapes.eu\/wp-content\/uploads\/2023\/09\/Ebrach_Herbst_Nebel_Sonnenaufgang_Frost_ChristianFoerster-70-2000x1200-1.jpg\" rel=\"noreferrer\" data-rel=\"iLightbox[gallery_image_2]\" class=\"fusion-lightbox\" target=\"_self\"><img decoding=\"async\" src=\"https:\/\/cisterscapes.eu\/wp-content\/uploads\/2023\/09\/Ebrach_Herbst_Nebel_Sonnenaufgang_Frost_ChristianFoerster-70-2000x1200-1-320x202.jpg\" width=\"320\" height=\"202\" alt=\"\" title=\"Ebrach_Herbst_Nebel_Sonnenaufgang_Frost_ChristianFoerster-70-2000&#215;1200\" aria-label=\"Ebrach_Herbst_Nebel_Sonnenaufgang_Frost_ChristianFoerster-70-2000&#215;1200\" class=\"img-responsive wp-image-2945 fusion-gallery-image-size-fixed\" srcset=\"https:\/\/cisterscapes.eu\/wp-content\/uploads\/2023\/09\/Ebrach_Herbst_Nebel_Sonnenaufgang_Frost_ChristianFoerster-70-2000x1200-1-320x202.jpg 320w, https:\/\/cisterscapes.eu\/wp-content\/uploads\/2023\/09\/Ebrach_Herbst_Nebel_Sonnenaufgang_Frost_ChristianFoerster-70-2000x1200-1-700x441.jpg 700w\" sizes=\"(max-width: 320px) 100vw, 320px\" \/><\/a><\/div><\/div><div style=\"padding:0px;\" class=\"fusion-grid-column fusion-gallery-column fusion-gallery-column-6 hover-type-none\"><div class=\"fusion-gallery-image\"><a href=\"https:\/\/cisterscapes.eu\/wp-content\/uploads\/2023\/09\/Orangerie-Front_Ebrach_E.Goetz2018-2000x1200-1.jpg\" rel=\"noreferrer\" data-rel=\"iLightbox[gallery_image_2]\" class=\"fusion-lightbox\" target=\"_self\"><img decoding=\"async\" src=\"https:\/\/cisterscapes.eu\/wp-content\/uploads\/2023\/09\/Orangerie-Front_Ebrach_E.Goetz2018-2000x1200-1-320x202.jpg\" width=\"320\" height=\"202\" alt=\"\" title=\"Orangerie-Front_Ebrach_E.Goetz2018-2000&#215;1200\" aria-label=\"Orangerie-Front_Ebrach_E.Goetz2018-2000&#215;1200\" class=\"img-responsive wp-image-2944 fusion-gallery-image-size-fixed\" srcset=\"https:\/\/cisterscapes.eu\/wp-content\/uploads\/2023\/09\/Orangerie-Front_Ebrach_E.Goetz2018-2000x1200-1-320x202.jpg 320w, https:\/\/cisterscapes.eu\/wp-content\/uploads\/2023\/09\/Orangerie-Front_Ebrach_E.Goetz2018-2000x1200-1-700x441.jpg 700w\" sizes=\"(max-width: 320px) 100vw, 320px\" \/><\/a><\/div><\/div><div style=\"padding:0px;\" class=\"fusion-grid-column fusion-gallery-column fusion-gallery-column-6 hover-type-none\"><div class=\"fusion-gallery-image\"><a href=\"https:\/\/cisterscapes.eu\/wp-content\/uploads\/2023\/09\/Pfarrhaus_Schmaehling-2000x1200-1.jpg\" rel=\"noreferrer\" data-rel=\"iLightbox[gallery_image_2]\" class=\"fusion-lightbox\" target=\"_self\"><img decoding=\"async\" src=\"https:\/\/cisterscapes.eu\/wp-content\/uploads\/2023\/09\/Pfarrhaus_Schmaehling-2000x1200-1-320x202.jpg\" width=\"320\" height=\"202\" alt=\"\" title=\"Pfarrhaus_Schmaehling-2000&#215;1200\" aria-label=\"Pfarrhaus_Schmaehling-2000&#215;1200\" class=\"img-responsive wp-image-2943 fusion-gallery-image-size-fixed\" srcset=\"https:\/\/cisterscapes.eu\/wp-content\/uploads\/2023\/09\/Pfarrhaus_Schmaehling-2000x1200-1-320x202.jpg 320w, https:\/\/cisterscapes.eu\/wp-content\/uploads\/2023\/09\/Pfarrhaus_Schmaehling-2000x1200-1-700x441.jpg 700w\" sizes=\"(max-width: 320px) 100vw, 320px\" \/><\/a><\/div><\/div><div style=\"padding:0px;\" class=\"fusion-grid-column fusion-gallery-column fusion-gallery-column-6 hover-type-none\"><div class=\"fusion-gallery-image\"><a href=\"https:\/\/cisterscapes.eu\/wp-content\/uploads\/2023\/09\/Rosette_Schmaehling-1-2000x1200-1.jpg\" rel=\"noreferrer\" data-rel=\"iLightbox[gallery_image_2]\" class=\"fusion-lightbox\" target=\"_self\"><img decoding=\"async\" src=\"https:\/\/cisterscapes.eu\/wp-content\/uploads\/2023\/09\/Rosette_Schmaehling-1-2000x1200-1-320x202.jpg\" width=\"320\" height=\"202\" alt=\"\" title=\"Rosette_Schmaehling-1-2000&#215;1200\" aria-label=\"Rosette_Schmaehling-1-2000&#215;1200\" class=\"img-responsive wp-image-2942 fusion-gallery-image-size-fixed\" srcset=\"https:\/\/cisterscapes.eu\/wp-content\/uploads\/2023\/09\/Rosette_Schmaehling-1-2000x1200-1-320x202.jpg 320w, https:\/\/cisterscapes.eu\/wp-content\/uploads\/2023\/09\/Rosette_Schmaehling-1-2000x1200-1-700x441.jpg 700w\" sizes=\"(max-width: 320px) 100vw, 320px\" \/><\/a><\/div><\/div><div class=\"clearfix\"><\/div><div style=\"padding:0px;\" class=\"fusion-grid-column fusion-gallery-column fusion-gallery-column-6 hover-type-none\"><div class=\"fusion-gallery-image\"><a href=\"https:\/\/cisterscapes.eu\/wp-content\/uploads\/2023\/09\/Ebrach_Wirtschaftshof-der-Zisterze-Ebrach_FotoThomasBuettner-2000x1200-1.jpg\" rel=\"noreferrer\" data-rel=\"iLightbox[gallery_image_2]\" class=\"fusion-lightbox\" target=\"_self\"><img decoding=\"async\" src=\"https:\/\/cisterscapes.eu\/wp-content\/uploads\/2023\/09\/Ebrach_Wirtschaftshof-der-Zisterze-Ebrach_FotoThomasBuettner-2000x1200-1-320x202.jpg\" width=\"320\" height=\"202\" alt=\"\" title=\"Ebrach_Wirtschaftshof-der-Zisterze-Ebrach_FotoThomasBuettner-2000&#215;1200\" aria-label=\"Ebrach_Wirtschaftshof-der-Zisterze-Ebrach_FotoThomasBuettner-2000&#215;1200\" class=\"img-responsive wp-image-2941 fusion-gallery-image-size-fixed\" srcset=\"https:\/\/cisterscapes.eu\/wp-content\/uploads\/2023\/09\/Ebrach_Wirtschaftshof-der-Zisterze-Ebrach_FotoThomasBuettner-2000x1200-1-320x202.jpg 320w, https:\/\/cisterscapes.eu\/wp-content\/uploads\/2023\/09\/Ebrach_Wirtschaftshof-der-Zisterze-Ebrach_FotoThomasBuettner-2000x1200-1-700x441.jpg 700w\" sizes=\"(max-width: 320px) 100vw, 320px\" \/><\/a><\/div><\/div><div style=\"padding:0px;\" class=\"fusion-grid-column fusion-gallery-column fusion-gallery-column-6 hover-type-none\"><div class=\"fusion-gallery-image\"><a href=\"https:\/\/cisterscapes.eu\/wp-content\/uploads\/2023\/09\/Blick-vom-Ebracher-Panoramaweg-ins-Mittlere-Ebrachtal_Foto-Thomas-Buettner-2000x1200-1.jpg\" rel=\"noreferrer\" data-rel=\"iLightbox[gallery_image_2]\" class=\"fusion-lightbox\" target=\"_self\"><img decoding=\"async\" src=\"https:\/\/cisterscapes.eu\/wp-content\/uploads\/2023\/09\/Blick-vom-Ebracher-Panoramaweg-ins-Mittlere-Ebrachtal_Foto-Thomas-Buettner-2000x1200-1-320x202.jpg\" width=\"320\" height=\"202\" alt=\"\" title=\"Blick-vom-Ebracher-Panoramaweg-ins-Mittlere-Ebrachtal_Foto-Thomas-Buettner-2000&#215;1200\" aria-label=\"Blick-vom-Ebracher-Panoramaweg-ins-Mittlere-Ebrachtal_Foto-Thomas-Buettner-2000&#215;1200\" class=\"img-responsive wp-image-2940 fusion-gallery-image-size-fixed\" srcset=\"https:\/\/cisterscapes.eu\/wp-content\/uploads\/2023\/09\/Blick-vom-Ebracher-Panoramaweg-ins-Mittlere-Ebrachtal_Foto-Thomas-Buettner-2000x1200-1-320x202.jpg 320w, https:\/\/cisterscapes.eu\/wp-content\/uploads\/2023\/09\/Blick-vom-Ebracher-Panoramaweg-ins-Mittlere-Ebrachtal_Foto-Thomas-Buettner-2000x1200-1-700x441.jpg 700w\" sizes=\"(max-width: 320px) 100vw, 320px\" \/><\/a><\/div><\/div><div style=\"padding:0px;\" class=\"fusion-grid-column fusion-gallery-column fusion-gallery-column-6 hover-type-none\"><div class=\"fusion-gallery-image\"><a href=\"https:\/\/cisterscapes.eu\/wp-content\/uploads\/2023\/09\/Burgwindheim_Amtssitz_Foto-Thomas-Buettner-2000x1200-1.jpg\" rel=\"noreferrer\" data-rel=\"iLightbox[gallery_image_2]\" class=\"fusion-lightbox\" target=\"_self\"><img decoding=\"async\" src=\"https:\/\/cisterscapes.eu\/wp-content\/uploads\/2023\/09\/Burgwindheim_Amtssitz_Foto-Thomas-Buettner-2000x1200-1-320x202.jpg\" width=\"320\" height=\"202\" alt=\"\" title=\"Burgwindheim_Amtssitz_Foto-Thomas-Buettner-2000&#215;1200\" aria-label=\"Burgwindheim_Amtssitz_Foto-Thomas-Buettner-2000&#215;1200\" class=\"img-responsive wp-image-2939 fusion-gallery-image-size-fixed\" srcset=\"https:\/\/cisterscapes.eu\/wp-content\/uploads\/2023\/09\/Burgwindheim_Amtssitz_Foto-Thomas-Buettner-2000x1200-1-320x202.jpg 320w, https:\/\/cisterscapes.eu\/wp-content\/uploads\/2023\/09\/Burgwindheim_Amtssitz_Foto-Thomas-Buettner-2000x1200-1-700x441.jpg 700w\" sizes=\"(max-width: 320px) 100vw, 320px\" \/><\/a><\/div><\/div><div style=\"padding:0px;\" class=\"fusion-grid-column fusion-gallery-column fusion-gallery-column-6 hover-type-none\"><div class=\"fusion-gallery-image\"><a href=\"https:\/\/cisterscapes.eu\/wp-content\/uploads\/2023\/09\/Aussenansicht_Schmaeling-2000x1200-1.jpg\" rel=\"noreferrer\" data-rel=\"iLightbox[gallery_image_2]\" class=\"fusion-lightbox\" target=\"_self\"><img decoding=\"async\" src=\"https:\/\/cisterscapes.eu\/wp-content\/uploads\/2023\/09\/Aussenansicht_Schmaeling-2000x1200-1-320x202.jpg\" width=\"320\" height=\"202\" alt=\"\" title=\"Klosterkirche Au\u00dfenaufnahme\" aria-label=\"Klosterkirche Au\u00dfenaufnahme\" class=\"img-responsive wp-image-2938 fusion-gallery-image-size-fixed\" srcset=\"https:\/\/cisterscapes.eu\/wp-content\/uploads\/2023\/09\/Aussenansicht_Schmaeling-2000x1200-1-320x202.jpg 320w, https:\/\/cisterscapes.eu\/wp-content\/uploads\/2023\/09\/Aussenansicht_Schmaeling-2000x1200-1-700x441.jpg 700w\" sizes=\"(max-width: 320px) 100vw, 320px\" \/><\/a><\/div><\/div><div style=\"padding:0px;\" class=\"fusion-grid-column fusion-gallery-column fusion-gallery-column-6 hover-type-none awb-gallery-item-hidden\"><div class=\"fusion-gallery-image\"><a href=\"https:\/\/cisterscapes.eu\/wp-content\/uploads\/2023\/09\/burgwindheim_stephan_hummel-3-1-2000x1200-1.jpg\" rel=\"noreferrer\" data-rel=\"iLightbox[gallery_image_2]\" class=\"fusion-lightbox\" target=\"_self\"><img decoding=\"async\" src=\"https:\/\/cisterscapes.eu\/wp-content\/uploads\/2023\/09\/burgwindheim_stephan_hummel-3-1-2000x1200-1-320x202.jpg\" width=\"320\" height=\"202\" alt=\"\" title=\"burgwindheim_stephan_hummel-3-1-2000&#215;1200\" aria-label=\"burgwindheim_stephan_hummel-3-1-2000&#215;1200\" class=\"img-responsive wp-image-2937 fusion-gallery-image-size-fixed\" srcset=\"https:\/\/cisterscapes.eu\/wp-content\/uploads\/2023\/09\/burgwindheim_stephan_hummel-3-1-2000x1200-1-320x202.jpg 320w, https:\/\/cisterscapes.eu\/wp-content\/uploads\/2023\/09\/burgwindheim_stephan_hummel-3-1-2000x1200-1-700x441.jpg 700w\" sizes=\"(max-width: 320px) 100vw, 320px\" \/><\/a><\/div><\/div><div style=\"padding:0px;\" class=\"fusion-grid-column fusion-gallery-column fusion-gallery-column-6 hover-type-none awb-gallery-item-hidden\"><div class=\"fusion-gallery-image\"><a href=\"https:\/\/cisterscapes.eu\/wp-content\/uploads\/2023\/09\/098A1121-Sulzheim-Eich_Suenderhauf-17-Kopie.jpg\" rel=\"noreferrer\" data-rel=\"iLightbox[gallery_image_2]\" class=\"fusion-lightbox\" target=\"_self\"><img decoding=\"async\" src=\"https:\/\/cisterscapes.eu\/wp-content\/uploads\/2023\/09\/098A1121-Sulzheim-Eich_Suenderhauf-17-Kopie-320x202.jpg\" width=\"320\" height=\"202\" alt=\"\" title=\"098A1121-Sulzheim Eich_S\u00fcnderhauf (17) Kopie\" aria-label=\"098A1121-Sulzheim Eich_S\u00fcnderhauf (17) Kopie\" class=\"img-responsive wp-image-2935 fusion-gallery-image-size-fixed\" srcset=\"https:\/\/cisterscapes.eu\/wp-content\/uploads\/2023\/09\/098A1121-Sulzheim-Eich_Suenderhauf-17-Kopie-320x202.jpg 320w, https:\/\/cisterscapes.eu\/wp-content\/uploads\/2023\/09\/098A1121-Sulzheim-Eich_Suenderhauf-17-Kopie-700x441.jpg 700w\" sizes=\"(max-width: 320px) 100vw, 320px\" \/><\/a><\/div><\/div><div class=\"clearfix\"><\/div><div style=\"padding:0px;\" class=\"fusion-grid-column fusion-gallery-column fusion-gallery-column-6 hover-type-none awb-gallery-item-hidden\"><div class=\"fusion-gallery-image\"><a href=\"https:\/\/cisterscapes.eu\/wp-content\/uploads\/2023\/09\/098A1121-Sulzheim-Eich_Suenderhauf-16-Kopie.jpg\" rel=\"noreferrer\" data-rel=\"iLightbox[gallery_image_2]\" class=\"fusion-lightbox\" target=\"_self\"><img decoding=\"async\" src=\"https:\/\/cisterscapes.eu\/wp-content\/uploads\/2023\/09\/098A1121-Sulzheim-Eich_Suenderhauf-16-Kopie-320x202.jpg\" width=\"320\" height=\"202\" alt=\"\" title=\"098A1121-Sulzheim Eich_S\u00fcnderhauf (16) Kopie\" aria-label=\"098A1121-Sulzheim Eich_S\u00fcnderhauf (16) Kopie\" class=\"img-responsive wp-image-2934 fusion-gallery-image-size-fixed\" srcset=\"https:\/\/cisterscapes.eu\/wp-content\/uploads\/2023\/09\/098A1121-Sulzheim-Eich_Suenderhauf-16-Kopie-320x202.jpg 320w, https:\/\/cisterscapes.eu\/wp-content\/uploads\/2023\/09\/098A1121-Sulzheim-Eich_Suenderhauf-16-Kopie-700x441.jpg 700w\" sizes=\"(max-width: 320px) 100vw, 320px\" \/><\/a><\/div><\/div><div style=\"padding:0px;\" class=\"fusion-grid-column fusion-gallery-column fusion-gallery-column-6 hover-type-none awb-gallery-item-hidden\"><div class=\"fusion-gallery-image\"><a href=\"https:\/\/cisterscapes.eu\/wp-content\/uploads\/2023\/09\/098A1121-Sulzheim-Eich_Suenderhauf-12-Kopie.jpg\" rel=\"noreferrer\" data-rel=\"iLightbox[gallery_image_2]\" class=\"fusion-lightbox\" target=\"_self\"><img decoding=\"async\" src=\"https:\/\/cisterscapes.eu\/wp-content\/uploads\/2023\/09\/098A1121-Sulzheim-Eich_Suenderhauf-12-Kopie-320x202.jpg\" width=\"320\" height=\"202\" alt=\"\" title=\"098A1121-Sulzheim Eich_S\u00fcnderhauf (12) Kopie\" aria-label=\"098A1121-Sulzheim Eich_S\u00fcnderhauf (12) Kopie\" class=\"img-responsive wp-image-2933 fusion-gallery-image-size-fixed\" srcset=\"https:\/\/cisterscapes.eu\/wp-content\/uploads\/2023\/09\/098A1121-Sulzheim-Eich_Suenderhauf-12-Kopie-320x202.jpg 320w, https:\/\/cisterscapes.eu\/wp-content\/uploads\/2023\/09\/098A1121-Sulzheim-Eich_Suenderhauf-12-Kopie-700x441.jpg 700w\" sizes=\"(max-width: 320px) 100vw, 320px\" \/><\/a><\/div><\/div><div style=\"padding:0px;\" class=\"fusion-grid-column fusion-gallery-column fusion-gallery-column-6 hover-type-none awb-gallery-item-hidden\"><div class=\"fusion-gallery-image\"><a href=\"https:\/\/cisterscapes.eu\/wp-content\/uploads\/2023\/09\/098A1121-Sulzheim-Eich_Suenderhauf-9-Kopie.jpg\" rel=\"noreferrer\" data-rel=\"iLightbox[gallery_image_2]\" class=\"fusion-lightbox\" target=\"_self\"><img decoding=\"async\" src=\"https:\/\/cisterscapes.eu\/wp-content\/uploads\/2023\/09\/098A1121-Sulzheim-Eich_Suenderhauf-9-Kopie-320x202.jpg\" width=\"320\" height=\"202\" alt=\"\" title=\"098A1121-Sulzheim Eich_S\u00fcnderhauf (9) Kopie\" aria-label=\"098A1121-Sulzheim Eich_S\u00fcnderhauf (9) Kopie\" class=\"img-responsive wp-image-2932 fusion-gallery-image-size-fixed\" srcset=\"https:\/\/cisterscapes.eu\/wp-content\/uploads\/2023\/09\/098A1121-Sulzheim-Eich_Suenderhauf-9-Kopie-320x202.jpg 320w, https:\/\/cisterscapes.eu\/wp-content\/uploads\/2023\/09\/098A1121-Sulzheim-Eich_Suenderhauf-9-Kopie-700x441.jpg 700w\" sizes=\"(max-width: 320px) 100vw, 320px\" \/><\/a><\/div><\/div><div style=\"padding:0px;\" class=\"fusion-grid-column fusion-gallery-column fusion-gallery-column-6 hover-type-none awb-gallery-item-hidden\"><div class=\"fusion-gallery-image\"><a href=\"https:\/\/cisterscapes.eu\/wp-content\/uploads\/2023\/09\/098A1121-Sulzheim-Eich_Suenderhauf-8-Kopie.jpg\" rel=\"noreferrer\" data-rel=\"iLightbox[gallery_image_2]\" class=\"fusion-lightbox\" target=\"_self\"><img decoding=\"async\" src=\"https:\/\/cisterscapes.eu\/wp-content\/uploads\/2023\/09\/098A1121-Sulzheim-Eich_Suenderhauf-8-Kopie-320x202.jpg\" width=\"320\" height=\"202\" alt=\"\" title=\"098A1121-Sulzheim Eich_S\u00fcnderhauf (8) Kopie\" aria-label=\"098A1121-Sulzheim Eich_S\u00fcnderhauf (8) Kopie\" class=\"img-responsive wp-image-2931 fusion-gallery-image-size-fixed\" srcset=\"https:\/\/cisterscapes.eu\/wp-content\/uploads\/2023\/09\/098A1121-Sulzheim-Eich_Suenderhauf-8-Kopie-320x202.jpg 320w, https:\/\/cisterscapes.eu\/wp-content\/uploads\/2023\/09\/098A1121-Sulzheim-Eich_Suenderhauf-8-Kopie-700x441.jpg 700w\" sizes=\"(max-width: 320px) 100vw, 320px\" \/><\/a><\/div><\/div><div style=\"padding:0px;\" class=\"fusion-grid-column fusion-gallery-column fusion-gallery-column-6 hover-type-none awb-gallery-item-hidden\"><div class=\"fusion-gallery-image\"><a href=\"https:\/\/cisterscapes.eu\/wp-content\/uploads\/2023\/09\/098A1121-Moenchstockheim-mit-Eich_Suenderhauf.jpg\" rel=\"noreferrer\" data-rel=\"iLightbox[gallery_image_2]\" class=\"fusion-lightbox\" target=\"_self\"><img decoding=\"async\" src=\"https:\/\/cisterscapes.eu\/wp-content\/uploads\/2023\/09\/098A1121-Moenchstockheim-mit-Eich_Suenderhauf-320x202.jpg\" width=\"320\" height=\"202\" alt=\"\" title=\"098A1121- M\u00f6nchstockheim mit Eich_S\u00fcnderhauf\" aria-label=\"098A1121- M\u00f6nchstockheim mit Eich_S\u00fcnderhauf\" class=\"img-responsive wp-image-2930 fusion-gallery-image-size-fixed\" srcset=\"https:\/\/cisterscapes.eu\/wp-content\/uploads\/2023\/09\/098A1121-Moenchstockheim-mit-Eich_Suenderhauf-320x202.jpg 320w, https:\/\/cisterscapes.eu\/wp-content\/uploads\/2023\/09\/098A1121-Moenchstockheim-mit-Eich_Suenderhauf-700x441.jpg 700w\" sizes=\"(max-width: 320px) 100vw, 320px\" \/><\/a><\/div><\/div><div style=\"padding:0px;\" class=\"fusion-grid-column fusion-gallery-column fusion-gallery-column-6 hover-type-none awb-gallery-item-hidden\"><div class=\"fusion-gallery-image\"><a href=\"https:\/\/cisterscapes.eu\/wp-content\/uploads\/2023\/09\/098A1162-Mainstockheim-Ebracher-Hof_Suenderhauf-17-Kopie.jpg\" rel=\"noreferrer\" data-rel=\"iLightbox[gallery_image_2]\" class=\"fusion-lightbox\" target=\"_self\"><img decoding=\"async\" src=\"https:\/\/cisterscapes.eu\/wp-content\/uploads\/2023\/09\/098A1162-Mainstockheim-Ebracher-Hof_Suenderhauf-17-Kopie-320x202.jpg\" width=\"320\" height=\"202\" alt=\"\" title=\"098A1162-Mainstockheim Ebracher Hof_S\u00fcnderhauf (17) Kopie\" aria-label=\"098A1162-Mainstockheim Ebracher Hof_S\u00fcnderhauf (17) Kopie\" class=\"img-responsive wp-image-2929 fusion-gallery-image-size-fixed\" srcset=\"https:\/\/cisterscapes.eu\/wp-content\/uploads\/2023\/09\/098A1162-Mainstockheim-Ebracher-Hof_Suenderhauf-17-Kopie-320x202.jpg 320w, https:\/\/cisterscapes.eu\/wp-content\/uploads\/2023\/09\/098A1162-Mainstockheim-Ebracher-Hof_Suenderhauf-17-Kopie-700x441.jpg 700w\" sizes=\"(max-width: 320px) 100vw, 320px\" \/><\/a><\/div><\/div><div class=\"clearfix\"><\/div><div style=\"padding:0px;\" class=\"fusion-grid-column fusion-gallery-column fusion-gallery-column-6 hover-type-none awb-gallery-item-hidden\"><div class=\"fusion-gallery-image\"><a href=\"https:\/\/cisterscapes.eu\/wp-content\/uploads\/2023\/09\/098A1162-Mainstockheim-Ebracher-Hof_Suenderhauf-15-Kopie.jpg\" rel=\"noreferrer\" data-rel=\"iLightbox[gallery_image_2]\" class=\"fusion-lightbox\" target=\"_self\"><img decoding=\"async\" src=\"https:\/\/cisterscapes.eu\/wp-content\/uploads\/2023\/09\/098A1162-Mainstockheim-Ebracher-Hof_Suenderhauf-15-Kopie-320x202.jpg\" width=\"320\" height=\"202\" alt=\"\" title=\"098A1162-Mainstockheim Ebracher Hof_S\u00fcnderhauf (15) Kopie\" aria-label=\"098A1162-Mainstockheim Ebracher Hof_S\u00fcnderhauf (15) Kopie\" class=\"img-responsive wp-image-2928 fusion-gallery-image-size-fixed\" srcset=\"https:\/\/cisterscapes.eu\/wp-content\/uploads\/2023\/09\/098A1162-Mainstockheim-Ebracher-Hof_Suenderhauf-15-Kopie-320x202.jpg 320w, https:\/\/cisterscapes.eu\/wp-content\/uploads\/2023\/09\/098A1162-Mainstockheim-Ebracher-Hof_Suenderhauf-15-Kopie-700x441.jpg 700w\" sizes=\"(max-width: 320px) 100vw, 320px\" \/><\/a><\/div><\/div><div style=\"padding:0px;\" class=\"fusion-grid-column fusion-gallery-column fusion-gallery-column-6 hover-type-none awb-gallery-item-hidden\"><div class=\"fusion-gallery-image\"><a href=\"https:\/\/cisterscapes.eu\/wp-content\/uploads\/2023\/09\/098A1162-Mainstockheim-Ebracher-Hof_Suenderhauf-7-Kopie.jpg\" rel=\"noreferrer\" data-rel=\"iLightbox[gallery_image_2]\" class=\"fusion-lightbox\" target=\"_self\"><img decoding=\"async\" src=\"https:\/\/cisterscapes.eu\/wp-content\/uploads\/2023\/09\/098A1162-Mainstockheim-Ebracher-Hof_Suenderhauf-7-Kopie-320x202.jpg\" width=\"320\" height=\"202\" alt=\"\" title=\"098A1162-Mainstockheim Ebracher Hof_S\u00fcnderhauf (7) Kopie\" aria-label=\"098A1162-Mainstockheim Ebracher Hof_S\u00fcnderhauf (7) Kopie\" class=\"img-responsive wp-image-2927 fusion-gallery-image-size-fixed\" srcset=\"https:\/\/cisterscapes.eu\/wp-content\/uploads\/2023\/09\/098A1162-Mainstockheim-Ebracher-Hof_Suenderhauf-7-Kopie-320x202.jpg 320w, https:\/\/cisterscapes.eu\/wp-content\/uploads\/2023\/09\/098A1162-Mainstockheim-Ebracher-Hof_Suenderhauf-7-Kopie-700x441.jpg 700w\" sizes=\"(max-width: 320px) 100vw, 320px\" \/><\/a><\/div><\/div><div style=\"padding:0px;\" class=\"fusion-grid-column fusion-gallery-column fusion-gallery-column-6 hover-type-none awb-gallery-item-hidden\"><div class=\"fusion-gallery-image\"><a href=\"https:\/\/cisterscapes.eu\/wp-content\/uploads\/2023\/09\/098A1162-Mainstockheim-Ebracher-Hof_Suenderhauf-3-Kopie.jpg\" rel=\"noreferrer\" data-rel=\"iLightbox[gallery_image_2]\" class=\"fusion-lightbox\" target=\"_self\"><img decoding=\"async\" src=\"https:\/\/cisterscapes.eu\/wp-content\/uploads\/2023\/09\/098A1162-Mainstockheim-Ebracher-Hof_Suenderhauf-3-Kopie-320x202.jpg\" width=\"320\" height=\"202\" alt=\"\" title=\"098A1162-Mainstockheim Ebracher Hof_S\u00fcnderhauf (3) Kopie\" aria-label=\"098A1162-Mainstockheim Ebracher Hof_S\u00fcnderhauf (3) Kopie\" class=\"img-responsive wp-image-2926 fusion-gallery-image-size-fixed\" srcset=\"https:\/\/cisterscapes.eu\/wp-content\/uploads\/2023\/09\/098A1162-Mainstockheim-Ebracher-Hof_Suenderhauf-3-Kopie-320x202.jpg 320w, https:\/\/cisterscapes.eu\/wp-content\/uploads\/2023\/09\/098A1162-Mainstockheim-Ebracher-Hof_Suenderhauf-3-Kopie-700x441.jpg 700w\" sizes=\"(max-width: 320px) 100vw, 320px\" \/><\/a><\/div><\/div><div style=\"padding:0px;\" class=\"fusion-grid-column fusion-gallery-column fusion-gallery-column-6 hover-type-none awb-gallery-item-hidden\"><div class=\"fusion-gallery-image\"><a href=\"https:\/\/cisterscapes.eu\/wp-content\/uploads\/2023\/09\/098A1217-Schweinfurt-Ebracher-Hof_Suenderhauf-5-Kopie.jpg\" rel=\"noreferrer\" data-rel=\"iLightbox[gallery_image_2]\" class=\"fusion-lightbox\" target=\"_self\"><img decoding=\"async\" src=\"https:\/\/cisterscapes.eu\/wp-content\/uploads\/2023\/09\/098A1217-Schweinfurt-Ebracher-Hof_Suenderhauf-5-Kopie-320x202.jpg\" width=\"320\" height=\"202\" alt=\"\" title=\"098A1217-Schweinfurt Ebracher Hof_S\u00fcnderhauf (5) Kopie\" aria-label=\"098A1217-Schweinfurt Ebracher Hof_S\u00fcnderhauf (5) Kopie\" class=\"img-responsive wp-image-2924 fusion-gallery-image-size-fixed\" srcset=\"https:\/\/cisterscapes.eu\/wp-content\/uploads\/2023\/09\/098A1217-Schweinfurt-Ebracher-Hof_Suenderhauf-5-Kopie-320x202.jpg 320w, https:\/\/cisterscapes.eu\/wp-content\/uploads\/2023\/09\/098A1217-Schweinfurt-Ebracher-Hof_Suenderhauf-5-Kopie-700x441.jpg 700w\" sizes=\"(max-width: 320px) 100vw, 320px\" \/><\/a><\/div><\/div><div style=\"padding:0px;\" class=\"fusion-grid-column fusion-gallery-column fusion-gallery-column-6 hover-type-none awb-gallery-item-hidden\"><div class=\"fusion-gallery-image\"><a href=\"https:\/\/cisterscapes.eu\/wp-content\/uploads\/2023\/09\/098A1421-Grossgressingen-St-Rochus_Suenderhauf-16-Kopie.jpg\" rel=\"noreferrer\" data-rel=\"iLightbox[gallery_image_2]\" class=\"fusion-lightbox\" target=\"_self\"><img decoding=\"async\" src=\"https:\/\/cisterscapes.eu\/wp-content\/uploads\/2023\/09\/098A1421-Grossgressingen-St-Rochus_Suenderhauf-16-Kopie-320x202.jpg\" width=\"320\" height=\"202\" alt=\"\" title=\"098A1421-Gro\u00dfgressingen St Rochus_S\u00fcnderhauf (16) Kopie\" aria-label=\"098A1421-Gro\u00dfgressingen St Rochus_S\u00fcnderhauf (16) Kopie\" class=\"img-responsive wp-image-2923 fusion-gallery-image-size-fixed\" srcset=\"https:\/\/cisterscapes.eu\/wp-content\/uploads\/2023\/09\/098A1421-Grossgressingen-St-Rochus_Suenderhauf-16-Kopie-320x202.jpg 320w, https:\/\/cisterscapes.eu\/wp-content\/uploads\/2023\/09\/098A1421-Grossgressingen-St-Rochus_Suenderhauf-16-Kopie-700x441.jpg 700w\" sizes=\"(max-width: 320px) 100vw, 320px\" \/><\/a><\/div><\/div><div style=\"padding:0px;\" class=\"fusion-grid-column fusion-gallery-column fusion-gallery-column-6 hover-type-none awb-gallery-item-hidden\"><div class=\"fusion-gallery-image\"><a href=\"https:\/\/cisterscapes.eu\/wp-content\/uploads\/2023\/09\/098A1421-Grossgressingen-St-Rochus_Suenderhauf-15-Kopie.jpg\" rel=\"noreferrer\" data-rel=\"iLightbox[gallery_image_2]\" class=\"fusion-lightbox\" target=\"_self\"><img decoding=\"async\" src=\"https:\/\/cisterscapes.eu\/wp-content\/uploads\/2023\/09\/098A1421-Grossgressingen-St-Rochus_Suenderhauf-15-Kopie-320x202.jpg\" width=\"320\" height=\"202\" alt=\"\" title=\"098A1421-Gro\u00dfgressingen St Rochus_S\u00fcnderhauf (15) Kopie\" aria-label=\"098A1421-Gro\u00dfgressingen St Rochus_S\u00fcnderhauf (15) Kopie\" class=\"img-responsive wp-image-2922 fusion-gallery-image-size-fixed\" srcset=\"https:\/\/cisterscapes.eu\/wp-content\/uploads\/2023\/09\/098A1421-Grossgressingen-St-Rochus_Suenderhauf-15-Kopie-320x202.jpg 320w, https:\/\/cisterscapes.eu\/wp-content\/uploads\/2023\/09\/098A1421-Grossgressingen-St-Rochus_Suenderhauf-15-Kopie-700x441.jpg 700w\" sizes=\"(max-width: 320px) 100vw, 320px\" \/><\/a><\/div><\/div><div class=\"clearfix\"><\/div><div style=\"padding:0px;\" class=\"fusion-grid-column fusion-gallery-column fusion-gallery-column-6 hover-type-none awb-gallery-item-hidden\"><div class=\"fusion-gallery-image\"><a href=\"https:\/\/cisterscapes.eu\/wp-content\/uploads\/2023\/09\/098A1421-Grossgressingen-St-Rochus_Suenderhauf-14-Kopie.jpg\" rel=\"noreferrer\" data-rel=\"iLightbox[gallery_image_2]\" class=\"fusion-lightbox\" target=\"_self\"><img decoding=\"async\" src=\"https:\/\/cisterscapes.eu\/wp-content\/uploads\/2023\/09\/098A1421-Grossgressingen-St-Rochus_Suenderhauf-14-Kopie-320x202.jpg\" width=\"320\" height=\"202\" alt=\"\" title=\"098A1421-Gro\u00dfgressingen St Rochus_S\u00fcnderhauf (14) Kopie\" aria-label=\"098A1421-Gro\u00dfgressingen St Rochus_S\u00fcnderhauf (14) Kopie\" class=\"img-responsive wp-image-2921 fusion-gallery-image-size-fixed\" srcset=\"https:\/\/cisterscapes.eu\/wp-content\/uploads\/2023\/09\/098A1421-Grossgressingen-St-Rochus_Suenderhauf-14-Kopie-320x202.jpg 320w, https:\/\/cisterscapes.eu\/wp-content\/uploads\/2023\/09\/098A1421-Grossgressingen-St-Rochus_Suenderhauf-14-Kopie-700x441.jpg 700w\" sizes=\"(max-width: 320px) 100vw, 320px\" \/><\/a><\/div><\/div><div style=\"padding:0px;\" class=\"fusion-grid-column fusion-gallery-column fusion-gallery-column-6 hover-type-none awb-gallery-item-hidden\"><div class=\"fusion-gallery-image\"><a href=\"https:\/\/cisterscapes.eu\/wp-content\/uploads\/2023\/09\/098A1421-Grossgressingen-St-Rochus_Suenderhauf-13-Kopie.jpg\" rel=\"noreferrer\" data-rel=\"iLightbox[gallery_image_2]\" class=\"fusion-lightbox\" target=\"_self\"><img decoding=\"async\" src=\"https:\/\/cisterscapes.eu\/wp-content\/uploads\/2023\/09\/098A1421-Grossgressingen-St-Rochus_Suenderhauf-13-Kopie-320x202.jpg\" width=\"320\" height=\"202\" alt=\"\" title=\"098A1421-Gro\u00dfgressingen St Rochus_S\u00fcnderhauf (13) Kopie\" aria-label=\"098A1421-Gro\u00dfgressingen St Rochus_S\u00fcnderhauf (13) Kopie\" class=\"img-responsive wp-image-2920 fusion-gallery-image-size-fixed\" srcset=\"https:\/\/cisterscapes.eu\/wp-content\/uploads\/2023\/09\/098A1421-Grossgressingen-St-Rochus_Suenderhauf-13-Kopie-320x202.jpg 320w, https:\/\/cisterscapes.eu\/wp-content\/uploads\/2023\/09\/098A1421-Grossgressingen-St-Rochus_Suenderhauf-13-Kopie-700x441.jpg 700w\" sizes=\"(max-width: 320px) 100vw, 320px\" \/><\/a><\/div><\/div><div style=\"padding:0px;\" class=\"fusion-grid-column fusion-gallery-column fusion-gallery-column-6 hover-type-none awb-gallery-item-hidden\"><div class=\"fusion-gallery-image\"><a href=\"https:\/\/cisterscapes.eu\/wp-content\/uploads\/2023\/09\/098A1421-Grossgressingen-St-Rochus_Suenderhauf-11-Kopie.jpg\" rel=\"noreferrer\" data-rel=\"iLightbox[gallery_image_2]\" class=\"fusion-lightbox\" target=\"_self\"><img decoding=\"async\" src=\"https:\/\/cisterscapes.eu\/wp-content\/uploads\/2023\/09\/098A1421-Grossgressingen-St-Rochus_Suenderhauf-11-Kopie-320x202.jpg\" width=\"320\" height=\"202\" alt=\"\" title=\"098A1421-Gro\u00dfgressingen St Rochus_S\u00fcnderhauf (11) Kopie\" aria-label=\"098A1421-Gro\u00dfgressingen St Rochus_S\u00fcnderhauf (11) Kopie\" class=\"img-responsive wp-image-2919 fusion-gallery-image-size-fixed\" srcset=\"https:\/\/cisterscapes.eu\/wp-content\/uploads\/2023\/09\/098A1421-Grossgressingen-St-Rochus_Suenderhauf-11-Kopie-320x202.jpg 320w, https:\/\/cisterscapes.eu\/wp-content\/uploads\/2023\/09\/098A1421-Grossgressingen-St-Rochus_Suenderhauf-11-Kopie-700x441.jpg 700w\" sizes=\"(max-width: 320px) 100vw, 320px\" \/><\/a><\/div><\/div><div style=\"padding:0px;\" class=\"fusion-grid-column fusion-gallery-column fusion-gallery-column-6 hover-type-none awb-gallery-item-hidden\"><div class=\"fusion-gallery-image\"><a href=\"https:\/\/cisterscapes.eu\/wp-content\/uploads\/2023\/09\/098A1421-Grossgressingen-St-Rochus_Suenderhauf-10-Kopie.jpg\" rel=\"noreferrer\" data-rel=\"iLightbox[gallery_image_2]\" class=\"fusion-lightbox\" target=\"_self\"><img decoding=\"async\" src=\"https:\/\/cisterscapes.eu\/wp-content\/uploads\/2023\/09\/098A1421-Grossgressingen-St-Rochus_Suenderhauf-10-Kopie-320x202.jpg\" width=\"320\" height=\"202\" alt=\"\" title=\"098A1421-Gro\u00dfgressingen St Rochus_S\u00fcnderhauf (10) Kopie\" aria-label=\"098A1421-Gro\u00dfgressingen St Rochus_S\u00fcnderhauf (10) Kopie\" class=\"img-responsive wp-image-2918 fusion-gallery-image-size-fixed\" srcset=\"https:\/\/cisterscapes.eu\/wp-content\/uploads\/2023\/09\/098A1421-Grossgressingen-St-Rochus_Suenderhauf-10-Kopie-320x202.jpg 320w, https:\/\/cisterscapes.eu\/wp-content\/uploads\/2023\/09\/098A1421-Grossgressingen-St-Rochus_Suenderhauf-10-Kopie-700x441.jpg 700w\" sizes=\"(max-width: 320px) 100vw, 320px\" \/><\/a><\/div><\/div><div style=\"padding:0px;\" class=\"fusion-grid-column fusion-gallery-column fusion-gallery-column-6 hover-type-none awb-gallery-item-hidden\"><div class=\"fusion-gallery-image\"><a href=\"https:\/\/cisterscapes.eu\/wp-content\/uploads\/2023\/09\/098A1421-Grossgressingen-St-Rochus_Suenderhauf-9-Kopie.jpg\" rel=\"noreferrer\" data-rel=\"iLightbox[gallery_image_2]\" class=\"fusion-lightbox\" target=\"_self\"><img decoding=\"async\" src=\"https:\/\/cisterscapes.eu\/wp-content\/uploads\/2023\/09\/098A1421-Grossgressingen-St-Rochus_Suenderhauf-9-Kopie-320x202.jpg\" width=\"320\" height=\"202\" alt=\"\" title=\"098A1421-Gro\u00dfgressingen St Rochus_S\u00fcnderhauf (9) Kopie\" aria-label=\"098A1421-Gro\u00dfgressingen St Rochus_S\u00fcnderhauf (9) Kopie\" class=\"img-responsive wp-image-2917 fusion-gallery-image-size-fixed\" srcset=\"https:\/\/cisterscapes.eu\/wp-content\/uploads\/2023\/09\/098A1421-Grossgressingen-St-Rochus_Suenderhauf-9-Kopie-320x202.jpg 320w, https:\/\/cisterscapes.eu\/wp-content\/uploads\/2023\/09\/098A1421-Grossgressingen-St-Rochus_Suenderhauf-9-Kopie-700x441.jpg 700w\" sizes=\"(max-width: 320px) 100vw, 320px\" \/><\/a><\/div><\/div><div style=\"padding:0px;\" class=\"fusion-grid-column fusion-gallery-column fusion-gallery-column-6 hover-type-none awb-gallery-item-hidden\"><div class=\"fusion-gallery-image\"><a href=\"https:\/\/cisterscapes.eu\/wp-content\/uploads\/2023\/09\/098A1421-Grossgressingen-St-Rochus_Suenderhauf-8-Kopie.jpg\" rel=\"noreferrer\" data-rel=\"iLightbox[gallery_image_2]\" class=\"fusion-lightbox\" target=\"_self\"><img decoding=\"async\" src=\"https:\/\/cisterscapes.eu\/wp-content\/uploads\/2023\/09\/098A1421-Grossgressingen-St-Rochus_Suenderhauf-8-Kopie-320x202.jpg\" width=\"320\" height=\"202\" alt=\"\" title=\"098A1421-Gro\u00dfgressingen St Rochus_S\u00fcnderhauf (8) Kopie\" aria-label=\"098A1421-Gro\u00dfgressingen St Rochus_S\u00fcnderhauf (8) Kopie\" class=\"img-responsive wp-image-2916 fusion-gallery-image-size-fixed\" srcset=\"https:\/\/cisterscapes.eu\/wp-content\/uploads\/2023\/09\/098A1421-Grossgressingen-St-Rochus_Suenderhauf-8-Kopie-320x202.jpg 320w, https:\/\/cisterscapes.eu\/wp-content\/uploads\/2023\/09\/098A1421-Grossgressingen-St-Rochus_Suenderhauf-8-Kopie-700x441.jpg 700w\" sizes=\"(max-width: 320px) 100vw, 320px\" \/><\/a><\/div><\/div><div class=\"clearfix\"><\/div><div style=\"padding:0px;\" class=\"fusion-grid-column fusion-gallery-column fusion-gallery-column-6 hover-type-none awb-gallery-item-hidden\"><div class=\"fusion-gallery-image\"><a href=\"https:\/\/cisterscapes.eu\/wp-content\/uploads\/2023\/09\/098A1421-Grossgressingen-St-Rochus_Suenderhauf-1-Kopie.jpg\" rel=\"noreferrer\" data-rel=\"iLightbox[gallery_image_2]\" class=\"fusion-lightbox\" target=\"_self\"><img decoding=\"async\" src=\"https:\/\/cisterscapes.eu\/wp-content\/uploads\/2023\/09\/098A1421-Grossgressingen-St-Rochus_Suenderhauf-1-Kopie-320x202.jpg\" width=\"320\" height=\"202\" alt=\"\" title=\"098A1421-Gro\u00dfgressingen St Rochus_S\u00fcnderhauf (1) Kopie\" aria-label=\"098A1421-Gro\u00dfgressingen St Rochus_S\u00fcnderhauf (1) Kopie\" class=\"img-responsive wp-image-2915 fusion-gallery-image-size-fixed\" srcset=\"https:\/\/cisterscapes.eu\/wp-content\/uploads\/2023\/09\/098A1421-Grossgressingen-St-Rochus_Suenderhauf-1-Kopie-320x202.jpg 320w, https:\/\/cisterscapes.eu\/wp-content\/uploads\/2023\/09\/098A1421-Grossgressingen-St-Rochus_Suenderhauf-1-Kopie-700x441.jpg 700w\" sizes=\"(max-width: 320px) 100vw, 320px\" \/><\/a><\/div><\/div><div style=\"padding:0px;\" class=\"fusion-grid-column fusion-gallery-column fusion-gallery-column-6 hover-type-none awb-gallery-item-hidden\"><div class=\"fusion-gallery-image\"><a href=\"https:\/\/cisterscapes.eu\/wp-content\/uploads\/2023\/09\/098A1431-Burgwindheim-Blutkapelle_Suenderhauf-2-Kopie.jpg\" rel=\"noreferrer\" data-rel=\"iLightbox[gallery_image_2]\" class=\"fusion-lightbox\" target=\"_self\"><img decoding=\"async\" src=\"https:\/\/cisterscapes.eu\/wp-content\/uploads\/2023\/09\/098A1431-Burgwindheim-Blutkapelle_Suenderhauf-2-Kopie-320x202.jpg\" width=\"320\" height=\"202\" alt=\"\" title=\"098A1431-Burgwindheim Blutkapelle_S\u00fcnderhauf (2) Kopie\" aria-label=\"098A1431-Burgwindheim Blutkapelle_S\u00fcnderhauf (2) Kopie\" class=\"img-responsive wp-image-2914 fusion-gallery-image-size-fixed\" srcset=\"https:\/\/cisterscapes.eu\/wp-content\/uploads\/2023\/09\/098A1431-Burgwindheim-Blutkapelle_Suenderhauf-2-Kopie-320x202.jpg 320w, https:\/\/cisterscapes.eu\/wp-content\/uploads\/2023\/09\/098A1431-Burgwindheim-Blutkapelle_Suenderhauf-2-Kopie-700x441.jpg 700w\" sizes=\"(max-width: 320px) 100vw, 320px\" \/><\/a><\/div><\/div><div style=\"padding:0px;\" class=\"fusion-grid-column fusion-gallery-column fusion-gallery-column-6 hover-type-none awb-gallery-item-hidden\"><div class=\"fusion-gallery-image\"><a href=\"https:\/\/cisterscapes.eu\/wp-content\/uploads\/2023\/09\/098A1445-Burgwindheim-Pfarrkirche_Suenderhauf-4-Kopie.jpg\" rel=\"noreferrer\" data-rel=\"iLightbox[gallery_image_2]\" class=\"fusion-lightbox\" target=\"_self\"><img decoding=\"async\" src=\"https:\/\/cisterscapes.eu\/wp-content\/uploads\/2023\/09\/098A1445-Burgwindheim-Pfarrkirche_Suenderhauf-4-Kopie-320x202.jpg\" width=\"320\" height=\"202\" alt=\"\" title=\"098A1445-Burgwindheim Pfarrkirche_S\u00fcnderhauf (4) Kopie\" aria-label=\"098A1445-Burgwindheim Pfarrkirche_S\u00fcnderhauf (4) Kopie\" class=\"img-responsive wp-image-2913 fusion-gallery-image-size-fixed\" srcset=\"https:\/\/cisterscapes.eu\/wp-content\/uploads\/2023\/09\/098A1445-Burgwindheim-Pfarrkirche_Suenderhauf-4-Kopie-320x202.jpg 320w, https:\/\/cisterscapes.eu\/wp-content\/uploads\/2023\/09\/098A1445-Burgwindheim-Pfarrkirche_Suenderhauf-4-Kopie-700x441.jpg 700w\" sizes=\"(max-width: 320px) 100vw, 320px\" \/><\/a><\/div><\/div><div style=\"padding:0px;\" class=\"fusion-grid-column fusion-gallery-column fusion-gallery-column-6 hover-type-none awb-gallery-item-hidden\"><div class=\"fusion-gallery-image\"><a href=\"https:\/\/cisterscapes.eu\/wp-content\/uploads\/2023\/09\/098A1445-Burgwindheim-Pfarrkirche_Suenderhauf-2-Kopie.jpg\" rel=\"noreferrer\" data-rel=\"iLightbox[gallery_image_2]\" class=\"fusion-lightbox\" target=\"_self\"><img decoding=\"async\" src=\"https:\/\/cisterscapes.eu\/wp-content\/uploads\/2023\/09\/098A1445-Burgwindheim-Pfarrkirche_Suenderhauf-2-Kopie-320x202.jpg\" width=\"320\" height=\"202\" alt=\"\" title=\"098A1445-Burgwindheim Pfarrkirche_S\u00fcnderhauf (2) Kopie\" aria-label=\"098A1445-Burgwindheim Pfarrkirche_S\u00fcnderhauf (2) Kopie\" class=\"img-responsive wp-image-2912 fusion-gallery-image-size-fixed\" srcset=\"https:\/\/cisterscapes.eu\/wp-content\/uploads\/2023\/09\/098A1445-Burgwindheim-Pfarrkirche_Suenderhauf-2-Kopie-320x202.jpg 320w, https:\/\/cisterscapes.eu\/wp-content\/uploads\/2023\/09\/098A1445-Burgwindheim-Pfarrkirche_Suenderhauf-2-Kopie-700x441.jpg 700w\" sizes=\"(max-width: 320px) 100vw, 320px\" \/><\/a><\/div><\/div><div style=\"padding:0px;\" class=\"fusion-grid-column fusion-gallery-column fusion-gallery-column-6 hover-type-none awb-gallery-item-hidden\"><div class=\"fusion-gallery-image\"><a href=\"https:\/\/cisterscapes.eu\/wp-content\/uploads\/2023\/09\/098A1445-Burgwindheim-Pfarrkirche_Suenderhauf-1-Kopie.jpg\" rel=\"noreferrer\" data-rel=\"iLightbox[gallery_image_2]\" class=\"fusion-lightbox\" target=\"_self\"><img decoding=\"async\" src=\"https:\/\/cisterscapes.eu\/wp-content\/uploads\/2023\/09\/098A1445-Burgwindheim-Pfarrkirche_Suenderhauf-1-Kopie-320x202.jpg\" width=\"320\" height=\"202\" alt=\"\" title=\"098A1445-Burgwindheim Pfarrkirche_S\u00fcnderhauf (1) Kopie\" aria-label=\"098A1445-Burgwindheim Pfarrkirche_S\u00fcnderhauf (1) Kopie\" class=\"img-responsive wp-image-2911 fusion-gallery-image-size-fixed\" srcset=\"https:\/\/cisterscapes.eu\/wp-content\/uploads\/2023\/09\/098A1445-Burgwindheim-Pfarrkirche_Suenderhauf-1-Kopie-320x202.jpg 320w, https:\/\/cisterscapes.eu\/wp-content\/uploads\/2023\/09\/098A1445-Burgwindheim-Pfarrkirche_Suenderhauf-1-Kopie-700x441.jpg 700w\" sizes=\"(max-width: 320px) 100vw, 320px\" \/><\/a><\/div><\/div><div style=\"padding:0px;\" class=\"fusion-grid-column fusion-gallery-column fusion-gallery-column-6 hover-type-none awb-gallery-item-hidden\"><div class=\"fusion-gallery-image\"><a href=\"https:\/\/cisterscapes.eu\/wp-content\/uploads\/2023\/09\/098A1463-Rauhenebrach-Waldschwinder-Hof_Suenderhauf-9-Kopie.jpg\" rel=\"noreferrer\" data-rel=\"iLightbox[gallery_image_2]\" class=\"fusion-lightbox\" target=\"_self\"><img decoding=\"async\" src=\"https:\/\/cisterscapes.eu\/wp-content\/uploads\/2023\/09\/098A1463-Rauhenebrach-Waldschwinder-Hof_Suenderhauf-9-Kopie-320x202.jpg\" width=\"320\" height=\"202\" alt=\"\" title=\"098A1463-Rauhenebrach Waldschwinder Hof_S\u00fcnderhauf (9) Kopie\" aria-label=\"098A1463-Rauhenebrach Waldschwinder Hof_S\u00fcnderhauf (9) Kopie\" class=\"img-responsive wp-image-2910 fusion-gallery-image-size-fixed\" srcset=\"https:\/\/cisterscapes.eu\/wp-content\/uploads\/2023\/09\/098A1463-Rauhenebrach-Waldschwinder-Hof_Suenderhauf-9-Kopie-320x202.jpg 320w, https:\/\/cisterscapes.eu\/wp-content\/uploads\/2023\/09\/098A1463-Rauhenebrach-Waldschwinder-Hof_Suenderhauf-9-Kopie-700x441.jpg 700w\" sizes=\"(max-width: 320px) 100vw, 320px\" \/><\/a><\/div><\/div><div class=\"clearfix\"><\/div><div style=\"padding:0px;\" class=\"fusion-grid-column fusion-gallery-column fusion-gallery-column-6 hover-type-none awb-gallery-item-hidden\"><div class=\"fusion-gallery-image\"><a href=\"https:\/\/cisterscapes.eu\/wp-content\/uploads\/2023\/09\/098A1463-Rauhenebrach-Waldschwinder-Hof_Suenderhauf-8-Kopie.jpg\" rel=\"noreferrer\" data-rel=\"iLightbox[gallery_image_2]\" class=\"fusion-lightbox\" target=\"_self\"><img decoding=\"async\" src=\"https:\/\/cisterscapes.eu\/wp-content\/uploads\/2023\/09\/098A1463-Rauhenebrach-Waldschwinder-Hof_Suenderhauf-8-Kopie-320x202.jpg\" width=\"320\" height=\"202\" alt=\"\" title=\"098A1463-Rauhenebrach Waldschwinder Hof_S\u00fcnderhauf (8) Kopie\" aria-label=\"098A1463-Rauhenebrach Waldschwinder Hof_S\u00fcnderhauf (8) Kopie\" class=\"img-responsive wp-image-2909 fusion-gallery-image-size-fixed\" srcset=\"https:\/\/cisterscapes.eu\/wp-content\/uploads\/2023\/09\/098A1463-Rauhenebrach-Waldschwinder-Hof_Suenderhauf-8-Kopie-320x202.jpg 320w, https:\/\/cisterscapes.eu\/wp-content\/uploads\/2023\/09\/098A1463-Rauhenebrach-Waldschwinder-Hof_Suenderhauf-8-Kopie-700x441.jpg 700w\" sizes=\"(max-width: 320px) 100vw, 320px\" \/><\/a><\/div><\/div><div style=\"padding:0px;\" class=\"fusion-grid-column fusion-gallery-column fusion-gallery-column-6 hover-type-none awb-gallery-item-hidden\"><div class=\"fusion-gallery-image\"><a href=\"https:\/\/cisterscapes.eu\/wp-content\/uploads\/2023\/09\/098A1463-Rauhenebrach-Waldschwinder-Hof_Suenderhauf-7-Kopie.jpg\" rel=\"noreferrer\" data-rel=\"iLightbox[gallery_image_2]\" class=\"fusion-lightbox\" target=\"_self\"><img decoding=\"async\" src=\"https:\/\/cisterscapes.eu\/wp-content\/uploads\/2023\/09\/098A1463-Rauhenebrach-Waldschwinder-Hof_Suenderhauf-7-Kopie-320x202.jpg\" width=\"320\" height=\"202\" alt=\"\" title=\"098A1463-Rauhenebrach Waldschwinder Hof_S\u00fcnderhauf (7) Kopie\" aria-label=\"098A1463-Rauhenebrach Waldschwinder Hof_S\u00fcnderhauf (7) Kopie\" class=\"img-responsive wp-image-2908 fusion-gallery-image-size-fixed\" srcset=\"https:\/\/cisterscapes.eu\/wp-content\/uploads\/2023\/09\/098A1463-Rauhenebrach-Waldschwinder-Hof_Suenderhauf-7-Kopie-320x202.jpg 320w, https:\/\/cisterscapes.eu\/wp-content\/uploads\/2023\/09\/098A1463-Rauhenebrach-Waldschwinder-Hof_Suenderhauf-7-Kopie-700x441.jpg 700w\" sizes=\"(max-width: 320px) 100vw, 320px\" \/><\/a><\/div><\/div><div style=\"padding:0px;\" class=\"fusion-grid-column fusion-gallery-column fusion-gallery-column-6 hover-type-none awb-gallery-item-hidden\"><div class=\"fusion-gallery-image\"><a href=\"https:\/\/cisterscapes.eu\/wp-content\/uploads\/2023\/09\/098A1463-Rauhenebrach-Waldschwinder-Hof_Suenderhauf-6-Kopie.jpg\" rel=\"noreferrer\" data-rel=\"iLightbox[gallery_image_2]\" class=\"fusion-lightbox\" target=\"_self\"><img decoding=\"async\" src=\"https:\/\/cisterscapes.eu\/wp-content\/uploads\/2023\/09\/098A1463-Rauhenebrach-Waldschwinder-Hof_Suenderhauf-6-Kopie-320x202.jpg\" width=\"320\" height=\"202\" alt=\"\" title=\"098A1463-Rauhenebrach Waldschwinder Hof_S\u00fcnderhauf (6) Kopie\" aria-label=\"098A1463-Rauhenebrach Waldschwinder Hof_S\u00fcnderhauf (6) Kopie\" class=\"img-responsive wp-image-2907 fusion-gallery-image-size-fixed\" srcset=\"https:\/\/cisterscapes.eu\/wp-content\/uploads\/2023\/09\/098A1463-Rauhenebrach-Waldschwinder-Hof_Suenderhauf-6-Kopie-320x202.jpg 320w, https:\/\/cisterscapes.eu\/wp-content\/uploads\/2023\/09\/098A1463-Rauhenebrach-Waldschwinder-Hof_Suenderhauf-6-Kopie-700x441.jpg 700w\" sizes=\"(max-width: 320px) 100vw, 320px\" \/><\/a><\/div><\/div><div style=\"padding:0px;\" class=\"fusion-grid-column fusion-gallery-column fusion-gallery-column-6 hover-type-none awb-gallery-item-hidden\"><div class=\"fusion-gallery-image\"><a href=\"https:\/\/cisterscapes.eu\/wp-content\/uploads\/2023\/09\/098A1463-Rauhenebrach-Waldschwinder-Hof_Suenderhauf-5-Kopie.jpg\" rel=\"noreferrer\" data-rel=\"iLightbox[gallery_image_2]\" class=\"fusion-lightbox\" target=\"_self\"><img decoding=\"async\" src=\"https:\/\/cisterscapes.eu\/wp-content\/uploads\/2023\/09\/098A1463-Rauhenebrach-Waldschwinder-Hof_Suenderhauf-5-Kopie-320x202.jpg\" width=\"320\" height=\"202\" alt=\"\" title=\"098A1463-Rauhenebrach Waldschwinder Hof_S\u00fcnderhauf (5) Kopie\" aria-label=\"098A1463-Rauhenebrach Waldschwinder Hof_S\u00fcnderhauf (5) Kopie\" class=\"img-responsive wp-image-2906 fusion-gallery-image-size-fixed\" srcset=\"https:\/\/cisterscapes.eu\/wp-content\/uploads\/2023\/09\/098A1463-Rauhenebrach-Waldschwinder-Hof_Suenderhauf-5-Kopie-320x202.jpg 320w, https:\/\/cisterscapes.eu\/wp-content\/uploads\/2023\/09\/098A1463-Rauhenebrach-Waldschwinder-Hof_Suenderhauf-5-Kopie-700x441.jpg 700w\" sizes=\"(max-width: 320px) 100vw, 320px\" \/><\/a><\/div><\/div><div style=\"padding:0px;\" class=\"fusion-grid-column fusion-gallery-column fusion-gallery-column-6 hover-type-none awb-gallery-item-hidden\"><div class=\"fusion-gallery-image\"><a href=\"https:\/\/cisterscapes.eu\/wp-content\/uploads\/2023\/09\/098A1463-Rauhenebrach-Waldschwinder-Hof_Suenderhauf-4-Kopie.jpg\" rel=\"noreferrer\" data-rel=\"iLightbox[gallery_image_2]\" class=\"fusion-lightbox\" target=\"_self\"><img decoding=\"async\" src=\"https:\/\/cisterscapes.eu\/wp-content\/uploads\/2023\/09\/098A1463-Rauhenebrach-Waldschwinder-Hof_Suenderhauf-4-Kopie-320x202.jpg\" width=\"320\" height=\"202\" alt=\"\" title=\"098A1463-Rauhenebrach Waldschwinder Hof_S\u00fcnderhauf (4) Kopie\" aria-label=\"098A1463-Rauhenebrach Waldschwinder Hof_S\u00fcnderhauf (4) Kopie\" class=\"img-responsive wp-image-2905 fusion-gallery-image-size-fixed\" srcset=\"https:\/\/cisterscapes.eu\/wp-content\/uploads\/2023\/09\/098A1463-Rauhenebrach-Waldschwinder-Hof_Suenderhauf-4-Kopie-320x202.jpg 320w, https:\/\/cisterscapes.eu\/wp-content\/uploads\/2023\/09\/098A1463-Rauhenebrach-Waldschwinder-Hof_Suenderhauf-4-Kopie-700x441.jpg 700w\" sizes=\"(max-width: 320px) 100vw, 320px\" \/><\/a><\/div><\/div><div style=\"padding:0px;\" class=\"fusion-grid-column fusion-gallery-column fusion-gallery-column-6 hover-type-none awb-gallery-item-hidden\"><div class=\"fusion-gallery-image\"><a href=\"https:\/\/cisterscapes.eu\/wp-content\/uploads\/2023\/09\/098A1463-Rauhenebrach-Waldschwinder-Hof_Suenderhauf-3-Kopie.jpg\" rel=\"noreferrer\" data-rel=\"iLightbox[gallery_image_2]\" class=\"fusion-lightbox\" target=\"_self\"><img decoding=\"async\" src=\"https:\/\/cisterscapes.eu\/wp-content\/uploads\/2023\/09\/098A1463-Rauhenebrach-Waldschwinder-Hof_Suenderhauf-3-Kopie-320x202.jpg\" width=\"320\" height=\"202\" alt=\"\" title=\"098A1463-Rauhenebrach Waldschwinder Hof_S\u00fcnderhauf (3) Kopie\" aria-label=\"098A1463-Rauhenebrach Waldschwinder Hof_S\u00fcnderhauf (3) Kopie\" class=\"img-responsive wp-image-2904 fusion-gallery-image-size-fixed\" srcset=\"https:\/\/cisterscapes.eu\/wp-content\/uploads\/2023\/09\/098A1463-Rauhenebrach-Waldschwinder-Hof_Suenderhauf-3-Kopie-320x202.jpg 320w, https:\/\/cisterscapes.eu\/wp-content\/uploads\/2023\/09\/098A1463-Rauhenebrach-Waldschwinder-Hof_Suenderhauf-3-Kopie-700x441.jpg 700w\" sizes=\"(max-width: 320px) 100vw, 320px\" \/><\/a><\/div><\/div><div class=\"clearfix\"><\/div><div style=\"padding:0px;\" class=\"fusion-grid-column fusion-gallery-column fusion-gallery-column-6 hover-type-none awb-gallery-item-hidden\"><div class=\"fusion-gallery-image\"><a href=\"https:\/\/cisterscapes.eu\/wp-content\/uploads\/2023\/09\/098A1463-Rauhenebrach-Waldschwinder-Hof_Suenderhauf-2-Kopie.jpg\" rel=\"noreferrer\" data-rel=\"iLightbox[gallery_image_2]\" class=\"fusion-lightbox\" target=\"_self\"><img decoding=\"async\" src=\"https:\/\/cisterscapes.eu\/wp-content\/uploads\/2023\/09\/098A1463-Rauhenebrach-Waldschwinder-Hof_Suenderhauf-2-Kopie-320x202.jpg\" width=\"320\" height=\"202\" alt=\"\" title=\"098A1463-Rauhenebrach Waldschwinder Hof_S\u00fcnderhauf (2) Kopie\" aria-label=\"098A1463-Rauhenebrach Waldschwinder Hof_S\u00fcnderhauf (2) Kopie\" class=\"img-responsive wp-image-2903 fusion-gallery-image-size-fixed\" srcset=\"https:\/\/cisterscapes.eu\/wp-content\/uploads\/2023\/09\/098A1463-Rauhenebrach-Waldschwinder-Hof_Suenderhauf-2-Kopie-320x202.jpg 320w, https:\/\/cisterscapes.eu\/wp-content\/uploads\/2023\/09\/098A1463-Rauhenebrach-Waldschwinder-Hof_Suenderhauf-2-Kopie-700x441.jpg 700w\" sizes=\"(max-width: 320px) 100vw, 320px\" \/><\/a><\/div><\/div><div style=\"padding:0px;\" class=\"fusion-grid-column fusion-gallery-column fusion-gallery-column-6 hover-type-none awb-gallery-item-hidden\"><div class=\"fusion-gallery-image\"><a href=\"https:\/\/cisterscapes.eu\/wp-content\/uploads\/2023\/09\/098A1463-Rauhenebrach-Waldschwinder-Hof_Suenderhauf-1-Kopie.jpg\" rel=\"noreferrer\" data-rel=\"iLightbox[gallery_image_2]\" class=\"fusion-lightbox\" target=\"_self\"><img decoding=\"async\" src=\"https:\/\/cisterscapes.eu\/wp-content\/uploads\/2023\/09\/098A1463-Rauhenebrach-Waldschwinder-Hof_Suenderhauf-1-Kopie-320x202.jpg\" width=\"320\" height=\"202\" alt=\"\" title=\"098A1463-Rauhenebrach Waldschwinder Hof_S\u00fcnderhauf (1) Kopie\" aria-label=\"098A1463-Rauhenebrach Waldschwinder Hof_S\u00fcnderhauf (1) Kopie\" class=\"img-responsive wp-image-2902 fusion-gallery-image-size-fixed\" srcset=\"https:\/\/cisterscapes.eu\/wp-content\/uploads\/2023\/09\/098A1463-Rauhenebrach-Waldschwinder-Hof_Suenderhauf-1-Kopie-320x202.jpg 320w, https:\/\/cisterscapes.eu\/wp-content\/uploads\/2023\/09\/098A1463-Rauhenebrach-Waldschwinder-Hof_Suenderhauf-1-Kopie-700x441.jpg 700w\" sizes=\"(max-width: 320px) 100vw, 320px\" \/><\/a><\/div><\/div><div style=\"padding:0px;\" class=\"fusion-grid-column fusion-gallery-column fusion-gallery-column-6 hover-type-none awb-gallery-item-hidden\"><div class=\"fusion-gallery-image\"><a href=\"https:\/\/cisterscapes.eu\/wp-content\/uploads\/2023\/09\/098A1512-Bamberg-Ebracher-Stadthof_Suenderhauf-5.jpg\" rel=\"noreferrer\" data-rel=\"iLightbox[gallery_image_2]\" class=\"fusion-lightbox\" target=\"_self\"><img decoding=\"async\" src=\"https:\/\/cisterscapes.eu\/wp-content\/uploads\/2023\/09\/098A1512-Bamberg-Ebracher-Stadthof_Suenderhauf-5-320x202.jpg\" width=\"320\" height=\"202\" alt=\"\" title=\"098A1512-Bamberg Ebracher Stadthof_S\u00fcnderhauf (5)\" aria-label=\"098A1512-Bamberg Ebracher Stadthof_S\u00fcnderhauf (5)\" class=\"img-responsive wp-image-2901 fusion-gallery-image-size-fixed\" srcset=\"https:\/\/cisterscapes.eu\/wp-content\/uploads\/2023\/09\/098A1512-Bamberg-Ebracher-Stadthof_Suenderhauf-5-320x202.jpg 320w, https:\/\/cisterscapes.eu\/wp-content\/uploads\/2023\/09\/098A1512-Bamberg-Ebracher-Stadthof_Suenderhauf-5-700x441.jpg 700w\" sizes=\"(max-width: 320px) 100vw, 320px\" \/><\/a><\/div><\/div><div style=\"padding:0px;\" class=\"fusion-grid-column fusion-gallery-column fusion-gallery-column-6 hover-type-none awb-gallery-item-hidden\"><div class=\"fusion-gallery-image\"><a href=\"https:\/\/cisterscapes.eu\/wp-content\/uploads\/2023\/09\/098A1512-Bamberg-Ebracher-Stadthof_Suenderhauf-4.jpg\" rel=\"noreferrer\" data-rel=\"iLightbox[gallery_image_2]\" class=\"fusion-lightbox\" target=\"_self\"><img decoding=\"async\" src=\"https:\/\/cisterscapes.eu\/wp-content\/uploads\/2023\/09\/098A1512-Bamberg-Ebracher-Stadthof_Suenderhauf-4-320x202.jpg\" width=\"320\" height=\"202\" alt=\"\" title=\"098A1512-Bamberg Ebracher Stadthof_S\u00fcnderhauf (4)\" aria-label=\"098A1512-Bamberg Ebracher Stadthof_S\u00fcnderhauf (4)\" class=\"img-responsive wp-image-2900 fusion-gallery-image-size-fixed\" srcset=\"https:\/\/cisterscapes.eu\/wp-content\/uploads\/2023\/09\/098A1512-Bamberg-Ebracher-Stadthof_Suenderhauf-4-320x202.jpg 320w, https:\/\/cisterscapes.eu\/wp-content\/uploads\/2023\/09\/098A1512-Bamberg-Ebracher-Stadthof_Suenderhauf-4-700x441.jpg 700w\" sizes=\"(max-width: 320px) 100vw, 320px\" \/><\/a><\/div><\/div><div style=\"padding:0px;\" class=\"fusion-grid-column fusion-gallery-column fusion-gallery-column-6 hover-type-none awb-gallery-item-hidden\"><div class=\"fusion-gallery-image\"><a href=\"https:\/\/cisterscapes.eu\/wp-content\/uploads\/2023\/09\/098A1512-Bamberg-Ebracher-Stadthof_Suenderhauf-2.jpg\" rel=\"noreferrer\" data-rel=\"iLightbox[gallery_image_2]\" class=\"fusion-lightbox\" target=\"_self\"><img decoding=\"async\" src=\"https:\/\/cisterscapes.eu\/wp-content\/uploads\/2023\/09\/098A1512-Bamberg-Ebracher-Stadthof_Suenderhauf-2-320x202.jpg\" width=\"320\" height=\"202\" alt=\"\" title=\"098A1512-Bamberg Ebracher Stadthof_S\u00fcnderhauf (2)\" aria-label=\"098A1512-Bamberg Ebracher Stadthof_S\u00fcnderhauf (2)\" class=\"img-responsive wp-image-2899 fusion-gallery-image-size-fixed\" srcset=\"https:\/\/cisterscapes.eu\/wp-content\/uploads\/2023\/09\/098A1512-Bamberg-Ebracher-Stadthof_Suenderhauf-2-320x202.jpg 320w, https:\/\/cisterscapes.eu\/wp-content\/uploads\/2023\/09\/098A1512-Bamberg-Ebracher-Stadthof_Suenderhauf-2-700x441.jpg 700w\" sizes=\"(max-width: 320px) 100vw, 320px\" \/><\/a><\/div><\/div><div style=\"padding:0px;\" class=\"fusion-grid-column fusion-gallery-column fusion-gallery-column-6 hover-type-none awb-gallery-item-hidden\"><div class=\"fusion-gallery-image\"><a href=\"https:\/\/cisterscapes.eu\/wp-content\/uploads\/2023\/09\/098A1512-Bamberg-Ebracher-Stadthof_Suenderhauf-1.jpg\" rel=\"noreferrer\" data-rel=\"iLightbox[gallery_image_2]\" class=\"fusion-lightbox\" target=\"_self\"><img decoding=\"async\" src=\"https:\/\/cisterscapes.eu\/wp-content\/uploads\/2023\/09\/098A1512-Bamberg-Ebracher-Stadthof_Suenderhauf-1-320x202.jpg\" width=\"320\" height=\"202\" alt=\"\" title=\"098A1512-Bamberg Ebracher Stadthof_S\u00fcnderhauf (1)\" aria-label=\"098A1512-Bamberg Ebracher Stadthof_S\u00fcnderhauf (1)\" class=\"img-responsive wp-image-2898 fusion-gallery-image-size-fixed\" srcset=\"https:\/\/cisterscapes.eu\/wp-content\/uploads\/2023\/09\/098A1512-Bamberg-Ebracher-Stadthof_Suenderhauf-1-320x202.jpg 320w, https:\/\/cisterscapes.eu\/wp-content\/uploads\/2023\/09\/098A1512-Bamberg-Ebracher-Stadthof_Suenderhauf-1-700x441.jpg 700w\" sizes=\"(max-width: 320px) 100vw, 320px\" \/><\/a><\/div><\/div><div class=\"clearfix\"><\/div><\/div><div class=\"fusion-loading-container fusion-clearfix awb-gallery-posts-loading-container\">\n\t\t\t\t<div class=\"fusion-loading-spinner\">\n\t\t\t\t\t<div class=\"fusion-spinner-1\"><\/div>\n\t\t\t\t\t<div class=\"fusion-spinner-2\"><\/div>\n\t\t\t\t\t<div class=\"fusion-spinner-3\"><\/div>\n\t\t\t\t<\/div><div class=\"fusion-loading-msg\"><em>Loading the next set of gallery items...<\/em><\/div><\/div><div class=\"awb-gallery-infinite-scroll-handle is-active\"><\/div><\/div><\/div><\/div><\/div><\/div><div class=\"fusion-fullwidth fullwidth-box fusion-builder-row-9 fusion-flex-container has-pattern-background has-mask-background hundred-percent-fullwidth non-hundred-percent-height-scrolling\" style=\"--awb-border-radius-top-left:0px;--awb-border-radius-top-right:0px;--awb-border-radius-bottom-right:0px;--awb-border-radius-bottom-left:0px;--awb-padding-top:0px;--awb-padding-right:0px;--awb-padding-bottom:0px;--awb-padding-left:0px;--awb-margin-top:0px;--awb-flex-wrap:wrap;\" ><div class=\"fusion-builder-row fusion-row fusion-flex-align-items-stretch fusion-flex-justify-content-center fusion-flex-content-wrap\" style=\"width:calc( 100% + 0px ) !important;max-width:calc( 100% + 0px ) !important;margin-left: calc(-0px \/ 2 );margin-right: calc(-0px \/ 2 );\"><div class=\"fusion-layout-column fusion_builder_column fusion-builder-column-11 fusion_builder_column_1_4 1_4 fusion-flex-column\" style=\"--awb-padding-top:50px;--awb-padding-right:10%;--awb-padding-bottom:50px;--awb-padding-left:10%;--awb-bg-color:var(--awb-color2);--awb-bg-color-hover:var(--awb-color2);--awb-bg-size:cover;--awb-width-large:25%;--awb-margin-top-large:0px;--awb-spacing-right-large:0px;--awb-margin-bottom-large:0px;--awb-spacing-left-large:0px;--awb-width-medium:50%;--awb-order-medium:0;--awb-spacing-right-medium:0px;--awb-spacing-left-medium:0px;--awb-width-small:100%;--awb-order-small:0;--awb-spacing-right-small:0px;--awb-spacing-left-small:0px;\" data-scroll-devices=\"small-visibility,medium-visibility,large-visibility\"><div class=\"fusion-column-wrapper fusion-column-has-shadow fusion-flex-justify-content-flex-start fusion-content-layout-column\"><i class=\"fb-icon-element-1 fb-icon-element fontawesome-icon fa-external-link-alt fas circle-yes\" style=\"--awb-iconcolor:var(--awb-color4);--awb-iconcolor-hover:var(--awb-color5);--awb-circlecolor:rgba(255,255,255,0);--awb-circlecolor-hover:rgba(255,255,255,0);--awb-circlebordercolor:rgba(255,255,255,0);--awb-circlebordercolor-hover:rgba(255,255,255,0);--awb-circlebordersize:1px;--awb-font-size:70.4px;--awb-width:140.8px;--awb-height:140.8px;--awb-line-height:138.8px;--awb-margin-top:0;--awb-margin-right:0;--awb-margin-bottom:0;--awb-margin-left:0;--awb-align-self:center;\"><\/i><div class=\"fusion-separator fusion-full-width-sep\" style=\"align-self: center;margin-left: auto;margin-right: auto;margin-bottom:20px;width:100%;\"><\/div><div class=\"fusion-title title fusion-title-6 fusion-sep-none fusion-title-center fusion-title-text fusion-title-size-three\"><h3 class=\"fusion-title-heading title-heading-center fusion-responsive-typography-calculated\" style=\"margin:0;--fontSize:32;line-height:1.4;\">More info&#8230;<\/h3><\/div><div class=\"fusion-separator fusion-full-width-sep\" style=\"align-self: center;margin-left: auto;margin-right: auto;margin-bottom:20px;width:100%;\"><\/div><div class=\"fusion-text fusion-text-6\" style=\"--awb-font-size:26px;--awb-line-height:var(--awb-typography2-line-height);--awb-letter-spacing:var(--awb-typography2-letter-spacing);--awb-text-transform:none;--awb-text-color:var(--awb-color4);--awb-text-font-family:&quot;Source Sans Pro&quot;;--awb-text-font-style:normal;--awb-text-font-weight:600;\"><p style=\"text-align: center;\"><a href=\"http:\/\/www.ebrach.de\/\" target=\"_blank\" rel=\"noopener\">www.ebrach.de<\/a><\/p>\n<\/div><div class=\"fusion-separator fusion-full-width-sep\" style=\"align-self: center;margin-left: auto;margin-right: auto;margin-bottom:20px;width:100%;\"><\/div><div class=\"fusion-text fusion-text-7\" style=\"--awb-font-size:26px;--awb-line-height:var(--awb-typography2-line-height);--awb-letter-spacing:var(--awb-typography2-letter-spacing);--awb-text-transform:none;--awb-text-color:var(--awb-color4);--awb-text-font-family:&quot;Source Sans 3&quot;;--awb-text-font-style:normal;--awb-text-font-weight:600;\"><p style=\"text-align: center;\"><a href=\"https:\/\/www.burgwindheim.de\/\" target=\"_blank\" rel=\"noopener\">www.burgwindheim.de<\/a><br \/>\n<a href=\"https:\/\/kloster.neustadt-aisch.de\/die-zisterzienser\" target=\"_blank\" rel=\"noopener\">www.kloster.neustadt-aisch.de<\/a><br \/>\n<a href=\"https:\/\/www.knetzgau.de\/index.php?id=16356\" target=\"_blank\" rel=\"noopener\">www.knetzgau.de<\/a><br \/>\n<a href=\"https:\/\/www.schloss-sulzheim.de\/\" target=\"_blank\" rel=\"noopener\">www.schloss-sulzheim.de<\/a><br \/>\n<a href=\"https:\/\/seniorenheim-ebracher-hof.de\/\" target=\"_blank\" rel=\"noopener\">www.seniorenheim-ebracher-hof.de<\/a><br \/>\n<a href=\"https:\/\/www.kirchenburgmuseum.de\/\" target=\"_blank\" rel=\"noopener\">www.kirchenburgmuseum.de<\/a><\/p>\n<\/div><div class=\"fusion-separator fusion-full-width-sep\" style=\"align-self: center;margin-left: auto;margin-right: auto;margin-bottom:20px;width:100%;\"><\/div><div style=\"text-align:center;\"><a class=\"fusion-button button-flat button-xlarge button-custom fusion-button-default button-6 fusion-button-span-yes fusion-button-default-type\" style=\"--button_accent_color:var(--awb-color1);--button_accent_hover_color:var(--awb-color1);--button_border_hover_color:var(--awb-color1);--button_gradient_top_color:var(--awb-color4);--button_gradient_bottom_color:var(--awb-color4);--button_gradient_top_color_hover:var(--awb-color7);--button_gradient_bottom_color_hover:var(--awb-color7);--button_margin-right:10px;width:calc(100% - 10px);\" target=\"_self\" href=\"https:\/\/cisterscapes.eu\/en\/downloads\/#klosterlandschaften\"><span class=\"fusion-button-text awb-button__text awb-button__text--default\">Inventory report<\/span><\/a><\/div><div class=\"fusion-separator fusion-full-width-sep\" style=\"align-self: center;margin-left: auto;margin-right: auto;margin-bottom:20px;width:100%;\"><\/div><div style=\"text-align:center;\"><a class=\"fusion-button button-flat button-xlarge button-custom fusion-button-default button-7 fusion-button-span-yes fusion-button-default-type\" style=\"--button_accent_color:var(--awb-color1);--button_accent_hover_color:var(--awb-color1);--button_border_hover_color:var(--awb-color1);--button_gradient_top_color:var(--awb-color4);--button_gradient_bottom_color:var(--awb-color4);--button_gradient_top_color_hover:var(--awb-color7);--button_gradient_bottom_color_hover:var(--awb-color7);--button_margin-right:10px;width:calc(100% - 10px);\" target=\"_self\" href=\"https:\/\/cisterscapes.arctron.de\/ebrach\/\"><span class=\"fusion-button-text awb-button__text awb-button__text--default\">3D model<\/span><\/a><\/div><\/div><\/div><div class=\"fusion-layout-column fusion_builder_column fusion-builder-column-12 fusion_builder_column_1_4 1_4 fusion-flex-column\" style=\"--awb-padding-top:50px;--awb-padding-right:10%;--awb-padding-bottom:50px;--awb-padding-left:10%;--awb-bg-color:var(--awb-color2);--awb-bg-color-hover:var(--awb-color2);--awb-bg-size:cover;--awb-width-large:25%;--awb-margin-top-large:0px;--awb-spacing-right-large:0px;--awb-margin-bottom-large:0px;--awb-spacing-left-large:0px;--awb-width-medium:50%;--awb-order-medium:1;--awb-spacing-right-medium:0px;--awb-spacing-left-medium:0px;--awb-width-small:100%;--awb-order-small:0;--awb-spacing-right-small:0px;--awb-spacing-left-small:0px;\" data-scroll-devices=\"small-visibility,medium-visibility,large-visibility\"><div class=\"fusion-column-wrapper fusion-column-has-shadow fusion-flex-justify-content-flex-start fusion-content-layout-column\"><i class=\"fb-icon-element-2 fb-icon-element fontawesome-icon fa-cloud-download-alt fas circle-yes\" style=\"--awb-iconcolor:var(--awb-color4);--awb-iconcolor-hover:var(--awb-color5);--awb-circlecolor:rgba(255,255,255,0);--awb-circlecolor-hover:rgba(255,255,255,0);--awb-circlebordercolor:rgba(255,255,255,0);--awb-circlebordercolor-hover:rgba(255,255,255,0);--awb-circlebordersize:1px;--awb-font-size:70.4px;--awb-width:140.8px;--awb-height:140.8px;--awb-line-height:138.8px;--awb-margin-top:0;--awb-margin-right:0;--awb-margin-bottom:0;--awb-margin-left:0;--awb-align-self:center;\"><\/i><div class=\"fusion-separator fusion-full-width-sep\" style=\"align-self: center;margin-left: auto;margin-right: auto;margin-bottom:20px;width:100%;\"><\/div><div class=\"fusion-title title fusion-title-7 fusion-sep-none fusion-title-center fusion-title-text fusion-title-size-three\"><h3 class=\"fusion-title-heading title-heading-center fusion-responsive-typography-calculated\" style=\"margin:0;--fontSize:32;line-height:1.4;\">Downloads hiking trails<\/h3><\/div><div class=\"fusion-separator fusion-full-width-sep\" style=\"align-self: center;margin-left: auto;margin-right: auto;margin-bottom:20px;width:100%;\"><\/div><div class=\"fusion-text fusion-text-8\" style=\"--awb-font-size:26px;--awb-line-height:var(--awb-typography2-line-height);--awb-letter-spacing:var(--awb-typography2-letter-spacing);--awb-text-transform:none;--awb-text-color:var(--awb-color4);--awb-text-font-family:&quot;Source Sans 3&quot;;--awb-text-font-style:normal;--awb-text-font-weight:600;\"><p style=\"text-align: center;\">Bamberg (D)-Ebrach (D)<\/p>\n<\/div><div class=\"fusion-builder-row fusion-builder-row-inner fusion-row fusion-flex-align-items-stretch fusion-flex-justify-content-center fusion-flex-content-wrap\" style=\"width:calc( 100% + 0px ) !important;max-width:calc( 100% + 0px ) !important;margin-left: calc(-0px \/ 2 );margin-right: calc(-0px \/ 2 );\"><div class=\"fusion-layout-column fusion_builder_column_inner fusion-builder-nested-column-5 fusion_builder_column_inner_1_3 1_3 fusion-flex-column\" style=\"--awb-bg-size:cover;--awb-width-large:33.333333333333%;--awb-margin-top-large:0px;--awb-spacing-right-large:0px;--awb-margin-bottom-large:0px;--awb-spacing-left-large:0px;--awb-width-medium:100%;--awb-order-medium:0;--awb-spacing-right-medium:0px;--awb-spacing-left-medium:0px;--awb-width-small:100%;--awb-order-small:0;--awb-spacing-right-small:0px;--awb-spacing-left-small:0px;\"><div class=\"fusion-column-wrapper fusion-column-has-shadow fusion-flex-justify-content-flex-start fusion-content-layout-column\"><a class=\"fb-icon-element-3 fb-icon-element fontawesome-icon fa-map-marked fas circle-yes fusion-link\" style=\"--awb-iconcolor:var(--awb-color4);--awb-iconcolor-hover:var(--awb-color5);--awb-circlecolor:rgba(255,255,255,0);--awb-circlecolor-hover:rgba(255,255,255,0);--awb-circlebordercolor:rgba(255,255,255,0);--awb-circlebordercolor-hover:rgba(255,255,255,0);--awb-circlebordersize:1px;--awb-font-size:52.8px;--awb-width:105.6px;--awb-height:105.6px;--awb-line-height:103.6px;--awb-margin-top:0;--awb-margin-right:0;--awb-margin-bottom:0;--awb-margin-left:0;--awb-align-self:center;\" href=\"https:\/\/cisterscapes.eu\/wp-content\/uploads\/2023\/08\/WdZ-Bamberg_Ebrach-eL.gpx\" target=\"_blank\" aria-label=\"Link to https:\/\/cisterscapes.eu\/wp-content\/uploads\/2023\/08\/WdZ-Bamberg_Ebrach-eL.gpx\" rel=\"noopener noreferrer\"><\/a><div class=\"fusion-text fusion-text-9\" style=\"--awb-text-color:var(--awb-color4);\"><p style=\"text-align: center;\"><strong>GPX eL<\/strong><\/p>\n<\/div><\/div><\/div><div class=\"fusion-layout-column fusion_builder_column_inner fusion-builder-nested-column-6 fusion_builder_column_inner_1_3 1_3 fusion-flex-column\" style=\"--awb-bg-size:cover;--awb-width-large:33.333333333333%;--awb-margin-top-large:0px;--awb-spacing-right-large:0px;--awb-margin-bottom-large:0px;--awb-spacing-left-large:0px;--awb-width-medium:100%;--awb-order-medium:0;--awb-spacing-right-medium:0px;--awb-spacing-left-medium:0px;--awb-width-small:100%;--awb-order-small:0;--awb-spacing-right-small:0px;--awb-spacing-left-small:0px;\"><div class=\"fusion-column-wrapper fusion-column-has-shadow fusion-flex-justify-content-flex-start fusion-content-layout-column\"><a class=\"fb-icon-element-4 fb-icon-element fontawesome-icon fa-route fas circle-yes fusion-link\" style=\"--awb-iconcolor:var(--awb-color4);--awb-iconcolor-hover:var(--awb-color5);--awb-circlecolor:rgba(255,255,255,0);--awb-circlecolor-hover:rgba(255,255,255,0);--awb-circlebordercolor:rgba(255,255,255,0);--awb-circlebordercolor-hover:rgba(255,255,255,0);--awb-circlebordersize:1px;--awb-font-size:52.8px;--awb-width:105.6px;--awb-height:105.6px;--awb-line-height:103.6px;--awb-margin-top:0;--awb-margin-right:0;--awb-margin-bottom:0;--awb-margin-left:0;--awb-align-self:center;\" href=\"https:\/\/cisterscapes.eu\/wp-content\/uploads\/2023\/08\/WdZ-Bamberg-Ebrach-multi.gpx\" target=\"_blank\" aria-label=\"Link to https:\/\/cisterscapes.eu\/wp-content\/uploads\/2023\/08\/WdZ-Bamberg-Ebrach-multi.gpx\" rel=\"noopener noreferrer\"><\/a><div class=\"fusion-text fusion-text-10\" style=\"--awb-text-color:var(--awb-color4);\"><p style=\"text-align: center;\"><strong>GPX multi<\/strong><\/p>\n<\/div><\/div><\/div><div class=\"fusion-layout-column fusion_builder_column_inner fusion-builder-nested-column-7 fusion_builder_column_inner_1_3 1_3 fusion-flex-column\" style=\"--awb-bg-size:cover;--awb-width-large:33.333333333333%;--awb-margin-top-large:0px;--awb-spacing-right-large:0px;--awb-margin-bottom-large:0px;--awb-spacing-left-large:0px;--awb-width-medium:100%;--awb-order-medium:0;--awb-spacing-right-medium:0px;--awb-spacing-left-medium:0px;--awb-width-small:100%;--awb-order-small:0;--awb-spacing-right-small:0px;--awb-spacing-left-small:0px;\"><div class=\"fusion-column-wrapper fusion-column-has-shadow fusion-flex-justify-content-flex-start fusion-content-layout-column\"><a class=\"fb-icon-element-5 fb-icon-element fontawesome-icon fa-file-pdf fas circle-yes fusion-link\" style=\"--awb-iconcolor:var(--awb-color4);--awb-iconcolor-hover:var(--awb-color5);--awb-circlecolor:rgba(255,255,255,0);--awb-circlecolor-hover:rgba(255,255,255,0);--awb-circlebordercolor:rgba(255,255,255,0);--awb-circlebordercolor-hover:rgba(255,255,255,0);--awb-circlebordersize:1px;--awb-font-size:52.8px;--awb-width:105.6px;--awb-height:105.6px;--awb-line-height:103.6px;--awb-margin-top:0;--awb-margin-right:0;--awb-margin-bottom:0;--awb-margin-left:0;--awb-align-self:center;\" href=\"https:\/\/cisterscapes.eu\/wp-content\/uploads\/2023\/08\/Bamberg-Ebrach-2022.pdf\" target=\"_blank\" aria-label=\"Link to https:\/\/cisterscapes.eu\/wp-content\/uploads\/2023\/08\/Bamberg-Ebrach-2022.pdf\" rel=\"noopener noreferrer\"><\/a><div class=\"fusion-text fusion-text-11\" style=\"--awb-text-color:var(--awb-color4);\"><p style=\"text-align: center;\"><strong>PDF cards<\/strong><\/p>\n<\/div><\/div><\/div><\/div><div class=\"fusion-separator\" style=\"align-self: center;margin-left: auto;margin-right: auto;margin-top:20px;margin-bottom:40px;width:100%;max-width:50%;\"><div class=\"fusion-separator-border sep-single sep-solid\" style=\"--awb-height:20px;--awb-amount:20px;--awb-sep-color:var(--awb-color8);border-color:var(--awb-color8);border-top-width:2px;\"><\/div><\/div><div class=\"fusion-text fusion-text-12\" style=\"--awb-font-size:26px;--awb-line-height:var(--awb-typography2-line-height);--awb-letter-spacing:var(--awb-typography2-letter-spacing);--awb-text-transform:none;--awb-text-color:var(--awb-color4);--awb-text-font-family:&quot;Source Sans 3&quot;;--awb-text-font-style:normal;--awb-text-font-weight:600;\"><p class=\"fusion-responsive-typography-calculated\" style=\"text-align: center;\" data-fontsize=\"22\" data-lineheight=\"30.799999px\">Ebrach (D)-W\u00fcrzburg (D)<\/p>\n<\/div><div class=\"fusion-builder-row fusion-builder-row-inner fusion-row fusion-flex-align-items-stretch fusion-flex-justify-content-center fusion-flex-content-wrap\" style=\"width:calc( 100% + 0px ) !important;max-width:calc( 100% + 0px ) !important;margin-left: calc(-0px \/ 2 );margin-right: calc(-0px \/ 2 );\"><div class=\"fusion-layout-column fusion_builder_column_inner fusion-builder-nested-column-8 fusion_builder_column_inner_1_3 1_3 fusion-flex-column\" style=\"--awb-bg-size:cover;--awb-width-large:33.333333333333%;--awb-margin-top-large:0px;--awb-spacing-right-large:0px;--awb-margin-bottom-large:0px;--awb-spacing-left-large:0px;--awb-width-medium:100%;--awb-order-medium:0;--awb-spacing-right-medium:0px;--awb-spacing-left-medium:0px;--awb-width-small:100%;--awb-order-small:0;--awb-spacing-right-small:0px;--awb-spacing-left-small:0px;\"><div class=\"fusion-column-wrapper fusion-column-has-shadow fusion-flex-justify-content-flex-start fusion-content-layout-column\"><a class=\"fb-icon-element-6 fb-icon-element fontawesome-icon fa-map-marked fas circle-yes fusion-link\" style=\"--awb-iconcolor:var(--awb-color4);--awb-iconcolor-hover:var(--awb-color5);--awb-circlecolor:rgba(255,255,255,0);--awb-circlecolor-hover:rgba(255,255,255,0);--awb-circlebordercolor:rgba(255,255,255,0);--awb-circlebordercolor-hover:rgba(255,255,255,0);--awb-circlebordersize:1px;--awb-font-size:52.8px;--awb-width:105.6px;--awb-height:105.6px;--awb-line-height:103.6px;--awb-margin-top:0;--awb-margin-right:0;--awb-margin-bottom:0;--awb-margin-left:0;--awb-align-self:center;\" href=\"https:\/\/cisterscapes.eu\/wp-content\/uploads\/2023\/08\/WdZ-Ebrach-Wuerzburg-eL.gpx\" target=\"_blank\" aria-label=\"Link to https:\/\/cisterscapes.eu\/wp-content\/uploads\/2023\/08\/WdZ-Ebrach-Wuerzburg-eL.gpx\" rel=\"noopener noreferrer\"><\/a><div class=\"fusion-text fusion-text-13\" style=\"--awb-text-color:var(--awb-color4);\"><p style=\"text-align: center;\"><strong>GPX eL<\/strong><\/p>\n<\/div><\/div><\/div><div class=\"fusion-layout-column fusion_builder_column_inner fusion-builder-nested-column-9 fusion_builder_column_inner_1_3 1_3 fusion-flex-column\" style=\"--awb-bg-size:cover;--awb-width-large:33.333333333333%;--awb-margin-top-large:0px;--awb-spacing-right-large:0px;--awb-margin-bottom-large:0px;--awb-spacing-left-large:0px;--awb-width-medium:100%;--awb-order-medium:0;--awb-spacing-right-medium:0px;--awb-spacing-left-medium:0px;--awb-width-small:100%;--awb-order-small:0;--awb-spacing-right-small:0px;--awb-spacing-left-small:0px;\"><div class=\"fusion-column-wrapper fusion-column-has-shadow fusion-flex-justify-content-flex-start fusion-content-layout-column\"><a class=\"fb-icon-element-7 fb-icon-element fontawesome-icon fa-route fas circle-yes fusion-link\" style=\"--awb-iconcolor:var(--awb-color4);--awb-iconcolor-hover:var(--awb-color5);--awb-circlecolor:rgba(255,255,255,0);--awb-circlecolor-hover:rgba(255,255,255,0);--awb-circlebordercolor:rgba(255,255,255,0);--awb-circlebordercolor-hover:rgba(255,255,255,0);--awb-circlebordersize:1px;--awb-font-size:52.8px;--awb-width:105.6px;--awb-height:105.6px;--awb-line-height:103.6px;--awb-margin-top:0;--awb-margin-right:0;--awb-margin-bottom:0;--awb-margin-left:0;--awb-align-self:center;\" href=\"https:\/\/cisterscapes.eu\/wp-content\/uploads\/2023\/08\/WdZ-Ebrach-Wuerzburg-multi.gpx\" target=\"_blank\" aria-label=\"Link to https:\/\/cisterscapes.eu\/wp-content\/uploads\/2023\/08\/WdZ-Ebrach-Wuerzburg-multi.gpx\" rel=\"noopener noreferrer\"><\/a><div class=\"fusion-text fusion-text-14\" style=\"--awb-text-color:var(--awb-color4);\"><p style=\"text-align: center;\"><strong>GPX multi<\/strong><\/p>\n<\/div><\/div><\/div><div class=\"fusion-layout-column fusion_builder_column_inner fusion-builder-nested-column-10 fusion_builder_column_inner_1_3 1_3 fusion-flex-column\" style=\"--awb-bg-size:cover;--awb-width-large:33.333333333333%;--awb-margin-top-large:0px;--awb-spacing-right-large:0px;--awb-margin-bottom-large:0px;--awb-spacing-left-large:0px;--awb-width-medium:100%;--awb-order-medium:0;--awb-spacing-right-medium:0px;--awb-spacing-left-medium:0px;--awb-width-small:100%;--awb-order-small:0;--awb-spacing-right-small:0px;--awb-spacing-left-small:0px;\"><div class=\"fusion-column-wrapper fusion-column-has-shadow fusion-flex-justify-content-flex-start fusion-content-layout-column\"><a class=\"fb-icon-element-8 fb-icon-element fontawesome-icon fa-file-pdf fas circle-yes fusion-link\" style=\"--awb-iconcolor:var(--awb-color4);--awb-iconcolor-hover:var(--awb-color5);--awb-circlecolor:rgba(255,255,255,0);--awb-circlecolor-hover:rgba(255,255,255,0);--awb-circlebordercolor:rgba(255,255,255,0);--awb-circlebordercolor-hover:rgba(255,255,255,0);--awb-circlebordersize:1px;--awb-font-size:52.8px;--awb-width:105.6px;--awb-height:105.6px;--awb-line-height:103.6px;--awb-margin-top:0;--awb-margin-right:0;--awb-margin-bottom:0;--awb-margin-left:0;--awb-align-self:center;\" href=\"https:\/\/cisterscapes.eu\/wp-content\/uploads\/2023\/08\/Ebrach-Wuerzburg-2023.pdf\" target=\"_blank\" aria-label=\"Link to https:\/\/cisterscapes.eu\/wp-content\/uploads\/2023\/08\/Ebrach-Wuerzburg-2023.pdf\" rel=\"noopener noreferrer\"><\/a><div class=\"fusion-text fusion-text-15\" style=\"--awb-text-color:var(--awb-color4);\"><p style=\"text-align: center;\"><strong>PDF cards<\/strong><\/p>\n<\/div><\/div><\/div><\/div><\/div><\/div><div class=\"fusion-layout-column fusion_builder_column fusion-builder-column-13 fusion_builder_column_1_2 1_2 fusion-flex-column\" style=\"--awb-padding-top:100px;--awb-padding-right:10%;--awb-padding-bottom:100px;--awb-padding-left:10%;--awb-bg-color:var(--awb-color2);--awb-bg-color-hover:var(--awb-color2);--awb-bg-size:cover;--awb-width-large:50%;--awb-margin-top-large:0px;--awb-spacing-right-large:0px;--awb-margin-bottom-large:0px;--awb-spacing-left-large:0px;--awb-width-medium:50%;--awb-order-medium:2;--awb-spacing-right-medium:0px;--awb-spacing-left-medium:0px;--awb-width-small:100%;--awb-order-small:0;--awb-spacing-right-small:0px;--awb-spacing-left-small:0px;\" data-scroll-devices=\"small-visibility,medium-visibility,large-visibility\"><div class=\"fusion-column-wrapper fusion-column-has-shadow fusion-flex-justify-content-flex-start fusion-content-layout-column\"><div class=\"fusion-title title fusion-title-8 fusion-sep-none fusion-title-center fusion-title-text fusion-title-size-three\"><h3 class=\"fusion-title-heading title-heading-center fusion-responsive-typography-calculated\" style=\"margin:0;--fontSize:32;line-height:1.4;\"><strong>SHORT FILM: Locked up &#8211; Historic monastery rooms at Ebrach Prison<\/strong><\/h3><\/div><div class=\"fusion-separator fusion-full-width-sep\" style=\"align-self: center;margin-left: auto;margin-right: auto;margin-bottom:20px;width:100%;\"><\/div><div class=\"fusion-video fusion-selfhosted-video\" style=\"max-width:100%;\"><div class=\"video-wrapper\"><video playsinline=\"true\" width=\"100%\" style=\"object-fit: cover;\" muted=\"true\" poster=\"https:\/\/cisterscapes.eu\/wp-content\/uploads\/2025\/10\/Video_JVA_Ebrach-1.jpg\" preload=\"metadata\" controls=\"1\"><source src=\"https:\/\/cisterscapes.eu\/wp-content\/uploads\/2025\/10\/Eingeschlossen_low.mp4\" type=\"video\/mp4\">Sorry, your browser doesn&#039;t support embedded videos.<\/video><\/div><\/div><div class=\"fusion-separator fusion-full-width-sep\" style=\"align-self: center;margin-left: auto;margin-right: auto;margin-bottom:20px;width:100%;\"><\/div><div class=\"fusion-text fusion-text-16\"><p>Short movie 4:21 min.<\/p>\n<\/div><\/div><\/div><\/div><\/div><\/p>\n","protected":false},"excerpt":{"rendered":"","protected":false},"author":1,"featured_media":0,"parent":0,"menu_order":0,"comment_status":"closed","ping_status":"closed","template":"100-width.php","meta":{"footnotes":""},"class_list":["post-3099","page","type-page","status-publish","hentry"],"_links":{"self":[{"href":"https:\/\/cisterscapes.eu\/en\/wp-json\/wp\/v2\/pages\/3099","targetHints":{"allow":["GET"]}}],"collection":[{"href":"https:\/\/cisterscapes.eu\/en\/wp-json\/wp\/v2\/pages"}],"about":[{"href":"https:\/\/cisterscapes.eu\/en\/wp-json\/wp\/v2\/types\/page"}],"author":[{"embeddable":true,"href":"https:\/\/cisterscapes.eu\/en\/wp-json\/wp\/v2\/users\/1"}],"replies":[{"embeddable":true,"href":"https:\/\/cisterscapes.eu\/en\/wp-json\/wp\/v2\/comments?post=3099"}],"version-history":[{"count":0,"href":"https:\/\/cisterscapes.eu\/en\/wp-json\/wp\/v2\/pages\/3099\/revisions"}],"wp:attachment":[{"href":"https:\/\/cisterscapes.eu\/en\/wp-json\/wp\/v2\/media?parent=3099"}],"curies":[{"name":"wp","href":"https:\/\/api.w.org\/{rel}","templated":true}]}}